{"id":4464,"date":"2022-10-28T13:01:36","date_gmt":"2022-10-28T11:01:36","guid":{"rendered":"https:\/\/tordesillasdoctoral.umh.es\/?page_id=4464"},"modified":"2022-11-03T08:29:45","modified_gmt":"2022-11-03T07:29:45","slug":"ponentes","status":"publish","type":"page","link":"https:\/\/tordesillasdoctoral.umh.es\/pt-pt\/ponentes\/","title":{"rendered":"Oradores"},"content":{"rendered":"<p>[et_pb_section fb_built=&#8221;1&#8243; custom_padding_last_edited=&#8221;off|desktop&#8221; admin_label=&#8221;Hero&#8221; _builder_version=&#8221;4.16&#8243; _module_preset=&#8221;default&#8221; use_background_color_gradient=&#8221;on&#8221; background_color_gradient_stops=&#8221;#ffffff 0%|#e7edf9 100%&#8221; background_color_gradient_start=&#8221;#ffffff&#8221; background_color_gradient_end=&#8221;#e7edf9&#8243; custom_margin=&#8221;||-46px|||&#8221; custom_padding=&#8221;100px||100px|&#8221; custom_padding_tablet=&#8221;130px||130px|&#8221; global_colors_info=&#8221;{}&#8221;][et_pb_row column_structure=&#8221;1_2,1_2&#8243; admin_label=&#8221;title and illustration&#8221; _builder_version=&#8221;4.16&#8243; _module_preset=&#8221;default&#8221; background_size=&#8221;initial&#8221; background_position=&#8221;top_left&#8221; background_repeat=&#8221;repeat&#8221; custom_margin=&#8221;|||&#8221; global_colors_info=&#8221;{}&#8221;][et_pb_column type=&#8221;1_2&#8243; _builder_version=&#8221;4.16&#8243; _module_preset=&#8221;default&#8221; custom_padding=&#8221;|||&#8221; global_colors_info=&#8221;{}&#8221; custom_padding__hover=&#8221;|||&#8221;][et_pb_text _builder_version=&#8221;4.16&#8243; _module_preset=&#8221;default&#8221; header_font=&#8221;Merriweather|700|||||||&#8221; header_font_size=&#8221;46px&#8221; header_line_height=&#8221;1.3em&#8221; custom_margin=&#8221;||0px|&#8221; animation_style=&#8221;flip&#8221; animation_direction=&#8221;top&#8221; global_colors_info=&#8221;{}&#8221;]<\/p>\n<h1>Oradores<\/h1>\n<p>[\/et_pb_text][et_pb_divider color=&#8221;#4646c4&#8243; divider_position=&#8221;center&#8221; divider_weight=&#8221;2px&#8221; _builder_version=&#8221;4.16&#8243; _module_preset=&#8221;default&#8221; max_width=&#8221;90px&#8221; max_width_tablet=&#8221;12%&#8221; max_width_last_edited=&#8221;off|desktop&#8221; custom_margin=&#8221;|||&#8221; animation_style=&#8221;flip&#8221; animation_delay=&#8221;50ms&#8221; global_colors_info=&#8221;{}&#8221;][\/et_pb_divider][et_pb_text _builder_version=&#8221;4.17.4&#8243; _module_preset=&#8221;default&#8221; text_font=&#8221;||||||||&#8221; text_font_size=&#8221;12px&#8221; text_line_height=&#8221;1.8em&#8221; custom_margin=&#8221;25px|||&#8221; animation_style=&#8221;flip&#8221; animation_direction=&#8221;top&#8221; animation_delay=&#8221;100ms&#8221; global_colors_info=&#8221;{}&#8221;]<\/p>\n<p><span style=\"font-weight: 400\">*Por ordem de interven\u00e7\u00e3o<\/span><\/p>\n<p>[\/et_pb_text][\/et_pb_column][et_pb_column type=&#8221;1_2&#8243; _builder_version=&#8221;4.16&#8243; _module_preset=&#8221;default&#8221; custom_padding=&#8221;|||&#8221; global_colors_info=&#8221;{}&#8221; custom_padding__hover=&#8221;|||&#8221;][\/et_pb_column][\/et_pb_row][\/et_pb_section][et_pb_section fb_built=&#8221;1&#8243; admin_label=&#8221;Speakers&#8221; _builder_version=&#8221;4.16&#8243; _module_preset=&#8221;default&#8221; custom_padding=&#8221;90px||90px|&#8221; animation_style=&#8221;zoom&#8221; animation_intensity_zoom=&#8221;10%&#8221; global_colors_info=&#8221;{}&#8221;][et_pb_row column_structure=&#8221;1_3,2_3&#8243; disabled_on=&#8221;on|on|on&#8221; _builder_version=&#8221;4.16&#8243; _module_preset=&#8221;default&#8221; custom_margin=&#8221;|||&#8221; custom_padding=&#8221;40px|0px|40px|0px&#8221; disabled=&#8221;on&#8221; global_colors_info=&#8221;{}&#8221;][et_pb_column type=&#8221;1_3&#8243; _builder_version=&#8221;4.16&#8243; _module_preset=&#8221;default&#8221; custom_padding=&#8221;|||&#8221; global_colors_info=&#8221;{}&#8221; custom_padding__hover=&#8221;|||&#8221;][et_pb_image src=&#8221;https:\/\/tordesillasdoctoral.umh.es\/files\/2022\/08\/Innerarity.jpg&#8221; title_text=&#8221;Innerarity&#8221; _builder_version=&#8221;4.17.4&#8243; _module_preset=&#8221;default&#8221; custom_margin=&#8221;|||&#8221; custom_margin_tablet=&#8221;90px|||&#8221; custom_margin_last_edited=&#8221;off|desktop&#8221; always_center_on_mobile=&#8221;off&#8221; locked=&#8221;off&#8221; global_colors_info=&#8221;{}&#8221;][\/et_pb_image][et_pb_social_media_follow _builder_version=&#8221;4.17.4&#8243; _module_preset=&#8221;default&#8221; text_orientation=&#8221;center&#8221; custom_margin=&#8221;|||0px|false|false&#8221; locked=&#8221;off&#8221; global_colors_info=&#8221;{}&#8221;][et_pb_social_media_follow_network social_network=&#8221;twitter&#8221; url=&#8221;https:\/\/twitter.com\/daniinnerarity&#8221; _builder_version=&#8221;4.17.4&#8243; _module_preset=&#8221;default&#8221; background_color=&#8221;#0DA0C5&#8243; background_enable_color=&#8221;on&#8221; global_colors_info=&#8221;{}&#8221; follow_button=&#8221;off&#8221; url_new_window=&#8221;on&#8221;]twitter[\/et_pb_social_media_follow_network][et_pb_social_media_follow_network social_network=&#8221;rss&#8221; url=&#8221;https:\/\/www.danielinnerarity.es\/&#8221; _builder_version=&#8221;4.17.4&#8243; _module_preset=&#8221;default&#8221; background_color=&#8221;#ff8a3c&#8221; global_colors_info=&#8221;{}&#8221; follow_button=&#8221;off&#8221; url_new_window=&#8221;on&#8221;]rss[\/et_pb_social_media_follow_network][\/et_pb_social_media_follow][\/et_pb_column][et_pb_column type=&#8221;2_3&#8243; _builder_version=&#8221;4.16&#8243; _module_preset=&#8221;default&#8221; custom_padding=&#8221;|||&#8221; global_colors_info=&#8221;{}&#8221; custom_padding__hover=&#8221;|||&#8221;][et_pb_text _builder_version=&#8221;4.17.4&#8243; _module_preset=&#8221;default&#8221; text_font=&#8221;||||||||&#8221; text_text_color=&#8221;#7e7f93&#8243; text_font_size=&#8221;18px&#8221; header_font=&#8221;||||||||&#8221; header_3_font=&#8221;Merriweather|700|||||||&#8221; header_3_text_color=&#8221;#4646c4&#8243; header_3_font_size=&#8221;36px&#8221; header_3_line_height=&#8221;1.4em&#8221; locked=&#8221;off&#8221; global_colors_info=&#8221;{}&#8221;]<\/p>\n<h3><span style=\"color: #383567\">Daniel Innerarity<\/span><\/h3>\n<p>Catedr\u00e1tico de filosof\u00eda pol\u00edtica, investigador &#8220;Ikerbasque&#8221; en la Universidad del Pa\u00eds Vasco, director del <a href=\"http:\/\/globernance.org\/\" target=\"_blank\" rel=\"noopener\">Instituto de Gobernanza Democr\u00e1tica<\/a><\/p>\n<p>[\/et_pb_text][et_pb_text _builder_version=&#8221;4.17.4&#8243; _module_preset=&#8221;default&#8221; text_font=&#8221;||||||||&#8221; text_font_size=&#8221;18px&#8221; text_line_height=&#8221;1.8em&#8221; global_colors_info=&#8221;{}&#8221;]<\/p>\n<p style=\"text-align: justify\">Profesor en el Instituto Europeo de Florencia, donde es titular de la c\u00e1tedra Artificial Intelligence &amp; Democracy. Ha sido profesor invitado en diversas universidades europeas y americanas. Ha publicado varios ensayos y es colaborador habitual de opini\u00f3n en El Pa\u00eds, El Correo\/Diario Vasco y La Vanguardia.<\/p>\n<p><strong><\/strong><\/p>\n<ul>\n<li style=\"list-style-type: none\">\n<ul>\n<li><strong>Sesi\u00f3n: <\/strong><em>Conferencia inaugural. <\/em>(7 de noviembre de <strong>11:00<\/strong> a <strong>11:50<\/strong>)<\/li>\n<\/ul>\n<\/li>\n<\/ul>\n<p>[\/et_pb_text][\/et_pb_column][\/et_pb_row][et_pb_row column_structure=&#8221;1_3,2_3&#8243; _builder_version=&#8221;4.16&#8243; _module_preset=&#8221;default&#8221; custom_margin=&#8221;|||&#8221; custom_padding=&#8221;40px|0px|40px|0px&#8221; global_colors_info=&#8221;{}&#8221;][et_pb_column type=&#8221;1_3&#8243; _builder_version=&#8221;4.16&#8243; _module_preset=&#8221;default&#8221; custom_padding=&#8221;|||&#8221; global_colors_info=&#8221;{}&#8221; custom_padding__hover=&#8221;|||&#8221;][et_pb_image src=&#8221;https:\/\/tordesillasdoctoral.umh.es\/files\/2022\/10\/salvador-ordonez.jpg&#8221; title_text=&#8221;salvador-ordonez&#8221; _builder_version=&#8221;4.17.4&#8243; _module_preset=&#8221;default&#8221; custom_margin=&#8221;|||&#8221; custom_margin_tablet=&#8221;90px|||&#8221; custom_margin_last_edited=&#8221;off|desktop&#8221; always_center_on_mobile=&#8221;off&#8221; locked=&#8221;off&#8221; global_colors_info=&#8221;{}&#8221;][\/et_pb_image][\/et_pb_column][et_pb_column type=&#8221;2_3&#8243; _builder_version=&#8221;4.16&#8243; _module_preset=&#8221;default&#8221; custom_padding=&#8221;|||&#8221; global_colors_info=&#8221;{}&#8221; custom_padding__hover=&#8221;|||&#8221;][et_pb_text _builder_version=&#8221;4.17.4&#8243; _module_preset=&#8221;default&#8221; text_font=&#8221;||||||||&#8221; text_text_color=&#8221;#7e7f93&#8243; text_font_size=&#8221;18px&#8221; header_font=&#8221;||||||||&#8221; header_3_font=&#8221;Merriweather|700|||||||&#8221; header_3_text_color=&#8221;#4646c4&#8243; header_3_font_size=&#8221;36px&#8221; header_3_line_height=&#8221;1.4em&#8221; locked=&#8221;off&#8221; global_colors_info=&#8221;{}&#8221;]<\/p>\n<h3><span style=\"color: #383567\">Salvador Ordo\u00f1ez<\/span><\/h3>\n<p>Antigo Secret\u00e1rio para as Universidades e Investiga\u00e7\u00e3o do Governo Espanhol<\/p>\n<p>[\/et_pb_text][et_pb_text _builder_version=&#8221;4.17.4&#8243; _module_preset=&#8221;default&#8221; text_font=&#8221;||||||||&#8221; text_font_size=&#8221;18px&#8221; text_line_height=&#8221;1.8em&#8221; global_colors_info=&#8221;{}&#8221;]<\/p>\n<p style=\"text-align: justify\">Antigo Reitor da Universidade de Alicante (2001-2004), antigo Secret\u00e1rio das Universidades e Investiga\u00e7\u00e3o do Governo Espanhol (2004-2006), antigo Reitor da Universidade Men\u00e9ndez Pelayo (2006-2012). Professor reformado de Petrologia e Geoqu\u00edmica.<\/p>\n<p style=\"text-align: justify\"><strong style=\"font-size: 18px;text-align: left\"><\/strong><\/p>\n<ul>\n<li style=\"text-align: justify\"><strong style=\"font-size: 18px;text-align: left\">Sess\u00e3o: <\/strong>Confer\u00eancia Inaugural: A institui\u00e7\u00e3o universit\u00e1ria, o longo<br \/>caminho entre a transmiss\u00e3o oral e as comunica\u00e7\u00f5es qu\u00e2nticas da<br \/>ci\u00eancia aberta<em style=\"font-size: 18px;text-align: left\">\u00a0<\/em><span style=\"font-size: 18px;text-align: left\">(7 novembro de <\/span><strong style=\"font-size: 18px;text-align: left\">10:45<\/strong><span style=\"font-size: 18px;text-align: left\">\u00a0a <\/span><strong style=\"font-size: 18px;text-align: left\">11:30<\/strong><span style=\"font-size: 18px;text-align: left\">)<\/span><\/li>\n<\/ul>\n<p>[\/et_pb_text][et_pb_toggle title=&#8221;Curriculum vitae completo&#8221; open_toggle_background_color=&#8221;#ededed&#8221; closed_toggle_background_color=&#8221;#ededed&#8221; icon_color=&#8221;#aa4635&#8243; open_icon_color=&#8221;#aa4635&#8243; _builder_version=&#8221;4.17.4&#8243; _module_preset=&#8221;default&#8221; title_font=&#8221;|700|||||||&#8221; border_width_all=&#8221;0px&#8221; global_colors_info=&#8221;{}&#8221;]<\/p>\n<p>\u00c9 licenciado em Ci\u00eancias Geol\u00f3gicas pela Universidade Complutense de Madrid, onde obteve o doutoramento em 1974, com um pr\u00e9mio extraordin\u00e1rio, e leccionou como assistente, professor titular e titular entre 1974 e 1992, quando ingressou na Universidade de Alicante como professor de Petrologia e Geoqu\u00edmica no Departamento de Ci\u00eancias da Terra e do Ambiente. Foi vice-reitor durante sete anos e reitor em exerc\u00edcio da Faculdade de Ci\u00eancias Geol\u00f3gicas da Universidade Complutense. Presidiu ao Col\u00e9gio Oficial de Ge\u00f3logos de Espanha e foi vice-reitor da Faculdade de Ci\u00eancias Biol\u00f3gicas de Alicante.<\/p>\n<p>[\/et_pb_toggle][\/et_pb_column][\/et_pb_row][et_pb_row column_structure=&#8221;1_3,2_3&#8243; _builder_version=&#8221;4.16&#8243; _module_preset=&#8221;default&#8221; custom_margin=&#8221;|||&#8221; custom_padding=&#8221;40px|0px|40px|0px&#8221; global_colors_info=&#8221;{}&#8221;][et_pb_column type=&#8221;1_3&#8243; _builder_version=&#8221;4.16&#8243; _module_preset=&#8221;default&#8221; custom_padding=&#8221;|||&#8221; global_colors_info=&#8221;{}&#8221; custom_padding__hover=&#8221;|||&#8221;][et_pb_image src=&#8221;https:\/\/tordesillasdoctoral.umh.es\/files\/2022\/10\/Bianca-Amaro-Brasil-2.jpg&#8221; title_text=&#8221;Bianca-Amaro&#8212;Brasil-2&#8243; _builder_version=&#8221;4.17.4&#8243; _module_preset=&#8221;default&#8221; custom_margin=&#8221;|||&#8221; custom_margin_tablet=&#8221;90px|||&#8221; custom_margin_last_edited=&#8221;off|desktop&#8221; always_center_on_mobile=&#8221;off&#8221; locked=&#8221;off&#8221; global_colors_info=&#8221;{}&#8221;][\/et_pb_image][et_pb_social_media_follow _builder_version=&#8221;4.17.4&#8243; _module_preset=&#8221;default&#8221; text_orientation=&#8221;center&#8221; locked=&#8221;off&#8221; global_colors_info=&#8221;{}&#8221;][et_pb_social_media_follow_network social_network=&#8221;linkedin&#8221; url=&#8221;https:\/\/br.linkedin.com\/in\/bianca-amaro-openaccess&#8221; _builder_version=&#8221;4.17.4&#8243; _module_preset=&#8221;default&#8221; background_color=&#8221;#007bb6&#8243; global_colors_info=&#8221;{}&#8221; follow_button=&#8221;off&#8221; url_new_window=&#8221;on&#8221;]linkedin[\/et_pb_social_media_follow_network][\/et_pb_social_media_follow][\/et_pb_column][et_pb_column type=&#8221;2_3&#8243; _builder_version=&#8221;4.16&#8243; _module_preset=&#8221;default&#8221; custom_padding=&#8221;|||&#8221; global_colors_info=&#8221;{}&#8221; custom_padding__hover=&#8221;|||&#8221;][et_pb_text _builder_version=&#8221;4.17.4&#8243; _module_preset=&#8221;default&#8221; text_font=&#8221;||||||||&#8221; text_text_color=&#8221;#7e7f93&#8243; text_font_size=&#8221;18px&#8221; header_font=&#8221;||||||||&#8221; header_3_font=&#8221;Merriweather|700|||||||&#8221; header_3_text_color=&#8221;#4646c4&#8243; header_3_font_size=&#8221;36px&#8221; header_3_line_height=&#8221;1.4em&#8221; locked=&#8221;off&#8221; global_colors_info=&#8221;{}&#8221;]<\/p>\n<h3><span style=\"color: #383567\">Bianca Amaro<\/span><\/h3>\n<p>Coordenador do IBICT e Presidente de La Referencia (Brasil)<\/p>\n<p>[\/et_pb_text][et_pb_text _builder_version=&#8221;4.17.4&#8243; _module_preset=&#8221;default&#8221; text_font=&#8221;||||||||&#8221; text_font_size=&#8221;18px&#8221; text_line_height=&#8221;1.8em&#8221; global_colors_info=&#8221;{}&#8221;]<\/p>\n<p>Doutorado em Lingu\u00edstica Aplicada, Coordenador do Programa Brasileiro de Ci\u00eancia Aberta e Presidente da Rede de Reposit\u00f3rios de Acesso Aberto LA Referencia.<\/p>\n<ul>\n<li><strong>Sess\u00e3o:<\/strong> Ci\u00eancia Aberta, al\u00e9m do Acesso Aberto (7 de Novembro das <strong>12:00<\/strong> \u00e0s <strong>13:30<\/strong>)<\/li>\n<\/ul>\n<p>[\/et_pb_text][et_pb_toggle title=&#8221;Curr\u00edculum vitae completo&#8221; open_toggle_background_color=&#8221;#ededed&#8221; closed_toggle_background_color=&#8221;#ededed&#8221; icon_color=&#8221;#aa4635&#8243; open_icon_color=&#8221;#aa4635&#8243; _builder_version=&#8221;4.17.4&#8243; _module_preset=&#8221;default&#8221; title_font=&#8221;|700|||||||&#8221; border_width_all=&#8221;0px&#8221; global_colors_info=&#8221;{}&#8221;]<\/p>\n<p>D. em Lingu\u00edstica Aplicada pela Universidade Pompeu Fabra \/ Espanha e licenciatura em Direito e Letras.<\/p>\n<p>Ela trabalha sobre os seguintes t\u00f3picos: Comunica\u00e7\u00e3o Cient\u00edfica, Direitos de Autor, Acesso Aberto \u00e0 Informa\u00e7\u00e3o Cient\u00edfica e Ci\u00eancia Aberta.<\/p>\n<p>Coordenador do Programa Brasileiro de Acesso Aberto no Instituto Brasileiro de Informa\u00e7\u00e3o em Ci\u00eancia e Tecnologia.<\/p>\n<p>Ela coordena os seguintes sistemas e projectos: Portal de Publica\u00e7\u00f5es Cient\u00edficas em Acesso Aberto (oasisbr); Biblioteca Brasileira de Teses e Disserta\u00e7\u00f5es Digitais (BDTD); e os projectos Open Access Digital Repository and Open Access Scientific Journals of Brazil.<\/p>\n<p>Membro do Comit\u00e9 Director da Confedera\u00e7\u00e3o de Reposit\u00f3rios de Acesso Aberto (COAR). Presidente da Rede de Reposit\u00f3rios de Acesso Livre de Ci\u00eancia &#8211; LA Reference.<\/p>\n<p><span style=\"font-size: 14px\">.<\/span><\/p>\n<p>[\/et_pb_toggle][\/et_pb_column][\/et_pb_row][et_pb_row column_structure=&#8221;1_3,2_3&#8243; _builder_version=&#8221;4.16&#8243; _module_preset=&#8221;default&#8221; custom_margin=&#8221;|auto|18px|auto||&#8221; custom_padding=&#8221;40px|0px|74px|0px||&#8221; global_colors_info=&#8221;{}&#8221;][et_pb_column type=&#8221;1_3&#8243; _builder_version=&#8221;4.16&#8243; _module_preset=&#8221;default&#8221; custom_padding=&#8221;|||&#8221; global_colors_info=&#8221;{}&#8221; custom_padding__hover=&#8221;|||&#8221;][et_pb_image src=&#8221;https:\/\/tordesillasdoctoral.umh.es\/files\/2022\/10\/Cristina-Bojo.jpg&#8221; title_text=&#8221;Cristina-Bojo&#8221; _builder_version=&#8221;4.17.4&#8243; _module_preset=&#8221;default&#8221; custom_margin=&#8221;|||&#8221; custom_margin_tablet=&#8221;90px|||&#8221; custom_margin_last_edited=&#8221;off|desktop&#8221; always_center_on_mobile=&#8221;off&#8221; locked=&#8221;off&#8221; global_colors_info=&#8221;{}&#8221;][\/et_pb_image][\/et_pb_column][et_pb_column type=&#8221;2_3&#8243; _builder_version=&#8221;4.16&#8243; _module_preset=&#8221;default&#8221; custom_padding=&#8221;|||&#8221; global_colors_info=&#8221;{}&#8221; custom_padding__hover=&#8221;|||&#8221;][et_pb_text _builder_version=&#8221;4.17.4&#8243; _module_preset=&#8221;default&#8221; text_font=&#8221;||||||||&#8221; text_text_color=&#8221;#7e7f93&#8243; text_font_size=&#8221;18px&#8221; header_font=&#8221;||||||||&#8221; header_3_font=&#8221;Merriweather|700|||||||&#8221; header_3_text_color=&#8221;#4646c4&#8243; header_3_font_size=&#8221;36px&#8221; header_3_line_height=&#8221;1.4em&#8221; locked=&#8221;off&#8221; global_colors_info=&#8221;{}&#8221;]<\/p>\n<h3><span style=\"color: #383567\">Cristina Bojo<\/span><\/h3>\n<p>Chefe da Coordena\u00e7\u00e3o de Investiga\u00e7\u00e3o do <a href=\"https:\/\/www.isciii.es\/Paginas\/Inicio.aspx\" target=\"_blank\" rel=\"noopener\">Instituto de Salud Carlos III<\/a><\/p>\n<p>[\/et_pb_text][et_pb_text _builder_version=&#8221;4.17.4&#8243; _module_preset=&#8221;default&#8221; text_font=&#8221;||||||||&#8221; text_font_size=&#8221;18px&#8221; text_line_height=&#8221;1.8em&#8221; global_colors_info=&#8221;{}&#8221;]<\/p>\n<ul>\n<li style=\"list-style-type: none\">\n<ul>\n<li style=\"text-align: justify\"><strong>Sess\u00e3o:<\/strong> Ci\u00eancia Aberta, para al\u00e9m do Acesso Aberto (7 de Novembro, <strong>12:00<\/strong> \u00e0s <strong>13:30<\/strong>)<\/li>\n<\/ul>\n<\/li>\n<\/ul>\n<p>[\/et_pb_text][\/et_pb_column][\/et_pb_row][et_pb_row column_structure=&#8221;1_3,2_3&#8243; _builder_version=&#8221;4.16&#8243; _module_preset=&#8221;default&#8221; custom_margin=&#8221;|||&#8221; custom_padding=&#8221;40px|0px|40px|0px&#8221; global_colors_info=&#8221;{}&#8221;][et_pb_column type=&#8221;1_3&#8243; _builder_version=&#8221;4.16&#8243; _module_preset=&#8221;default&#8221; custom_padding=&#8221;|||&#8221; global_colors_info=&#8221;{}&#8221; custom_padding__hover=&#8221;|||&#8221;][et_pb_image src=&#8221;https:\/\/tordesillasdoctoral.umh.es\/files\/2022\/08\/Pilar-Rico.jpg&#8221; title_text=&#8221;Pilar-Rico&#8221; _builder_version=&#8221;4.17.4&#8243; _module_preset=&#8221;default&#8221; custom_margin=&#8221;|||&#8221; custom_margin_tablet=&#8221;90px|||&#8221; custom_margin_last_edited=&#8221;off|desktop&#8221; always_center_on_mobile=&#8221;off&#8221; locked=&#8221;off&#8221; global_colors_info=&#8221;{}&#8221;][\/et_pb_image][et_pb_social_media_follow _builder_version=&#8221;4.17.4&#8243; _module_preset=&#8221;default&#8221; text_orientation=&#8221;center&#8221; locked=&#8221;off&#8221; global_colors_info=&#8221;{}&#8221;][et_pb_social_media_follow_network social_network=&#8221;twitter&#8221; url=&#8221;https:\/\/twitter.com\/PilaRicoCastro&#8221; _builder_version=&#8221;4.17.4&#8243; _module_preset=&#8221;default&#8221; background_color=&#8221;#00aced&#8221; global_colors_info=&#8221;{}&#8221; follow_button=&#8221;off&#8221; url_new_window=&#8221;on&#8221;]twitter[\/et_pb_social_media_follow_network][et_pb_social_media_follow_network social_network=&#8221;linkedin&#8221; url=&#8221;https:\/\/www.linkedin.com\/in\/dr-pilar-rico-castro-a0424517\/&#8221; _builder_version=&#8221;4.17.4&#8243; _module_preset=&#8221;default&#8221; background_color=&#8221;#007bb6&#8243; global_colors_info=&#8221;{}&#8221; follow_button=&#8221;off&#8221; url_new_window=&#8221;on&#8221;]linkedin[\/et_pb_social_media_follow_network][\/et_pb_social_media_follow][\/et_pb_column][et_pb_column type=&#8221;2_3&#8243; _builder_version=&#8221;4.16&#8243; _module_preset=&#8221;default&#8221; custom_padding=&#8221;|||&#8221; global_colors_info=&#8221;{}&#8221; custom_padding__hover=&#8221;|||&#8221;][et_pb_text _builder_version=&#8221;4.17.4&#8243; _module_preset=&#8221;default&#8221; text_font=&#8221;||||||||&#8221; text_text_color=&#8221;#7e7f93&#8243; text_font_size=&#8221;18px&#8221; header_font=&#8221;||||||||&#8221; header_3_font=&#8221;Merriweather|700|||||||&#8221; header_3_text_color=&#8221;#4646c4&#8243; header_3_font_size=&#8221;36px&#8221; header_3_line_height=&#8221;1.4em&#8221; locked=&#8221;off&#8221; global_colors_info=&#8221;{}&#8221;]<\/p>\n<h3><span style=\"color: #383567\">Pilar Rico<\/span><\/h3>\n<p><span style=\"font-weight: 400\">Chefe da Unidade de Acesso Aberto, Reposit\u00f3rios e Revistas da FECYT<\/span><\/p>\n<p>[\/et_pb_text][et_pb_text _builder_version=&#8221;4.17.4&#8243; _module_preset=&#8221;default&#8221; text_font=&#8221;||||||||&#8221; text_font_size=&#8221;18px&#8221; text_line_height=&#8221;1.8em&#8221; global_colors_info=&#8221;{}&#8221;]<\/p>\n<p><span style=\"font-weight: 400\">Doutorada em Governo e Administra\u00e7\u00e3o P\u00fablica na Universidade Complutense de Madrid. \u00c9 chefe da Unidade de Acesso Aberto, Reposit\u00f3rios e Revistas da FECYT, atividade que compagina com a de professora associada na Universidade Nacional de Educa\u00e7\u00e3o \u00e0 Dist\u00e2ncia (UNED).<\/span><\/p>\n<p><span style=\"font-weight: 400\"><\/span><\/p>\n<ul>\n<li><span style=\"font-weight: 400\"><strong>Sess\u00e3o:<\/strong> A ci\u00eancia ao servi\u00e7o da sociedade: estrat\u00e9gias e quadros regulat\u00f3rios. (7 de novembro de <strong>15:30<\/strong> a<strong> 17:30<\/strong>)<\/span><\/li>\n<\/ul>\n<p>[\/et_pb_text][et_pb_toggle title=&#8221;Curr\u00edculum vitae completo&#8221; open_toggle_background_color=&#8221;#ededed&#8221; closed_toggle_background_color=&#8221;#ededed&#8221; icon_color=&#8221;#aa4635&#8243; open_icon_color=&#8221;#aa4635&#8243; _builder_version=&#8221;4.17.4&#8243; _module_preset=&#8221;default&#8221; title_font=&#8221;|700|||||||&#8221; border_width_all=&#8221;0px&#8221; global_colors_info=&#8221;{}&#8221;]<\/p>\n<p><span style=\"font-weight: 400\">Pilar Rico Carrasco \u00e9 doutorada em Governo e Administra\u00e7\u00e3o P\u00fablica na Universidade Complutense de Madrid. \u00c9 a chefe da Unidade de Acesso Aberto, Reposit\u00f3rios e Revistas da FECYT. Nessa posi\u00e7\u00e3o coordena diversos servi\u00e7os de fortalecimento de recursos cient\u00edficos para a comunidade investigadora como o agregador nacional de reposit\u00f3rios de acesso aberto RECOLECTA, a avalia\u00e7\u00e3o de revistas cient\u00edficas e de monografias acad\u00eamicas FECYT e a participa\u00e7\u00e3o da FECYT em iniciativas internacionais como o projeto DIAMAS, a associa\u00e7\u00e3o EOSC, OpenAIRE, OPERAS, COAR e LA Referencia. \u00c9 especialista nacional no Comit\u00e9 de Programa de\u00a0<\/span><i><span style=\"font-weight: 400\">Research Infrastructures, tendo sido<\/span><\/i> <i><span style=\"font-weight: 400\">National Contact Point<\/span><\/i><span style=\"font-weight: 400\">\u00a0(NCP) para\u00a0<\/span><i><span style=\"font-weight: 400\">a Open Science<\/span><\/i><span style=\"font-weight: 400\">\u00a0dentro do programa-quadro europeu Horizonte Europa.<\/span><\/p>\n<p><span style=\"font-weight: 400\">Compagina a sua atividade na FECYT com a sua atividade de professora associada na Universidade Nacional de Educa\u00e7\u00e3o \u00e0 Dist\u00e2ncia (UNED).\u00a0<\/span><\/p>\n<p><span style=\"font-weight: 400\">Compagina su actividad en la FECYT con la de profesora asociada en la Universidad Nacional de Educaci\u00f3n a Distancia (UNED).\u00a0\u00a0<\/span><\/p>\n<p>[\/et_pb_toggle][\/et_pb_column][\/et_pb_row][et_pb_row column_structure=&#8221;1_3,2_3&#8243; _builder_version=&#8221;4.16&#8243; _module_preset=&#8221;default&#8221; custom_margin=&#8221;|||&#8221; custom_padding=&#8221;40px|0px|40px|0px&#8221; global_colors_info=&#8221;{}&#8221;][et_pb_column type=&#8221;1_3&#8243; _builder_version=&#8221;4.16&#8243; _module_preset=&#8221;default&#8221; custom_padding=&#8221;|||&#8221; global_colors_info=&#8221;{}&#8221; custom_padding__hover=&#8221;|||&#8221;][et_pb_image src=&#8221;https:\/\/tordesillasdoctoral.umh.es\/files\/2022\/09\/Sin-titulo-1.jpg&#8221; title_text=&#8221;Sin-t\u00edtulo-1&#8243; _builder_version=&#8221;4.17.4&#8243; _module_preset=&#8221;default&#8221; custom_margin=&#8221;|||&#8221; custom_margin_tablet=&#8221;90px|||&#8221; custom_margin_last_edited=&#8221;off|desktop&#8221; always_center_on_mobile=&#8221;off&#8221; locked=&#8221;off&#8221; global_colors_info=&#8221;{}&#8221;][\/et_pb_image][et_pb_social_media_follow _builder_version=&#8221;4.17.4&#8243; _module_preset=&#8221;default&#8221; text_orientation=&#8221;center&#8221; locked=&#8221;off&#8221; global_colors_info=&#8221;{}&#8221;][et_pb_social_media_follow_network social_network=&#8221;twitter&#8221; url=&#8221;https:\/\/twitter.com\/perdigu&#8221; _builder_version=&#8221;4.17.4&#8243; _module_preset=&#8221;default&#8221; background_color=&#8221;#00aced&#8221; global_colors_info=&#8221;{}&#8221; follow_button=&#8221;off&#8221; url_new_window=&#8221;on&#8221;]twitter[\/et_pb_social_media_follow_network][et_pb_social_media_follow_network social_network=&#8221;rss&#8221; url=&#8221;https:\/\/eperdiguero.umh.es\/&#8221; _builder_version=&#8221;4.17.4&#8243; _module_preset=&#8221;default&#8221; background_color=&#8221;#ff8a3c&#8221; global_colors_info=&#8221;{}&#8221; follow_button=&#8221;off&#8221; url_new_window=&#8221;on&#8221;]rss[\/et_pb_social_media_follow_network][\/et_pb_social_media_follow][\/et_pb_column][et_pb_column type=&#8221;2_3&#8243; _builder_version=&#8221;4.16&#8243; _module_preset=&#8221;default&#8221; custom_padding=&#8221;|||&#8221; global_colors_info=&#8221;{}&#8221; custom_padding__hover=&#8221;|||&#8221;][et_pb_text _builder_version=&#8221;4.17.4&#8243; _module_preset=&#8221;default&#8221; text_font=&#8221;||||||||&#8221; text_text_color=&#8221;#7e7f93&#8243; text_font_size=&#8221;18px&#8221; header_font=&#8221;||||||||&#8221; header_3_font=&#8221;Merriweather|700|||||||&#8221; header_3_text_color=&#8221;#4646c4&#8243; header_3_font_size=&#8221;36px&#8221; header_3_line_height=&#8221;1.4em&#8221; locked=&#8221;off&#8221; global_colors_info=&#8221;{}&#8221;]<\/p>\n<h3><span style=\"color: #383567\">Enrique Perdiguero<\/span><\/h3>\n<p><span style=\"font-weight: 400\">Catedr\u00e1tico de\u00a0<\/span><a href=\"blank\"><span style=\"font-weight: 400\">Hist\u00f3ria da Ci\u00eancia na Universidade Miguel Hern\u00e1ndez<\/span><\/a><span style=\"font-weight: 400\">\u00a0de Elche\u00a0<\/span><\/p>\n<p>[\/et_pb_text][et_pb_text _builder_version=&#8221;4.17.4&#8243; _module_preset=&#8221;default&#8221; text_font=&#8221;||||||||&#8221; text_font_size=&#8221;18px&#8221; text_line_height=&#8221;1.8em&#8221; global_colors_info=&#8221;{}&#8221;]<\/p>\n<p><span style=\"font-weight: 400\">Dirige a sede do Instituto Interuniversit\u00e1rio L\u00f3pez Pi\u00f1ero de Estudos Hist\u00f3ricos e Sociais sobre Ci\u00eancia, Tecnologia, Medicina e Meio Ambiente na UMH. \u00c9 coordenador do Programa Interuniversit\u00e1rio de Doutoramento em Estudos Hist\u00f3ricos e Sociais sobre Ci\u00eancia, Medicina e Comunica\u00e7\u00e3o Cient\u00edfica na UMH.<\/span><\/p>\n<p><span style=\"font-weight: 400\"><\/span><\/p>\n<ul>\n<li style=\"font-weight: 400\"><span style=\"font-weight: 400\"><strong>Sess\u00e3o:<\/strong> Ci\u00eancia Aberta, para al\u00e9m do Open Access (7 de novembro das <strong>12:30<\/strong> \u00e0s <strong>14:00<\/strong>)<\/span><\/li>\n<\/ul>\n<p>[\/et_pb_text][et_pb_toggle title=&#8221;Curr\u00edculum vitae completo&#8221; open_toggle_background_color=&#8221;#ededed&#8221; closed_toggle_background_color=&#8221;#ededed&#8221; icon_color=&#8221;#aa4635&#8243; open_icon_color=&#8221;#aa4635&#8243; _builder_version=&#8221;4.17.4&#8243; _module_preset=&#8221;default&#8221; title_font=&#8221;|700|||||||&#8221; border_width_all=&#8221;0px&#8221; global_colors_info=&#8221;{}&#8221;]<\/p>\n<p><span style=\"font-weight: 400\">O Enrique Perdiguero Gil \u00e9 Catedr\u00e1tico de Hist\u00f3ria da Ci\u00eancia na Universidade Miguel Hern\u00e1ndez de Elche (UMH). Dirige a sede do Instituto Interuniversit\u00e1rio L\u00f3pez Pi\u00f1ero de Estudos Hist\u00f3ricos e Sociais sobre Ci\u00eancia, Tecnologia, Medicina e Meio Ambiente na UMH. \u00c9 coordenador do Programa Interuniversit\u00e1rio de Doutoramento em Estudos Hist\u00f3ricos e Sociais sobre Ci\u00eancia, Medicina e Comunica\u00e7\u00e3o Cient\u00edfica na UMH, no qual codirigiu uma tese sobre publica\u00e7\u00e3o em Acesso Aberto, que deu origem a v\u00e1rios artigos. A sua rela\u00e7\u00e3o com a informa\u00e7\u00e3o cient\u00edfica fundamenta-se sobretudo na vertente docente, pois \u00e9 respons\u00e1vel pelo ensino de habilidades relacionadas com a pesquisa de informa\u00e7\u00e3o no Grau de Medicina, em diversos masters e t\u00edtulos pr\u00f3prios da UMH, assim como no complemento formativo oferecido sobre a mat\u00e9ria a todos os alunos dos programas do Doutoramento da UMH. Nos \u00faltimos anos, a sua vertente investigadora centrou-se no estudo de diversos aspetos relacionados com a sa\u00fade e a doen\u00e7a durante a Ditadura do General Franco e a Transi\u00e7\u00e3o Democr\u00e1tica: educa\u00e7\u00e3o da sa\u00fade, populariza\u00e7\u00e3o da medicina, desenvolvimento do Seguro Obrigat\u00f3rio de Doen\u00e7as, Reforma do Sistema de Sa\u00fade e a constru\u00e7\u00e3o do cancro como problema social.<\/span><\/p>\n<p>[\/et_pb_toggle][\/et_pb_column][\/et_pb_row][et_pb_row column_structure=&#8221;1_3,2_3&#8243; _builder_version=&#8221;4.16&#8243; _module_preset=&#8221;default&#8221; custom_margin=&#8221;|||&#8221; custom_padding=&#8221;40px|0px|40px|0px&#8221; global_colors_info=&#8221;{}&#8221;][et_pb_column type=&#8221;1_3&#8243; _builder_version=&#8221;4.16&#8243; _module_preset=&#8221;default&#8221; custom_padding=&#8221;|||&#8221; global_colors_info=&#8221;{}&#8221; custom_padding__hover=&#8221;|||&#8221;][et_pb_image src=&#8221;https:\/\/tordesillasdoctoral.umh.es\/files\/2022\/08\/Cristina-Gonzalez.jpg&#8221; title_text=&#8221;Cristina-Gonz\u00e1lez&#8221; _builder_version=&#8221;4.17.4&#8243; _module_preset=&#8221;default&#8221; custom_margin=&#8221;|||&#8221; custom_margin_tablet=&#8221;90px|||&#8221; custom_margin_last_edited=&#8221;off|desktop&#8221; always_center_on_mobile=&#8221;off&#8221; locked=&#8221;off&#8221; global_colors_info=&#8221;{}&#8221;][\/et_pb_image][et_pb_social_media_follow _builder_version=&#8221;4.17.4&#8243; _module_preset=&#8221;default&#8221; text_orientation=&#8221;center&#8221; locked=&#8221;off&#8221; global_colors_info=&#8221;{}&#8221;][et_pb_social_media_follow_network social_network=&#8221;twitter&#8221; url=&#8221;https:\/\/twitter.com\/copeirocristina&#8221; _builder_version=&#8221;4.17.4&#8243; _module_preset=&#8221;default&#8221; background_color=&#8221;#0DA0C5&#8243; background_enable_color=&#8221;on&#8221; global_colors_info=&#8221;{}&#8221; follow_button=&#8221;off&#8221; url_new_window=&#8221;on&#8221;]twitter[\/et_pb_social_media_follow_network][et_pb_social_media_follow_network social_network=&#8221;linkedin&#8221; url=&#8221;https:\/\/es.linkedin.com\/in\/cristina-gonz%C3%A1lez-copeiro-del-864a64130&#8243; _builder_version=&#8221;4.17.4&#8243; _module_preset=&#8221;default&#8221; background_color=&#8221;#007bb6&#8243; global_colors_info=&#8221;{}&#8221; follow_button=&#8221;off&#8221; url_new_window=&#8221;on&#8221;]linkedin[\/et_pb_social_media_follow_network][\/et_pb_social_media_follow][\/et_pb_column][et_pb_column type=&#8221;2_3&#8243; _builder_version=&#8221;4.16&#8243; _module_preset=&#8221;default&#8221; custom_padding=&#8221;|||&#8221; global_colors_info=&#8221;{}&#8221; custom_padding__hover=&#8221;|||&#8221;][et_pb_text _builder_version=&#8221;4.17.4&#8243; _module_preset=&#8221;default&#8221; text_font=&#8221;||||||||&#8221; text_text_color=&#8221;#7e7f93&#8243; text_font_size=&#8221;18px&#8221; header_font=&#8221;||||||||&#8221; header_3_font=&#8221;Merriweather|700|||||||&#8221; header_3_text_color=&#8221;#4646c4&#8243; header_3_font_size=&#8221;36px&#8221; header_3_line_height=&#8221;1.4em&#8221; locked=&#8221;off&#8221; global_colors_info=&#8221;{}&#8221;]<\/p>\n<h3><span style=\"color: #383567\">Cristina Gonz\u00e1lez<\/span><\/h3>\n<p><span style=\"font-weight: 400\">Diretora do <a href=\"https:\/\/www.fecyt.es\/\" target=\"_blank\" rel=\"noopener\">Departamento de Gest\u00e3o da Informa\u00e7\u00e3o Cient\u00edfica da FECYT<\/a><\/span><\/p>\n<p>[\/et_pb_text][et_pb_text _builder_version=&#8221;4.17.4&#8243; _module_preset=&#8221;default&#8221; text_font=&#8221;||||||||&#8221; text_font_size=&#8221;18px&#8221; text_line_height=&#8221;1.8em&#8221; global_colors_info=&#8221;{}&#8221;]<\/p>\n<p><span style=\"font-weight: 400\">Diretora do Departamento de Gest\u00e3o da Informa\u00e7\u00e3o Cient\u00edfica na Funda\u00e7\u00e3o Espanhola para a Ci\u00eancia e Tecnologia, que se dedica a proporcionar infraestruturas e servi\u00e7os ao sistema espanhol da Ci\u00eancia e tecnologia que ajudem a fomentar uma investiga\u00e7\u00e3o cient\u00edfica de excel\u00eancia.<\/span><\/p>\n<ul>\n<li><span style=\"font-weight: 400\"><strong>Sess\u00e3o:<\/strong> A ci\u00eancia ao servi\u00e7o da sociedade: estrat\u00e9gias e quadros regulat\u00f3rios. (7 de novembro de <strong>15:30<\/strong> a <strong>17:30<\/strong>)<\/span><\/li>\n<li style=\"list-style-type: none\">\n<ul><\/ul>\n<\/li>\n<\/ul>\n<p>[\/et_pb_text][et_pb_toggle title=&#8221;Curr\u00edculum vitae completo&#8221; open_toggle_background_color=&#8221;#ededed&#8221; closed_toggle_background_color=&#8221;#ededed&#8221; icon_color=&#8221;#aa4635&#8243; open_icon_color=&#8221;#aa4635&#8243; _builder_version=&#8221;4.17.4&#8243; _module_preset=&#8221;default&#8221; title_font=&#8221;|700|||||||&#8221; border_width_all=&#8221;0px&#8221; global_colors_info=&#8221;{}&#8221;]<\/p>\n<p><span style=\"font-weight: 400\">Entre 1992 e 2001 trabalhou durante 9 anos no setor privado a desenvolver tarefas de documenta\u00e7\u00e3o em meios de comunica\u00e7\u00e3o.\u00a0<\/span><\/p>\n<p><span style=\"font-weight: 400\">Trabalha desde 2002 no setor p\u00fablico a gerir projetos e servi\u00e7os do sistema de I+D+i, primeiro na ANEP (Ag\u00eancia Nacional de Avalia\u00e7\u00e3o e Prospetiva)\u00a0 e atualmente desde 2003 na Funda\u00e7\u00e3o Espanhola para a Ci\u00eancia e Tecnologia, onde desempenha atualmente o\u00a0cargo de Diretora do Departamento de Gest\u00e3o da Informa\u00e7\u00e3o Cient\u00edfica que se dedica a proporcionar infraestruturas e servi\u00e7os ao sistema espanhol de Ci\u00eancia e Tecnologia, que ajudem a fomentar uma investiga\u00e7\u00e3o cient\u00edfica de excel\u00eancia, aos investigadores, a todas as institui\u00e7\u00f5es do sistema de I+D+i como centros de investiga\u00e7\u00e3o, tecnol\u00f3gicos, universidades, centros de investiga\u00e7\u00e3o na \u00e1rea da sa\u00fade, assim como aos gestores e avaliadores de pol\u00edticas de I+D+i.<\/span><\/p>\n<p>[\/et_pb_toggle][\/et_pb_column][\/et_pb_row][et_pb_row column_structure=&#8221;1_3,2_3&#8243; _builder_version=&#8221;4.16&#8243; _module_preset=&#8221;default&#8221; custom_margin=&#8221;|||&#8221; custom_padding=&#8221;40px|0px|40px|0px&#8221; global_colors_info=&#8221;{}&#8221;][et_pb_column type=&#8221;1_3&#8243; _builder_version=&#8221;4.16&#8243; _module_preset=&#8221;default&#8221; custom_padding=&#8221;|||&#8221; global_colors_info=&#8221;{}&#8221; custom_padding__hover=&#8221;|||&#8221;][et_pb_image src=&#8221;https:\/\/tordesillasdoctoral.umh.es\/files\/2022\/08\/Eloy-Rodrigues.jpg&#8221; title_text=&#8221;Eloy-Rodrigues&#8221; _builder_version=&#8221;4.17.4&#8243; _module_preset=&#8221;default&#8221; custom_margin=&#8221;|||&#8221; custom_margin_tablet=&#8221;90px|||&#8221; custom_margin_last_edited=&#8221;off|desktop&#8221; always_center_on_mobile=&#8221;off&#8221; locked=&#8221;off&#8221; global_colors_info=&#8221;{}&#8221;][\/et_pb_image][\/et_pb_column][et_pb_column type=&#8221;2_3&#8243; _builder_version=&#8221;4.16&#8243; _module_preset=&#8221;default&#8221; custom_padding=&#8221;|||&#8221; global_colors_info=&#8221;{}&#8221; custom_padding__hover=&#8221;|||&#8221;][et_pb_text _builder_version=&#8221;4.17.4&#8243; _module_preset=&#8221;default&#8221; text_font=&#8221;||||||||&#8221; text_text_color=&#8221;#7e7f93&#8243; text_font_size=&#8221;18px&#8221; header_font=&#8221;||||||||&#8221; header_3_font=&#8221;Merriweather|700|||||||&#8221; header_3_text_color=&#8221;#4646c4&#8243; header_3_font_size=&#8221;36px&#8221; header_3_line_height=&#8221;1.4em&#8221; locked=&#8221;off&#8221; global_colors_info=&#8221;{}&#8221;]<\/p>\n<h3><span style=\"color: #383567\">Eloy Rodrigues<\/span><\/h3>\n<p><span style=\"font-weight: 400\">Diretor de<a href=\"http:\/\/www.sdum.uminho.pt\/\" target=\"_blank\" rel=\"noopener\"> Servi\u00e7os de Documenta\u00e7\u00e3o e Bibliotecas Universidade do Minho<\/a> (Portugal) <\/span><\/p>\n<p>[\/et_pb_text][et_pb_text _builder_version=&#8221;4.17.4&#8243; _module_preset=&#8221;default&#8221; text_font=&#8221;||||||||&#8221; text_font_size=&#8221;18px&#8221; text_line_height=&#8221;1.8em&#8221; global_colors_info=&#8221;{}&#8221;]<\/p>\n<p><span style=\"font-weight: 400\">\u00c9 membro do Expert Group on Science 2.0\/Open Science de EUA (European Universities Association) e coordenou a participa\u00e7\u00e3o da UMinho em v\u00e1rios projetos (como OpenAIRE ou FOSTER) financiados pela Uni\u00e3o Europeia relacionados com os reposit\u00f3rios e o acesso aberto.<\/span><\/p>\n<p><span style=\"font-weight: 400\"><\/span><\/p>\n<ul>\n<li><span style=\"font-weight: 400\"><strong>Sess\u00e3o:<\/strong> A ci\u00eancia ao servi\u00e7o da sociedade: estrat\u00e9gias e quadros regulat\u00f3rios. (7 de novembro de <strong>15:30<\/strong> a <strong>17:30<\/strong>)<\/span><\/li>\n<\/ul>\n<p>[\/et_pb_text][et_pb_toggle title=&#8221;Curr\u00edculum completo&#8221; open_toggle_background_color=&#8221;#ededed&#8221; closed_toggle_background_color=&#8221;#ededed&#8221; icon_color=&#8221;#aa4635&#8243; open_icon_color=&#8221;#aa4635&#8243; _builder_version=&#8221;4.17.4&#8243; _module_preset=&#8221;default&#8221; title_font=&#8221;|700|||||||&#8221; border_width_all=&#8221;0px&#8221; global_colors_info=&#8221;{}&#8221;]<\/p>\n<p><span style=\"font-weight: 400\">O Eloy Rodrigues \u00e9 Diretor dos Servi\u00e7os de Documenta\u00e7\u00e3o e Bibliotecas da Universidade do Minho. Em 2003, liderou a cria\u00e7\u00e3o do\u00a0<\/span><a href=\"blank\"><span style=\"font-weight: 400\">RepositoriUM<\/span><\/a><span style=\"font-weight: 400\">\u00a0\u2013\u00a0 reposit\u00f3rio institucional da Universidade do Minho e coordena desde julho de 2008 a equipa de trabalho da Universidade do Minho que desenvolve o projeto Reposit\u00f3rio Cient\u00edfico de Acesso Aberto em Portugal (<\/span><a href=\"blank\"><span style=\"font-weight: 400\">www.rcaap.pt<\/span><\/a><span style=\"font-weight: 400\">).<\/span><\/p>\n<p><span style=\"font-weight: 400\">\u00c9 membro do\u00a0<\/span><a href=\"blank\"><span style=\"font-weight: 400\">Expert Group on Science 2.0\/Open Science<\/span><\/a><span style=\"font-weight: 400\">\u00a0 da EUA (European Universities Association) em representa\u00e7\u00e3o do Conselho de Reitores das Universidades Portuguesas tendo coordenado a participa\u00e7\u00e3o da UMinho em v\u00e1rios projetos (como\u00a0\u00a0<\/span><a href=\"blank\"><span style=\"font-weight: 400\">OpenAIRE<\/span><\/a><span style=\"font-weight: 400\">\u00a0 ou\u00a0<\/span><a href=\"blank\"><span style=\"font-weight: 400\">FOSTER<\/span><\/a><span style=\"font-weight: 400\">) financiados pela Uni\u00e3o Europeia em rela\u00e7\u00e3o aos reposit\u00f3rios e o acesso aberto.\u00a0<\/span><\/p>\n<p><span style=\"font-weight: 400\">Foi Presidente do\u00a0<\/span><a href=\"blank\"><span style=\"font-weight: 400\">Conselho Executivo<\/span><\/a><span style=\"font-weight: 400\">\u00a0da\u00a0<\/span><a href=\"blank\"><span style=\"font-weight: 400\">Confedera\u00e7\u00e3o de Reposit\u00f3rios de Acesso Aberto<\/span><\/a><span style=\"font-weight: 400\">\u00a0(COAR) de\u00a0 2015 a outubro de 2021.<\/span><\/p>\n<p><span style=\"font-weight: 400\">\u00c9 membro do Conselho Cient\u00edfico e Editorial de\u00a0<\/span><a href=\"blank\"><span style=\"font-weight: 400\">UMinho Editora<\/span><\/a><span style=\"font-weight: 400\">, sendo respons\u00e1vel pelos seus Servi\u00e7os Editoriais. \u00c9 membro do Comit\u00e9 Consultivo de\u00a0<\/span><a href=\"blank\"><span style=\"font-weight: 400\">Scielo Portugal<\/span><\/a><span style=\"font-weight: 400\">.<\/span><\/p>\n<p><span style=\"font-weight: 400\">Membro escolhido para o Comit\u00e9 Executivo da organiza\u00e7\u00e3o OpenAIRE AMKE<\/span><\/p>\n<p><span style=\"font-weight: 400\">\u00c9 autor de mais de uma centena de publica\u00e7\u00f5es (lista completa em\u00a0<\/span><a href=\"blank\"><span style=\"font-weight: 400\">http:\/\/goo.gl\/clZjTd<\/span><\/a><span style=\"font-weight: 400\">) tendo dado dezenas de confer\u00eancias, semin\u00e1rios, assim como cursos e a\u00e7\u00f5es de forma\u00e7\u00e3o sobre acesso aberto, ci\u00eancia aberta e reposit\u00f3rios em todo o mundo.<\/span><\/p>\n<p>[\/et_pb_toggle][\/et_pb_column][\/et_pb_row][et_pb_row column_structure=&#8221;1_3,2_3&#8243; disabled_on=&#8221;off|off|off&#8221; _builder_version=&#8221;4.16&#8243; _module_preset=&#8221;default&#8221; custom_margin=&#8221;|||&#8221; custom_padding=&#8221;40px|0px|40px|0px&#8221; global_colors_info=&#8221;{}&#8221;][et_pb_column type=&#8221;1_3&#8243; _builder_version=&#8221;4.16&#8243; _module_preset=&#8221;default&#8221; custom_padding=&#8221;|||&#8221; global_colors_info=&#8221;{}&#8221; custom_padding__hover=&#8221;|||&#8221;][et_pb_image src=&#8221;https:\/\/tordesillasdoctoral.umh.es\/files\/2022\/10\/Henrique-Barros.jpg&#8221; title_text=&#8221;Henrique-Barros&#8221; _builder_version=&#8221;4.17.4&#8243; _module_preset=&#8221;default&#8221; custom_margin=&#8221;|||&#8221; custom_margin_tablet=&#8221;90px|||&#8221; custom_margin_last_edited=&#8221;off|desktop&#8221; always_center_on_mobile=&#8221;off&#8221; locked=&#8221;off&#8221; global_colors_info=&#8221;{}&#8221;][\/et_pb_image][et_pb_social_media_follow _builder_version=&#8221;4.17.4&#8243; _module_preset=&#8221;default&#8221; text_orientation=&#8221;center&#8221; locked=&#8221;off&#8221; global_colors_info=&#8221;{}&#8221;][et_pb_social_media_follow_network social_network=&#8221;twitter&#8221; url=&#8221;https:\/\/mobile.twitter.com\/hdpbarros&#8221; _builder_version=&#8221;4.17.4&#8243; _module_preset=&#8221;default&#8221; background_color=&#8221;#00aced&#8221; global_colors_info=&#8221;{}&#8221; follow_button=&#8221;off&#8221; url_new_window=&#8221;on&#8221;]twitter[\/et_pb_social_media_follow_network][\/et_pb_social_media_follow][\/et_pb_column][et_pb_column type=&#8221;2_3&#8243; _builder_version=&#8221;4.16&#8243; _module_preset=&#8221;default&#8221; custom_padding=&#8221;|||&#8221; global_colors_info=&#8221;{}&#8221; custom_padding__hover=&#8221;|||&#8221;][et_pb_text _builder_version=&#8221;4.17.4&#8243; _module_preset=&#8221;default&#8221; text_font=&#8221;||||||||&#8221; text_text_color=&#8221;#7e7f93&#8243; text_font_size=&#8221;18px&#8221; header_font=&#8221;||||||||&#8221; header_3_font=&#8221;Merriweather|700|||||||&#8221; header_3_text_color=&#8221;#4646c4&#8243; header_3_font_size=&#8221;36px&#8221; header_3_line_height=&#8221;1.4em&#8221; locked=&#8221;off&#8221; global_colors_info=&#8221;{}&#8221;]<\/p>\n<h3><span style=\"color: #383567\">Henrique Barros<\/span><\/h3>\n<p>Presidente do<a href=\"https:\/\/ispup.up.pt\/\" target=\"_blank\" rel=\"noopener\"> Instituto de Sa\u00fade P\u00fablica da Universidade do Porto<\/a><\/p>\n<p>[\/et_pb_text][et_pb_text _builder_version=&#8221;4.17.4&#8243; _module_preset=&#8221;default&#8221; text_font=&#8221;||||||||&#8221; text_font_size=&#8221;18px&#8221; text_line_height=&#8221;1.8em&#8221; global_colors_info=&#8221;{}&#8221;]<\/p>\n<p>Director do Departamento de Sa\u00fade P\u00fablica e Ci\u00eancias Forenses, Educa\u00e7\u00e3o M\u00e9dica e Presidente do Instituto de Sa\u00fade P\u00fablica da Universidade do Porto, membro da ASPHER e Presidente cessante da IEA &#8211; Associa\u00e7\u00e3o Internacional de Epidemiologia.<\/p>\n<p>&nbsp;<\/p>\n<ul>\n<li><strong>Sess\u00e3o:<\/strong> A ci\u00eancia ao servi\u00e7o da sociedade: estrat\u00e9gias e quadros regulamentares (7 de Novembro, <strong>16:00<\/strong>&#8211;<strong>17:30<\/strong>)<\/li>\n<li style=\"list-style-type: none\">\n<ul><\/ul>\n<\/li>\n<\/ul>\n<p>[\/et_pb_text][et_pb_toggle title=&#8221;Curr\u00edculum vitae completo&#8221; open_toggle_background_color=&#8221;#ededed&#8221; closed_toggle_background_color=&#8221;#ededed&#8221; icon_color=&#8221;#aa4635&#8243; open_icon_color=&#8221;#aa4635&#8243; _builder_version=&#8221;4.17.4&#8243; _module_preset=&#8221;default&#8221; title_font=&#8221;|700|||||||&#8221; border_width_all=&#8221;0px&#8221; global_colors_info=&#8221;{}&#8221;]<\/p>\n<p>Henrique Barros nasceu em 1957 no Porto. Licenciou-se em Medicina em 1981 e \u00e9 professor na Faculdade de Medicina do Porto (FMUP) desde 1979. Em 1988-89 foi investigador no departamento de Medicina Interna do Hospital Universit\u00e1rio de Lund. Em 1991 adquiriu o t\u00edtulo de assistente hospitalar em Gastroenterologia e obteve o seu doutoramento com uma investiga\u00e7\u00e3o epidemiol\u00f3gica sobre hepatite viral. \u00c9 professor catedr\u00e1tico de epidemiologia desde 1999. Trabalhou na cria\u00e7\u00e3o do Mestrado em Sa\u00fade P\u00fablica, Epidemiologia, Educa\u00e7\u00e3o em Sa\u00fade e Sociologia e Sa\u00fade, bem como nos programas de Doutoramento em Sa\u00fade P\u00fablica na Universidade do Porto e em Sa\u00fade P\u00fablica Global, um programa acad\u00e9mico de ensino e investiga\u00e7\u00e3o de quatro escolas portuguesas, financiado pela FCT, que dirige.<\/p>\n<p>Foi membro do Conselho Cient\u00edfico das Ci\u00eancias da Sa\u00fade da Funda\u00e7\u00e3o para a Ci\u00eancia e Tecnologia (2004-12), Coordenador Nacional da Infec\u00e7\u00e3o VIH\/SIDA (2005-11), membro do comit\u00e9 executivo do Comit\u00e9 de \u00c9tica para a Investiga\u00e7\u00e3o Cl\u00ednica (2009-16) e membro do Comit\u00e9 Cient\u00edfico da Ci\u00eancia Europa (MED) (2012-15).<\/p>\n<p>\u00c9 actualmente o Presidente do Instituto de Sa\u00fade P\u00fablica da Universidade do Porto (ISPUP), membro da ASPHER e Presidente cessante da IEA &#8211; Associa\u00e7\u00e3o Internacional de Epidemiologia. Tem desenvolvido trabalho de investiga\u00e7\u00e3o em projectos nacionais e internacionais em \u00e1reas como a epidemiologia cl\u00ednica e perinatal, doen\u00e7as cardiovasculares, doen\u00e7as infecciosas e cancro, que resultaram em centenas de publica\u00e7\u00f5es cient\u00edficas internacionais.<\/p>\n<p>[\/et_pb_toggle][\/et_pb_column][\/et_pb_row][et_pb_row column_structure=&#8221;1_3,2_3&#8243; _builder_version=&#8221;4.16&#8243; _module_preset=&#8221;default&#8221; custom_margin=&#8221;|||&#8221; custom_padding=&#8221;40px|0px|40px|0px&#8221; global_colors_info=&#8221;{}&#8221;][et_pb_column type=&#8221;1_3&#8243; _builder_version=&#8221;4.16&#8243; _module_preset=&#8221;default&#8221; custom_padding=&#8221;|||&#8221; global_colors_info=&#8221;{}&#8221; custom_padding__hover=&#8221;|||&#8221;][et_pb_image src=&#8221;https:\/\/tordesillasdoctoral.umh.es\/files\/2022\/08\/Wesley-Cota.jpg&#8221; title_text=&#8221;Wesley-Cota&#8221; _builder_version=&#8221;4.17.4&#8243; _module_preset=&#8221;default&#8221; custom_margin=&#8221;|||&#8221; custom_margin_tablet=&#8221;90px|||&#8221; custom_margin_last_edited=&#8221;off|desktop&#8221; always_center_on_mobile=&#8221;off&#8221; locked=&#8221;off&#8221; global_colors_info=&#8221;{}&#8221;][\/et_pb_image][et_pb_social_media_follow _builder_version=&#8221;4.17.4&#8243; _module_preset=&#8221;default&#8221; text_orientation=&#8221;center&#8221; locked=&#8221;off&#8221; global_colors_info=&#8221;{}&#8221;][et_pb_social_media_follow_network social_network=&#8221;twitter&#8221; url=&#8221;https:\/\/twitter.com\/wlcota&#8221; _builder_version=&#8221;4.17.4&#8243; _module_preset=&#8221;default&#8221; background_color=&#8221;#00aced&#8221; global_colors_info=&#8221;{}&#8221; follow_button=&#8221;off&#8221; url_new_window=&#8221;on&#8221;]twitter[\/et_pb_social_media_follow_network][et_pb_social_media_follow_network social_network=&#8221;rss&#8221; url=&#8221;https:\/\/wesleycota.com\/&#8221; _builder_version=&#8221;4.17.4&#8243; _module_preset=&#8221;default&#8221; background_color=&#8221;#ff8a3c&#8221; global_colors_info=&#8221;{}&#8221; follow_button=&#8221;off&#8221; url_new_window=&#8221;on&#8221;]rss[\/et_pb_social_media_follow_network][et_pb_social_media_follow_network social_network=&#8221;github&#8221; url=&#8221;https:\/\/github.com\/wcota&#8221; _builder_version=&#8221;4.17.4&#8243; _module_preset=&#8221;default&#8221; background_color=&#8221;#333333&#8243; global_colors_info=&#8221;{}&#8221; follow_button=&#8221;off&#8221; url_new_window=&#8221;on&#8221;]github[\/et_pb_social_media_follow_network][\/et_pb_social_media_follow][\/et_pb_column][et_pb_column type=&#8221;2_3&#8243; _builder_version=&#8221;4.16&#8243; _module_preset=&#8221;default&#8221; custom_padding=&#8221;|||&#8221; global_colors_info=&#8221;{}&#8221; custom_padding__hover=&#8221;|||&#8221;][et_pb_text _builder_version=&#8221;4.17.4&#8243; _module_preset=&#8221;default&#8221; text_font=&#8221;||||||||&#8221; text_text_color=&#8221;#7e7f93&#8243; text_font_size=&#8221;18px&#8221; header_font=&#8221;||||||||&#8221; header_3_font=&#8221;Merriweather|700|||||||&#8221; header_3_text_color=&#8221;#4646c4&#8243; header_3_font_size=&#8221;36px&#8221; header_3_line_height=&#8221;1.4em&#8221; locked=&#8221;off&#8221; global_colors_info=&#8221;{}&#8221;]<\/p>\n<h3><span style=\"color: #383567\">Wesley Cota<\/span><\/h3>\n<p><span style=\"font-weight: 400\">Investigador da <a href=\"https:\/\/fapesp.br\/\" target=\"_blank\" rel=\"noopener\">Funda\u00e7\u00e3o de Apoio \u00e0 Investiga\u00e7\u00e3o do Estado de S\u00e3o Paulo<\/a> da <a href=\"https:\/\/www5.usp.br\/\" target=\"_blank\" rel=\"noopener\">Universidade de S\u00e3o Paulo<\/a> (Brasil)<\/span><\/p>\n<p>[\/et_pb_text][et_pb_text _builder_version=&#8221;4.17.4&#8243; _module_preset=&#8221;default&#8221; text_font=&#8221;||||||||&#8221; text_font_size=&#8221;18px&#8221; text_line_height=&#8221;1.8em&#8221; global_colors_info=&#8221;{}&#8221;]<\/p>\n<p><span style=\"font-weight: 400\">Bolsista p\u00f3s-doutorado FAPESP do Centro Brasil-Reino Unido para o Descobrimento, Diagn\u00f3stico, Gen\u00f3mica e Epidemiologia de Arbov\u00edrus (CADDE) no Instituto de Medicina Tropical da Universidade de S\u00e3o Paulo. Investigador volunt\u00e1rio na Faculdade de Medicina de Botucatu, Universidade do Estado de S\u00e3o Paulo.<\/span><span style=\"font-weight: 400\"><\/span><\/p>\n<ul>\n<li><span style=\"font-weight: 400\"><strong>Sess\u00e3o:<\/strong> Democratizar o conhecimento: Impacto da ci\u00eancia aberta na cidadania. (8 de novembro de <strong>09:00<\/strong> a<strong> 11:00<\/strong>)<\/span><\/li>\n<li style=\"list-style-type: none\">\n<ul><\/ul>\n<\/li>\n<\/ul>\n<p>[\/et_pb_text][et_pb_toggle title=&#8221;Curr\u00edculum vitae completo&#8221; open_toggle_background_color=&#8221;#ededed&#8221; closed_toggle_background_color=&#8221;#ededed&#8221; icon_color=&#8221;#aa4635&#8243; open_icon_color=&#8221;#aa4635&#8243; _builder_version=&#8221;4.17.4&#8243; _module_preset=&#8221;default&#8221; title_font=&#8221;|700|||||||&#8221; border_width_all=&#8221;0px&#8221; global_colors_info=&#8221;{}&#8221;]<\/p>\n<p><span style=\"font-weight: 400\">O Wesley Cota \u00e9 um doutor (2020) graduado (2017) em F\u00edsica da Universidade de Vi\u00e7osa, no Brasil. Atualmente, est\u00e1 a realizar o p\u00f3s-doutoramento no Centro Conjunto Brasil-Reino Unido para o Descobrimento, Diagn\u00f3stico, Gen\u00f3mica e Epidemiologia de ArboVirus (CADDE) financiado pela FAPESP no Instituto de Medicina Tropical da Universidade de S\u00e3o Paulo, Brasil e Investigador volunt\u00e1rio na Faculdade de Medicina de Botucatu da Universidade Estatal Paulista \u201cJ\u00fasio de Mesquita Filho\u201d. Agora, estuda a propaga\u00e7\u00e3o de epidemias utilizando modelos dirigidos por dados reais e de redes complexas, tanto no plano te\u00f3rico como aplicado. Tamb\u00e9m mostra interesse pela investiga\u00e7\u00e3o sobre a din\u00e2mica das c\u00e2maras de eco a partir de dados de Twitter. Em 2020, trabalhou na constru\u00e7\u00e3o de mapas de risco da propaga\u00e7\u00e3o do COVID-19 em munic\u00edpios da Espanha, Brasil, Portugal e Col\u00f4mbia. Publicou <\/span><i><span style=\"font-weight: 400\">papers<\/span><\/i><span style=\"font-weight: 400\"> (trabalhos) relacionados com os efeitos da mobilidade humana, vacina\u00e7\u00e3o e notifica\u00e7\u00e3o na difus\u00e3o da doen\u00e7a. Al\u00e9m disso, mant\u00e9m atualiza\u00e7\u00f5es di\u00e1rias da base de dados com o n\u00famero de casos de COVID-19 em todas as cidades brasileiras desde fevereiro de 2020. Vinculado com uma base de dados p\u00fablica e acess\u00edvel com gr\u00e1ficos e informa\u00e7\u00e3o sobre a situa\u00e7\u00e3o epid\u00e9mica no pa\u00eds.<\/span><\/p>\n<p>[\/et_pb_toggle][\/et_pb_column][\/et_pb_row][et_pb_row column_structure=&#8221;1_3,2_3&#8243; _builder_version=&#8221;4.16&#8243; _module_preset=&#8221;default&#8221; custom_margin=&#8221;|||&#8221; custom_padding=&#8221;40px|0px|40px|0px&#8221; global_colors_info=&#8221;{}&#8221;][et_pb_column type=&#8221;1_3&#8243; _builder_version=&#8221;4.16&#8243; _module_preset=&#8221;default&#8221; custom_padding=&#8221;|||&#8221; global_colors_info=&#8221;{}&#8221; custom_padding__hover=&#8221;|||&#8221;][et_pb_image src=&#8221;https:\/\/tordesillasdoctoral.umh.es\/files\/2022\/09\/Sin-titulo-1-1.png&#8221; title_text=&#8221;Sin t\u00edtulo-1&#8243; _builder_version=&#8221;4.17.4&#8243; _module_preset=&#8221;default&#8221; custom_margin=&#8221;|||&#8221; custom_margin_tablet=&#8221;90px|||&#8221; custom_margin_last_edited=&#8221;off|desktop&#8221; always_center_on_mobile=&#8221;off&#8221; locked=&#8221;off&#8221; global_colors_info=&#8221;{}&#8221;][\/et_pb_image][et_pb_social_media_follow _builder_version=&#8221;4.17.4&#8243; _module_preset=&#8221;default&#8221; text_orientation=&#8221;center&#8221; locked=&#8221;off&#8221; global_colors_info=&#8221;{}&#8221;][et_pb_social_media_follow_network social_network=&#8221;facebook&#8221; url=&#8221;https:\/\/es-la.facebook.com\/anneclinio\/&#8221; _builder_version=&#8221;4.17.4&#8243; _module_preset=&#8221;default&#8221; background_color=&#8221;#3b5998&#8243; global_colors_info=&#8221;{}&#8221; follow_button=&#8221;off&#8221; url_new_window=&#8221;on&#8221;]facebook[\/et_pb_social_media_follow_network][\/et_pb_social_media_follow][\/et_pb_column][et_pb_column type=&#8221;2_3&#8243; _builder_version=&#8221;4.16&#8243; _module_preset=&#8221;default&#8221; custom_padding=&#8221;|||&#8221; global_colors_info=&#8221;{}&#8221; custom_padding__hover=&#8221;|||&#8221;][et_pb_text _builder_version=&#8221;4.17.4&#8243; _module_preset=&#8221;default&#8221; text_font=&#8221;||||||||&#8221; text_text_color=&#8221;#7e7f93&#8243; text_font_size=&#8221;18px&#8221; header_font=&#8221;||||||||&#8221; header_3_font=&#8221;Merriweather|700|||||||&#8221; header_3_text_color=&#8221;#4646c4&#8243; header_3_font_size=&#8221;36px&#8221; header_3_line_height=&#8221;1.4em&#8221; locked=&#8221;off&#8221; global_colors_info=&#8221;{}&#8221;]<\/p>\n<h3><span style=\"color: #383567\">Anne Clinio<\/span><\/h3>\n<p><span>D. e Mestrado em Ci\u00eancias da Informa\u00e7\u00e3o no <a href=\"https:\/\/www.gov.br\/ibict\/pt-br\" target=\"_blank\" rel=\"noopener\">Instituto Brasileiro de Informa\u00e7\u00e3o em Ci\u00eancia e Tecnologia<\/a><\/span><\/p>\n<p><span><\/span><\/p>\n<p>[\/et_pb_text][et_pb_text _builder_version=&#8221;4.17.4&#8243; _module_preset=&#8221;default&#8221; text_font=&#8221;||||||||&#8221; text_font_size=&#8221;18px&#8221; text_line_height=&#8221;1.8em&#8221; global_colors_info=&#8221;{}&#8221;]<\/p>\n<p>Doutoramento e Mestrado em Ci\u00eancias da Informa\u00e7\u00e3o pelo Programa de P\u00f3s-Gradua\u00e7\u00e3o em Ci\u00eancias da Informa\u00e7\u00e3o pelo acordo entre o Instituto Brasileiro de Informa\u00e7\u00e3o em Ci\u00eancia e Tecnologia (Ibict) e a UFRJ. Membro do grupo de investiga\u00e7\u00e3o Open Science and Citizen Innovation Laboratory &#8211; CindaLab.<\/p>\n<p>&nbsp;<\/p>\n<ul>\n<li><strong>Sess\u00e3o:<\/strong> Democratizar o conhecimento: Impacto da ci\u00eancia aberta na cidadania. (8 de Novembro das <strong>9:00<\/strong> \u00e0s <strong>11:00<\/strong>)<\/li>\n<li style=\"list-style-type: none\">\n<ul><\/ul>\n<\/li>\n<\/ul>\n<p>[\/et_pb_text][et_pb_toggle title=&#8221;Curr\u00edculum  vitae completo&#8221; open_toggle_background_color=&#8221;#ededed&#8221; closed_toggle_background_color=&#8221;#ededed&#8221; icon_color=&#8221;#aa4635&#8243; open_icon_color=&#8221;#aa4635&#8243; _builder_version=&#8221;4.17.4&#8243; _module_preset=&#8221;default&#8221; title_font=&#8221;|700|||||||&#8221; border_width_all=&#8221;0px&#8221; global_colors_info=&#8221;{}&#8221;]<\/p>\n<div>Doutoramento e Mestrado em Ci\u00eancias da Informa\u00e7\u00e3o pelo Programa de P\u00f3s-Gradua\u00e7\u00e3o em Ci\u00eancias da Informa\u00e7\u00e3o pelo acordo entre o Instituto Brasileiro de Informa\u00e7\u00e3o em Ci\u00eancia e Tecnologia (Ibict) e a Universidade Federal do Rio de Janeiro (UFRJ). Investigador independente, membro do grupo de investiga\u00e7\u00e3o Laboratorio de Ciencia Abierta e Innovaci\u00f3n Ciudadana &#8211; CindaLab (https:\/\/cindalab.ibict.br\/). Membro do comit\u00e9 organizador de Another Open Science in Latin America Alrely Exists (https:\/\/otracienciaabierta.karisma.org.co\/). Antigo membro da equipa da Vice-Presid\u00eancia para a Educa\u00e7\u00e3o, Informa\u00e7\u00e3o e Comunica\u00e7\u00e3o e do Grupo de Trabalho Ci\u00eancia Aberta (https:\/\/portal.fiocruz.br\/ciencia-aberta) da Funda\u00e7\u00e3o Oswaldo Cruz, colaborando na formula\u00e7\u00e3o e execu\u00e7\u00e3o da estrat\u00e9gia para a implementa\u00e7\u00e3o da sua pol\u00edtica de gest\u00e3o, partilha e abertura de dados. Membro da equipa do prot\u00f3tipo Doc.art (https:\/\/github.com\/docART\/) para a documenta\u00e7\u00e3o de processos em laborat\u00f3rios de cidad\u00e3os. Alumni do Programa de L\u00edderes Abertos da Funda\u00e7\u00e3o Mozilla (2019). Membro honor\u00e1rio da OpenlabEc (www.openlab.ec). Actualmente a trabalhar como Consultor de Comunica\u00e7\u00e3o no Projecto Rural Sustent\u00e1vel Caatinga (www.prscaatinga.org.br), que promove tecnologias de baixo teor de carbono entre os agricultores familiares no semi-\u00e1rido. Interesses de investiga\u00e7\u00e3o: ci\u00eancia aberta, cadernos de notas de laborat\u00f3rio abertos, documenta\u00e7\u00e3o, ci\u00eancia cidad\u00e3, dados abertos, bens comuns.<\/div>\n<div><\/div>\n<p>[\/et_pb_toggle][\/et_pb_column][\/et_pb_row][et_pb_row column_structure=&#8221;1_3,2_3&#8243; _builder_version=&#8221;4.16&#8243; _module_preset=&#8221;default&#8221; custom_margin=&#8221;|||&#8221; custom_padding=&#8221;40px|0px|40px|0px&#8221; global_colors_info=&#8221;{}&#8221;][et_pb_column type=&#8221;1_3&#8243; _builder_version=&#8221;4.16&#8243; _module_preset=&#8221;default&#8221; custom_padding=&#8221;|||&#8221; global_colors_info=&#8221;{}&#8221; custom_padding__hover=&#8221;|||&#8221;][et_pb_image src=&#8221;https:\/\/tordesillasdoctoral.umh.es\/files\/2022\/08\/Baiget_Tomas.jpg&#8221; title_text=&#8221;Baiget_Tomas&#8221; _builder_version=&#8221;4.17.4&#8243; _module_preset=&#8221;default&#8221; custom_margin=&#8221;|||&#8221; custom_margin_tablet=&#8221;90px|||&#8221; custom_margin_last_edited=&#8221;off|desktop&#8221; always_center_on_mobile=&#8221;off&#8221; locked=&#8221;off&#8221; global_colors_info=&#8221;{}&#8221;][\/et_pb_image][et_pb_social_media_follow _builder_version=&#8221;4.17.4&#8243; _module_preset=&#8221;default&#8221; text_orientation=&#8221;center&#8221; locked=&#8221;off&#8221; global_colors_info=&#8221;{}&#8221;][et_pb_social_media_follow_network social_network=&#8221;twitter&#8221; url=&#8221;https:\/\/twitter.com\/baiget&#8221; _builder_version=&#8221;4.17.4&#8243; _module_preset=&#8221;default&#8221; background_color=&#8221;#00aced&#8221; global_colors_info=&#8221;{}&#8221; follow_button=&#8221;off&#8221; url_new_window=&#8221;on&#8221;]twitter[\/et_pb_social_media_follow_network][et_pb_social_media_follow_network social_network=&#8221;linkedin&#8221; url=&#8221;https:\/\/www.linkedin.com\/in\/tbaiget\/&#8221; _builder_version=&#8221;4.17.4&#8243; _module_preset=&#8221;default&#8221; background_color=&#8221;#007bb6&#8243; global_colors_info=&#8221;{}&#8221; follow_button=&#8221;off&#8221; url_new_window=&#8221;on&#8221;]linkedin[\/et_pb_social_media_follow_network][\/et_pb_social_media_follow][\/et_pb_column][et_pb_column type=&#8221;2_3&#8243; _builder_version=&#8221;4.16&#8243; _module_preset=&#8221;default&#8221; custom_padding=&#8221;|||&#8221; global_colors_info=&#8221;{}&#8221; custom_padding__hover=&#8221;|||&#8221;][et_pb_text _builder_version=&#8221;4.17.4&#8243; _module_preset=&#8221;default&#8221; text_font=&#8221;||||||||&#8221; text_text_color=&#8221;#7e7f93&#8243; text_font_size=&#8221;18px&#8221; header_font=&#8221;||||||||&#8221; header_3_font=&#8221;Merriweather|700|||||||&#8221; header_3_text_color=&#8221;#4646c4&#8243; header_3_font_size=&#8221;36px&#8221; header_3_line_height=&#8221;1.4em&#8221; locked=&#8221;off&#8221; global_colors_info=&#8221;{}&#8221;]<\/p>\n<h3><span style=\"color: #383567\">Tom\u00e0s Baiget<\/span><\/h3>\n<p><span style=\"font-weight: 400\">Professor de Documenta\u00e7\u00e3o Digital da <a href=\"https:\/\/www.upf.edu\/\" target=\"_blank\" rel=\"noopener\">Universitat Pompeu Fabra<\/a> e diretor da revista cient\u00edfica \u2018\u2019<a href=\"http:\/\/profesionaldelainformacion.com\/index.html\" target=\"_blank\" rel=\"noopener\">El profesional de la informaci\u00f3n<\/a>\u2019\u2019 (O profissional da informa\u00e7\u00e3o)\u00a0<\/span><\/p>\n<p>[\/et_pb_text][et_pb_text _builder_version=&#8221;4.17.4&#8243; _module_preset=&#8221;default&#8221; text_font=&#8221;||||||||&#8221; text_font_size=&#8221;18px&#8221; text_line_height=&#8221;1.8em&#8221; global_colors_info=&#8221;{}&#8221;]<\/p>\n<p><span style=\"font-weight: 400\">Membro do Comit\u00e9 Consultor e Organizador do Spanish Meeting Point, da Online Information Conference de Londres. Criador e administrador da lista eletr\u00f3nica de debate IweTel, sobre bibliotecas e documenta\u00e7\u00e3o, alojada em RedIRIS. Criador e administrador da lista eletr\u00f3nica de debate Incyt, sobre indicadores m ci\u00eancia e tecnologia, alojada em RedIRIS.<\/span><\/p>\n<p><span style=\"font-weight: 400\"><\/span><\/p>\n<ul>\n<li><span style=\"font-weight: 400\"><strong>Sess\u00e3o:<\/strong> Democratizar o conhecimento: Impacto da ci\u00eancia aberta na cidadania. (8 de novembro de <strong>09:00<\/strong> a <strong>11:00<\/strong>)<\/span><\/li>\n<\/ul>\n<p>[\/et_pb_text][et_pb_toggle title=&#8221;Curr\u00edculum vitae completo&#8221; open_toggle_background_color=&#8221;#ededed&#8221; closed_toggle_background_color=&#8221;#ededed&#8221; icon_color=&#8221;#aa4635&#8243; open_icon_color=&#8221;#aa4635&#8243; _builder_version=&#8221;4.17.4&#8243; _module_preset=&#8221;default&#8221; title_font=&#8221;|700|||||||&#8221; border_width_all=&#8221;0px&#8221; global_colors_info=&#8221;{}&#8221;]<\/p>\n<p><b>Tom\u00e0s Baiget<\/b><span style=\"font-weight: 400\">, engenheiro industrial. Foi pioneiro na Europa no acesso online \u00e0s bases de dados da\u00a0<\/span><i><span style=\"font-weight: 400\">NASA<\/span><\/i><span style=\"font-weight: 400\">\u00a0e da\u00a0<\/span><i><span style=\"font-weight: 400\">Ag\u00eancia Espacial Europeia<\/span><\/i><span style=\"font-weight: 400\">\u00a0desde o\u00a0<\/span><i><span style=\"font-weight: 400\">Instituto Nacional de T\u00e9cnica Aeroespacial<\/span><\/i><span style=\"font-weight: 400\">\u00a0(<\/span><i><span style=\"font-weight: 400\">INTA<\/span><\/i><span style=\"font-weight: 400\">), Torrej\u00f3n. P\u00f4s em andamento e\/ou trabalha em v\u00e1rios projetos de networking cient\u00edfico e profissional, dentre eles:\u00a0<\/span><\/p>\n<p><span style=\"font-weight: 400\">-Fundador e diretor da revista cient\u00edfica\u00a0<\/span><i><span style=\"font-weight: 400\">Profesional de la informaci\u00f3n<\/span><\/i><span style=\"font-weight: 400\">\u00a0(indexada na\u00a0<\/span><i><span style=\"font-weight: 400\">WoS<\/span><\/i><span style=\"font-weight: 400\">,\u00a0<\/span><i><span style=\"font-weight: 400\">Scopus<\/span><\/i><span style=\"font-weight: 400\">,\u00a0<\/span><i><span style=\"font-weight: 400\">Inspec<\/span><\/i><span style=\"font-weight: 400\">, etc.).<\/span><\/p>\n<p><span style=\"font-weight: 400\">-Criador das listas de correio-e\u00a0<\/span><i><span style=\"font-weight: 400\">IweTel<\/span><\/i><span style=\"font-weight: 400\">,\u00a0<\/span><i><span style=\"font-weight: 400\">Incyt<\/span><\/i><span style=\"font-weight: 400\">\u00a0e\u00a0<\/span><i><span style=\"font-weight: 400\">Comunicaci\u00f3n<\/span><\/i><span style=\"font-weight: 400\">\u00a0(alojadas na\u00a0<\/span><i><span style=\"font-weight: 400\">RedIRIS<\/span><\/i><span style=\"font-weight: 400\">, a rede acad\u00e9mica espanhola).<\/span><\/p>\n<p><span style=\"font-weight: 400\">-Fundador de Think tank\u00a0<\/span><i><span style=\"font-weight: 400\">Grupo de An\u00e1lise sobre Estrat\u00e9gia e Prospetiva da Informa\u00e7\u00e3o (ThinkEPI)<\/span><\/i><span style=\"font-weight: 400\">\u00a0\u2013cujos componentes produzem o\u00a0<\/span><i><span style=\"font-weight: 400\">Anu\u00e1rio ThinkEPI<\/span><\/i><span style=\"font-weight: 400\">-,\u00a0<\/span><\/p>\n<p><span style=\"font-weight: 400\">-Gestor do\u00a0<\/span><i><span style=\"font-weight: 400\">Diret\u00f3rio de Especialistas no Tratamento de Informa\u00e7\u00e3o (EXIT)<\/span><\/i><span style=\"font-weight: 400\">.<\/span><\/p>\n<p><span style=\"font-weight: 400\">-Diretor da\u00a0<\/span><i><span style=\"font-weight: 400\">Confer\u00eancia internacional de revistas cient\u00edficas (Crecs)\u00a0<\/span><\/i><span style=\"font-weight: 400\">j\u00e1 com 12 edi\u00e7\u00f5es em Espanha, Col\u00f4mbia e M\u00e9xico.<\/span><\/p>\n<p><span style=\"font-weight: 400\">-Fundador e administrador do\u00a0<\/span><i><span style=\"font-weight: 400\">Registry of Authors-Links to Identify Scientists (IraLIS)<\/span><\/i><span style=\"font-weight: 400\">.<\/span><\/p>\n<p><span style=\"font-weight: 400\">-Respons\u00e1vel global de conte\u00fados do reposit\u00f3rio\u00a0<\/span><i><span style=\"font-weight: 400\">e-LIS<\/span><\/i><span style=\"font-weight: 400\">\u00a0(<\/span><i><span style=\"font-weight: 400\">ePrints in Library &amp; Information Science<\/span><\/i><span style=\"font-weight: 400\">), alojado na\u00a0<\/span><i><span style=\"font-weight: 400\">Universidade de N\u00e1poles<\/span><\/i><span style=\"font-weight: 400\">\u00a0(It\u00e1lia).<\/span><\/p>\n<p><span style=\"font-weight: 400\">-Professor do\u00a0<\/span><i><span style=\"font-weight: 400\">Master Online sobre Informa\u00e7\u00e3o Digital (UPF-BSM)<\/span><\/i><span style=\"font-weight: 400\">, da\u00a0<\/span><i><span style=\"font-weight: 400\">Universitat Pompeu Fabra<\/span><\/i><span style=\"font-weight: 400\">\u00a0(Barcelona).<\/span><\/p>\n<p><span style=\"font-weight: 400\">-Autor do livro \u00abManual SCImago de revistas cient\u00edficas. Cria\u00e7\u00e3o, gest\u00e3o e publica\u00e7\u00e3o\u00bb (2020).<\/span><\/p>\n<p><a href=\"blank\"><i><span style=\"font-weight: 400\">http:\/\/www.directorioexit.info\/ficha46<\/span><\/i><\/a><\/p>\n<p><a href=\"blank\"><i><span style=\"font-weight: 400\">baiget@gmail.com<\/span><\/i><\/a><\/p>\n<p>[\/et_pb_toggle][\/et_pb_column][\/et_pb_row][et_pb_row column_structure=&#8221;1_3,2_3&#8243; disabled_on=&#8221;off|off|off&#8221; _builder_version=&#8221;4.16&#8243; _module_preset=&#8221;default&#8221; custom_margin=&#8221;|||&#8221; custom_padding=&#8221;40px|0px|40px|0px&#8221; global_colors_info=&#8221;{}&#8221;][et_pb_column type=&#8221;1_3&#8243; _builder_version=&#8221;4.16&#8243; _module_preset=&#8221;default&#8221; custom_padding=&#8221;|||&#8221; global_colors_info=&#8221;{}&#8221; custom_padding__hover=&#8221;|||&#8221;][et_pb_image src=&#8221;https:\/\/tordesillasdoctoral.umh.es\/files\/2022\/10\/CLAUDIACARVALHOSILVA.jpg&#8221; title_text=&#8221;CLAUDIACARVALHOSILVA&#8221; _builder_version=&#8221;4.17.4&#8243; _module_preset=&#8221;default&#8221; custom_margin=&#8221;|||&#8221; custom_margin_tablet=&#8221;90px|||&#8221; custom_margin_last_edited=&#8221;off|desktop&#8221; always_center_on_mobile=&#8221;off&#8221; locked=&#8221;off&#8221; global_colors_info=&#8221;{}&#8221;][\/et_pb_image][et_pb_social_media_follow _builder_version=&#8221;4.17.4&#8243; _module_preset=&#8221;default&#8221; text_orientation=&#8221;center&#8221; locked=&#8221;off&#8221; global_colors_info=&#8221;{}&#8221;][et_pb_social_media_follow_network social_network=&#8221;twitter&#8221; url=&#8221;https:\/\/twitter.com\/claudiacarvs&#8221; _builder_version=&#8221;4.17.4&#8243; _module_preset=&#8221;default&#8221; background_color=&#8221;#00aced&#8221; global_colors_info=&#8221;{}&#8221; follow_button=&#8221;off&#8221; url_new_window=&#8221;on&#8221;]twitter[\/et_pb_social_media_follow_network][et_pb_social_media_follow_network social_network=&#8221;linkedin&#8221; url=&#8221;https:\/\/www.linkedin.com\/in\/claudia-carvalho-silva-3b91348b&#8221; _builder_version=&#8221;4.17.4&#8243; _module_preset=&#8221;default&#8221; background_color=&#8221;#007bb6&#8243; global_colors_info=&#8221;{}&#8221; follow_button=&#8221;off&#8221; url_new_window=&#8221;on&#8221;]linkedin[\/et_pb_social_media_follow_network][et_pb_social_media_follow_network social_network=&#8221;rss&#8221; url=&#8221;https:\/\/www.publico.pt\/autor\/claudia-carvalho-silva&#8221; _builder_version=&#8221;4.17.4&#8243; _module_preset=&#8221;default&#8221; background_color=&#8221;#ff8a3c&#8221; global_colors_info=&#8221;{}&#8221; follow_button=&#8221;off&#8221; url_new_window=&#8221;on&#8221;]rss[\/et_pb_social_media_follow_network][\/et_pb_social_media_follow][\/et_pb_column][et_pb_column type=&#8221;2_3&#8243; _builder_version=&#8221;4.16&#8243; _module_preset=&#8221;default&#8221; custom_padding=&#8221;|||&#8221; global_colors_info=&#8221;{}&#8221; custom_padding__hover=&#8221;|||&#8221;][et_pb_text _builder_version=&#8221;4.17.4&#8243; _module_preset=&#8221;default&#8221; text_font=&#8221;||||||||&#8221; text_text_color=&#8221;#7e7f93&#8243; text_font_size=&#8221;18px&#8221; header_font=&#8221;||||||||&#8221; header_3_font=&#8221;Merriweather|700|||||||&#8221; header_3_text_color=&#8221;#4646c4&#8243; header_3_font_size=&#8221;36px&#8221; header_3_line_height=&#8221;1.4em&#8221; locked=&#8221;off&#8221; global_colors_info=&#8221;{}&#8221;]<\/p>\n<h3><span style=\"color: #383567\">Claudia Carvalho<\/span><\/h3>\n<p>Jornalista de Ci\u00eancia e Ambiente no jornal portugu\u00eas <a href=\"https:\/\/www.publico.pt\/\">P\u00daBLICO<\/a><\/p>\n<p>[\/et_pb_text][et_pb_text _builder_version=&#8221;4.17.4&#8243; _module_preset=&#8221;default&#8221; text_font=&#8221;||||||||&#8221; text_font_size=&#8221;18px&#8221; text_line_height=&#8221;1.8em&#8221; global_colors_info=&#8221;{}&#8221;]<\/p>\n<p>Estudou Jornalismo na Faculdade de Letras da Universidade de Coimbra e concluiu uma p\u00f3s-gradua\u00e7\u00e3o em Visualiza\u00e7\u00e3o de Informa\u00e7\u00e3o na Universidade Nova de Lisboa, centrada na infografia e no jornalismo de dados.<\/p>\n<p>&nbsp;<\/p>\n<ul>\n<li><strong>Sess\u00e3o:<\/strong> Democratizar o conhecimento: Impacto da ci\u00eancia aberta na cidadania. (8 de Novembro das <strong>9:00<\/strong> \u00e0s <strong>11:00<\/strong>)<\/li>\n<\/ul>\n<p>[\/et_pb_text][et_pb_toggle title=&#8221;Curr\u00edculum vitae completo&#8221; open_toggle_background_color=&#8221;#ededed&#8221; closed_toggle_background_color=&#8221;#ededed&#8221; icon_color=&#8221;#aa4635&#8243; open_icon_color=&#8221;#aa4635&#8243; _builder_version=&#8221;4.17.4&#8243; _module_preset=&#8221;default&#8221; title_font=&#8221;|700|||||||&#8221; border_width_all=&#8221;0px&#8221; global_colors_info=&#8221;{}&#8221;]<\/p>\n<p>Tem 28 anos de idade e \u00e9 jornalista de Ci\u00eancia e Ambiente no jornal portugu\u00eas P\u00daBLICO. Estudou Jornalismo na Faculdade de Letras da Universidade de Coimbra e concluiu um curso de p\u00f3s-gradua\u00e7\u00e3o em Visualiza\u00e7\u00e3o de Informa\u00e7\u00e3o na Universidade Nova de Lisboa, centrado na infografia e no jornalismo de dados. Escreve sobre quest\u00f5es ambientais para a Azul (parte do P\u00daBLICO), um projecto pioneiro em Portugal dedicado \u00e0 crise clim\u00e1tica. No jornal, faz tamb\u00e9m parte da PQ, um &#8220;descomplicador&#8221; de not\u00edcias de actualidade em formato v\u00eddeo, que visa atingir um p\u00fablico mais jovem.<\/p>\n<p>[\/et_pb_toggle][\/et_pb_column][\/et_pb_row][et_pb_row column_structure=&#8221;1_3,2_3&#8243; disabled_on=&#8221;off|off|off&#8221; _builder_version=&#8221;4.16&#8243; _module_preset=&#8221;default&#8221; custom_margin=&#8221;|||&#8221; custom_padding=&#8221;40px|0px|40px|0px&#8221; global_colors_info=&#8221;{}&#8221;][et_pb_column type=&#8221;1_3&#8243; _builder_version=&#8221;4.16&#8243; _module_preset=&#8221;default&#8221; custom_padding=&#8221;|||&#8221; global_colors_info=&#8221;{}&#8221; custom_padding__hover=&#8221;|||&#8221;][et_pb_image src=&#8221;https:\/\/tordesillasdoctoral.umh.es\/files\/2022\/10\/Santi-Garcia.jpg&#8221; title_text=&#8221;Santi-Garc\u00eda&#8221; _builder_version=&#8221;4.17.4&#8243; _module_preset=&#8221;default&#8221; custom_margin=&#8221;|||&#8221; custom_margin_tablet=&#8221;90px|||&#8221; custom_margin_last_edited=&#8221;off|desktop&#8221; always_center_on_mobile=&#8221;off&#8221; locked=&#8221;off&#8221; global_colors_info=&#8221;{}&#8221;][\/et_pb_image][et_pb_social_media_follow _builder_version=&#8221;4.17.4&#8243; _module_preset=&#8221;default&#8221; text_orientation=&#8221;center&#8221; locked=&#8221;off&#8221; global_colors_info=&#8221;{}&#8221;][et_pb_social_media_follow_network social_network=&#8221;twitter&#8221; url=&#8221;https:\/\/twitter.com\/SantiGarciaCC&#8221; _builder_version=&#8221;4.17.4&#8243; _module_preset=&#8221;default&#8221; background_color=&#8221;#00aced&#8221; global_colors_info=&#8221;{}&#8221; follow_button=&#8221;off&#8221; url_new_window=&#8221;on&#8221;]twitter[\/et_pb_social_media_follow_network][et_pb_social_media_follow_network social_network=&#8221;linkedin&#8221; url=&#8221;https:\/\/es.linkedin.com\/in\/santigarciacc&#8221; _builder_version=&#8221;4.17.4&#8243; _module_preset=&#8221;default&#8221; background_color=&#8221;#007bb6&#8243; global_colors_info=&#8221;{}&#8221; follow_button=&#8221;off&#8221; url_new_window=&#8221;on&#8221;]linkedin[\/et_pb_social_media_follow_network][et_pb_social_media_follow_network social_network=&#8221;facebook&#8221; url=&#8221;https:\/\/www.facebook.com\/SantiGarciaCC\/&#8221; _builder_version=&#8221;4.17.4&#8243; _module_preset=&#8221;default&#8221; background_color=&#8221;#3b5998&#8243; global_colors_info=&#8221;{}&#8221; follow_button=&#8221;off&#8221; url_new_window=&#8221;on&#8221;]facebook[\/et_pb_social_media_follow_network][\/et_pb_social_media_follow][\/et_pb_column][et_pb_column type=&#8221;2_3&#8243; _builder_version=&#8221;4.16&#8243; _module_preset=&#8221;default&#8221; custom_padding=&#8221;|||&#8221; global_colors_info=&#8221;{}&#8221; custom_padding__hover=&#8221;|||&#8221;][et_pb_text _builder_version=&#8221;4.17.4&#8243; _module_preset=&#8221;default&#8221; text_font=&#8221;||||||||&#8221; text_text_color=&#8221;#7e7f93&#8243; text_font_size=&#8221;18px&#8221; header_font=&#8221;||||||||&#8221; header_3_font=&#8221;Merriweather|700|||||||&#8221; header_3_text_color=&#8221;#4646c4&#8243; header_3_font_size=&#8221;36px&#8221; header_3_line_height=&#8221;1.4em&#8221; locked=&#8221;off&#8221; global_colors_info=&#8221;{}&#8221;]<\/p>\n<h3><span style=\"color: #383567\">Santiago Garc\u00eda<\/span><\/h3>\n<p><span>Professor de<a href=\"https:\/\/www.umh.es\/contenido\/Investigacion\/:persona_168696\/datos_es.html\" target=\"_blank\" rel=\"noopener\"> Estat\u00edstica e Investiga\u00e7\u00e3o Operacional<\/a> e divulgador cient\u00edfico na Universidade Miguel Hern\u00e1ndez de Elche<\/span><\/p>\n<p>[\/et_pb_text][et_pb_text _builder_version=&#8221;4.17.4&#8243; _module_preset=&#8221;default&#8221; text_font=&#8221;||||||||&#8221; text_font_size=&#8221;18px&#8221; text_line_height=&#8221;1.8em&#8221; global_colors_info=&#8221;{}&#8221;]<\/p>\n<p>Autor do livro Un N\u00famero Perfecto (Oberon) e colaborador em diferentes programas de televis\u00e3o e r\u00e1dio como perito cient\u00edfico na \u00e1rea da Matem\u00e1tica e Estat\u00edstica.<\/p>\n<p>&nbsp;<\/p>\n<ul>\n<li><strong>Sess\u00e3o:<\/strong> Democratizar o conhecimento: Impacto da ci\u00eancia aberta nos cidad\u00e3os. (8 de Novembro das <strong>9:00<\/strong> \u00e0s<strong> 11:00<\/strong>)<\/li>\n<\/ul>\n<p>[\/et_pb_text][et_pb_toggle title=&#8221;Curr\u00edculum vitae completo&#8221; open_toggle_background_color=&#8221;#ededed&#8221; closed_toggle_background_color=&#8221;#ededed&#8221; icon_color=&#8221;#aa4635&#8243; open_icon_color=&#8221;#aa4635&#8243; _builder_version=&#8221;4.17.4&#8243; _module_preset=&#8221;default&#8221; title_font=&#8221;|700|||||||&#8221; border_width_all=&#8221;0px&#8221; global_colors_info=&#8221;{}&#8221;]<\/p>\n<p>Santi Garc\u00eda Cremades (Molina de Segura, Murcia, 1985) \u00e9 um matem\u00e1tico freelancer e comunicador cient\u00edfico que trabalha como colaborador da RTVE e da Atresmedia. Autor do livro Un N\u00famero Perfecto (Oberon) e colaborador em diferentes programas de televis\u00e3o e r\u00e1dio, como perito cient\u00edfico na \u00e1rea da Matem\u00e1tica e Estat\u00edstica. Na televis\u00e3o, \u00e9 colaborador de La Roca (La Sexta), A La Ventura (\u00c0 Punt) e foi colaborador e rep\u00f3rter de \u00d3rbita Laika e La Aventura del Saber (La2 TVE). Participou em Late Motiv (#0), Espejo P\u00fablico (Antena 3), Levante TV e regularmente em La7 TV Regi\u00f3n de Murcia. Foi convidado a comunicar os dados estat\u00edsticos durante a pandemia nos programas noticiosos da Antena 3, com Manu S\u00e1nchez, Vicente Vall\u00e9s, M\u00f3nica Carrillo e Sandra Golpe, tamb\u00e9m em La Sexta Noche, Liarla Pardo (La Sexta), el Programa de AR (Telecinco) e em La Ma\u00f1ana de TVE. Autor do canal Youtube Ra\u00edz de Pi e do programa Telecienciario (El Mundo TV). Na r\u00e1dio, dirige e apresenta o programa Ra\u00edz de 5 (R\u00e1dio 5 RNE, 5 temporadas), \u00e9 colaborador de M\u00e1s de Uno com Carlos Alsina (Onda Cero) e Gente Despierta com Alfredo Men\u00e9ndez (RNE), em De Vuelta (R\u00e1dio 5 RNE) e colaborou em 3 temporadas de Las Ma\u00f1anas de RNE (2015-18). \u00c9 docente na Universidade Miguel Hern\u00e1ndez e j\u00e1 deu mais de 800 palestras-shows em teatros, museus, institutos e bares, contando o lado mais engra\u00e7ado da ci\u00eancia.<\/p>\n<p>[\/et_pb_toggle][et_pb_text admin_label=&#8221;Title&#8221; _builder_version=&#8221;4.17.4&#8243; _module_preset=&#8221;default&#8221; text_font=&#8221;||||||||&#8221; header_font=&#8221;||||||||&#8221; header_2_font=&#8221;Montserrat|700|||||||&#8221; header_2_font_size=&#8221;40px&#8221; header_2_line_height=&#8221;1.3em&#8221; background_layout=&#8221;dark&#8221; module_alignment=&#8221;center&#8221; custom_margin=&#8221;20px|||&#8221; custom_padding=&#8221;|||&#8221; locked=&#8221;off&#8221; global_colors_info=&#8221;{}&#8221;]<\/p>\n<p>Contacto e Inscripci\u00f3n<\/p>\n<p>[\/et_pb_text][\/et_pb_column][\/et_pb_row][et_pb_row column_structure=&#8221;1_3,2_3&#8243; disabled_on=&#8221;off|off|off&#8221; _builder_version=&#8221;4.16&#8243; _module_preset=&#8221;default&#8221; custom_margin=&#8221;|||&#8221; custom_padding=&#8221;40px|0px|40px|0px&#8221; global_colors_info=&#8221;{}&#8221;][et_pb_column type=&#8221;1_3&#8243; _builder_version=&#8221;4.16&#8243; _module_preset=&#8221;default&#8221; custom_padding=&#8221;|||&#8221; global_colors_info=&#8221;{}&#8221; custom_padding__hover=&#8221;|||&#8221;][et_pb_image src=&#8221;https:\/\/tordesillasdoctoral.umh.es\/files\/2022\/10\/Carlos-Petit-300&#215;300.jpg&#8221; title_text=&#8221;Carlos-Petit&#8221; _builder_version=&#8221;4.17.4&#8243; _module_preset=&#8221;default&#8221; custom_margin=&#8221;|||&#8221; custom_margin_tablet=&#8221;90px|||&#8221; custom_margin_last_edited=&#8221;off|desktop&#8221; always_center_on_mobile=&#8221;off&#8221; locked=&#8221;off&#8221; global_colors_info=&#8221;{}&#8221;][\/et_pb_image][\/et_pb_column][et_pb_column type=&#8221;2_3&#8243; _builder_version=&#8221;4.16&#8243; _module_preset=&#8221;default&#8221; custom_padding=&#8221;|||&#8221; global_colors_info=&#8221;{}&#8221; custom_padding__hover=&#8221;|||&#8221;][et_pb_text _builder_version=&#8221;4.17.4&#8243; _module_preset=&#8221;default&#8221; text_font=&#8221;||||||||&#8221; text_text_color=&#8221;#7e7f93&#8243; text_font_size=&#8221;18px&#8221; header_font=&#8221;||||||||&#8221; header_3_font=&#8221;Merriweather|700|||||||&#8221; header_3_text_color=&#8221;#4646c4&#8243; header_3_font_size=&#8221;36px&#8221; header_3_line_height=&#8221;1.4em&#8221; locked=&#8221;off&#8221; global_colors_info=&#8221;{}&#8221;]<\/p>\n<h3><span style=\"color: #383567\">Carlos Petit<\/span><\/h3>\n<p>CDT em Ci\u00eancias Jur\u00eddicas, Universidade de Huelva<\/p>\n<p>[\/et_pb_text][et_pb_text _builder_version=&#8221;4.17.4&#8243; _module_preset=&#8221;default&#8221; text_font=&#8221;||||||||&#8221; text_font_size=&#8221;18px&#8221; text_line_height=&#8221;1.8em&#8221; global_colors_info=&#8221;{}&#8221;]<\/p>\n<p>Doutor em Direito pelas Universidades de Sevilha (1979) e Bolonha (1985), Professor de Hist\u00f3ria do Direito em Castilla-La Mancha (1986), Aut\u00f3noma de Barcelona (1986) e Huelva (1998), ensina cursos de hist\u00f3ria jur\u00eddica e direito comparado.\u00a0<\/p>\n<p>&nbsp;<\/p>\n<ul>\n<li><strong>Sess\u00e3o:<\/strong> Apresenta\u00e7\u00e3o dos resultados dos Colegios Doctorales Tordesillas (CDT). (8 de Novembro das <strong>11:30<\/strong> \u00e0s <strong>12:45<\/strong>)<\/li>\n<\/ul>\n<p>[\/et_pb_text][et_pb_toggle title=&#8221;Curr\u00edculum vitae completo&#8221; open_toggle_background_color=&#8221;#ededed&#8221; closed_toggle_background_color=&#8221;#ededed&#8221; icon_color=&#8221;#aa4635&#8243; open_icon_color=&#8221;#aa4635&#8243; _builder_version=&#8221;4.17.4&#8243; _module_preset=&#8221;default&#8221; title_font=&#8221;|700|||||||&#8221; border_width_all=&#8221;0px&#8221; global_colors_info=&#8221;{}&#8221;]<\/p>\n<p><strong>Educa\u00e7\u00e3o, vida acad\u00e9mica<\/strong><\/p>\n<p>Licenciatura (1977) e doutoramento em Direito pelas Universidades de Sevilha (1979) e Bolonha (1985).<\/p>\n<p>Licenciatura em Geografia e Hist\u00f3ria (especialidade: Hist\u00f3ria) pela Universidade de Sevilha (1988).<\/p>\n<p>Docente na Universidade de Sevilha (1983-1986)<\/p>\n<p>Professor na Universidade Aut\u00f3noma de Barcelona (1986-1998)<\/p>\n<p>Professor na Universidade de Huelva (1998-presente).<\/p>\n<p>Professor visitante em v\u00e1rias universidades na Europa e Am\u00e9rica desde 1994.<\/p>\n<p>&nbsp;<\/p>\n<p><strong>Principais publica\u00e7\u00f5es<\/strong><\/p>\n<p>(apenas os livros mais recentes s\u00e3o listados)<\/p>\n<p>-Hist\u00f3ria do Direito Comercial, Madrid, Marcial Pons, 2016.<\/p>\n<p>-Fiesta y contrato. Negocios taurinos en protocolos sevillanos (1777-1847), Madrid, Universidad Carlos III &#8211; Editorial Dykinson, 2011.<\/p>\n<p>-Rafael de Ure\u00f1a, La legislaci\u00f3n g\u00f3tico-hispana, ed. Carlos Petit, Pamplona, Urgoiti, 2003.<\/p>\n<p>-Ivstitia gothica. Historia social y teolog\u00eda del proceso en la Lex Visigothorum, Huelva, Universidad, 2001.<\/p>\n<p>-Max Radin, Cartas roman\u00edsticas (1923-1950. Estudo e edi\u00e7\u00e3o, com uma nota de leitura sobre &#8220;California and Roman Law&#8221; de Carlos Petit, Napoli, Jovene editore, 2001.<\/p>\n<p>-Discurso sobre o discurso. Oralidad y escritura en la cultura jur\u00eddica en la Espa\u00f1a liberal, Huelva, Universidad, 2000.<\/p>\n<p>&nbsp;<\/p>\n<p><strong>Linhas de investiga\u00e7\u00e3o<\/strong><\/p>\n<p>&nbsp;<\/p>\n<p>Hist\u00f3ria do direito comercial e do direito privado em geral.<\/p>\n<p>Hist\u00f3ria do direito visig\u00f3tico<\/p>\n<p>Historiografia e hist\u00f3ria das disciplinas jur\u00eddicas.<\/p>\n<p>[\/et_pb_toggle][\/et_pb_column][\/et_pb_row][et_pb_row column_structure=&#8221;1_3,2_3&#8243; _builder_version=&#8221;4.16&#8243; _module_preset=&#8221;default&#8221; custom_margin=&#8221;|||&#8221; custom_padding=&#8221;40px|0px|40px|0px&#8221; global_colors_info=&#8221;{}&#8221;][et_pb_column type=&#8221;1_3&#8243; _builder_version=&#8221;4.16&#8243; _module_preset=&#8221;default&#8221; custom_padding=&#8221;|||&#8221; global_colors_info=&#8221;{}&#8221; custom_padding__hover=&#8221;|||&#8221;][et_pb_image src=&#8221;https:\/\/tordesillasdoctoral.umh.es\/files\/2022\/10\/Sonia-Regina-de-Souza.png&#8221; title_text=&#8221;Sonia Regina de Souza&#8221; _builder_version=&#8221;4.17.4&#8243; _module_preset=&#8221;default&#8221; custom_margin=&#8221;|||&#8221; custom_margin_tablet=&#8221;90px|||&#8221; custom_margin_last_edited=&#8221;off|desktop&#8221; always_center_on_mobile=&#8221;off&#8221; locked=&#8221;off&#8221; global_colors_info=&#8221;{}&#8221;][\/et_pb_image][\/et_pb_column][et_pb_column type=&#8221;2_3&#8243; _builder_version=&#8221;4.16&#8243; _module_preset=&#8221;default&#8221; custom_padding=&#8221;|||&#8221; global_colors_info=&#8221;{}&#8221; custom_padding__hover=&#8221;|||&#8221;][et_pb_text _builder_version=&#8221;4.17.4&#8243; _module_preset=&#8221;default&#8221; text_font=&#8221;||||||||&#8221; text_text_color=&#8221;#7e7f93&#8243; text_font_size=&#8221;18px&#8221; header_font=&#8221;||||||||&#8221; header_3_font=&#8221;Merriweather|700|||||||&#8221; header_3_text_color=&#8221;#4646c4&#8243; header_3_font_size=&#8221;36px&#8221; header_3_line_height=&#8221;1.4em&#8221; locked=&#8221;off&#8221; global_colors_info=&#8221;{}&#8221;]<\/p>\n<h3><span style=\"color: #383567\">Sonia Regina de Souza<\/span><\/h3>\n<p>CDT de Enfermer\u00eda, Universidad Federal del Estado de R\u00edo de Janeiro<\/p>\n<p>[\/et_pb_text][et_pb_text _builder_version=&#8221;4.17.4&#8243; _module_preset=&#8221;default&#8221; text_font=&#8221;||||||||&#8221; text_font_size=&#8221;18px&#8221; text_line_height=&#8221;1.8em&#8221; global_colors_info=&#8221;{}&#8221;]<\/p>\n<p>Licenciatura em Enfermagem e Obstetr\u00edcia pela Universidade Federal Fluminense, Especialista em Enfermagem Cl\u00ednica e Cir\u00fargica pela Universidade Federal do Estado do Rio de Janeiro, Mestrado em Enfermagem pela Universidade Federal do Estado do Rio de Janeiro e Doutorado em Enfermagem pela Universidade Federal do Rio de Janeiro UFRJ.<\/p>\n<p>&nbsp;<\/p>\n<ul>\n<li><strong>Sess\u00e3o:<\/strong> Apresenta\u00e7\u00e3o dos resultados dos Col\u00e9gios de Doutoramento de Tordesilhas (CDT). (8 de Novembro das<strong> 11:30<\/strong> \u00e0s <strong>12:45<\/strong>)<\/li>\n<\/ul>\n<p>[\/et_pb_text][et_pb_toggle title=&#8221;Curr\u00edculum vitae completo&#8221; open_toggle_background_color=&#8221;#ededed&#8221; closed_toggle_background_color=&#8221;#ededed&#8221; icon_color=&#8221;#aa4635&#8243; open_icon_color=&#8221;#aa4635&#8243; _builder_version=&#8221;4.17.4&#8243; _module_preset=&#8221;default&#8221; title_font=&#8221;|700|||||||&#8221; border_width_all=&#8221;0px&#8221; global_colors_info=&#8221;{}&#8221;]<\/p>\n<p>Licenciado em Enfermagem e Obstetr\u00edcia pela Universidade Federal Fluminense (1995), Especialista em Enfermagem Cl\u00ednica e Cir\u00fargica pela Universidade Federal do Estado do Rio de Janeiro (1998 &#8211; UNIRIO), Mestre em Enfermagem pela Universidade Federal do Estado do Rio de Janeiro (2001) e Doutor em Enfermagem pela Universidade Federal do Rio de Janeiro UFRJ (2005). Actualmente \u00e9 Professora Associada IV na Universidade Federal do Estado do Rio de Janeiro.<\/p>\n<p>Trabalha em Gradua\u00e7\u00e3o e P\u00f3s-gradua\u00e7\u00e3o: Programa de P\u00f3s-gradua\u00e7\u00e3o em Enfermagem &#8211; Mestrado Acad\u00e9mico &#8211; PPGENF e Programa de P\u00f3s-gradua\u00e7\u00e3o em Sa\u00fade e Tecnologia no Espa\u00e7o Hospitalar. Mestre Profissional (PPGSTEH). Coordenador do Comit\u00e9 de \u00c9tica em Investiga\u00e7\u00e3o da UNIRIO (2013 a 2016) Vice-Director da Escola de Enfermagem Alfredo Pinto\/UNIRIO (2013 a 2016). Director da Escola de Enfermagem Alfredo Pinto (2016 a 2020).<\/p>\n<p>Tem experi\u00eancia em Enfermagem, com \u00eanfase na Sa\u00fade de Adultos e Idosos, discutindo situa\u00e7\u00f5es cl\u00ednicas e cir\u00fargicas, Modelos de Cuidados em Oncologia e Pr\u00e1tica Avan\u00e7ada. Coordenador do Projecto de Extens\u00e3o da Gest\u00e3o de Feridas &#8211; Integra\u00e7\u00e3o Ensino-Servi\u00e7o. L\u00edder do Grupo de Investiga\u00e7\u00e3o em Enfermagem e Sa\u00fade da Popula\u00e7\u00e3o (UNIRIO) e membro do Laborat\u00f3rio de Investiga\u00e7\u00e3o em Resili\u00eancia em Enfermagem (LAPRENF). Director do Col\u00e9gio de Doutoramento de Enfermagem de Tordesilhas (CDTE). P\u00f3s-doutorado no PROGRAMA ACAD\u00caMICO EM CI\u00caNCIAS DA SA\u00daDE (PACCS) da UNIVERSIDADE FEDERAL FLUMINENSE.<\/p>\n<p>[\/et_pb_toggle][\/et_pb_column][\/et_pb_row][et_pb_row column_structure=&#8221;1_3,2_3&#8243; _builder_version=&#8221;4.16&#8243; _module_preset=&#8221;default&#8221; custom_margin=&#8221;|||&#8221; custom_padding=&#8221;40px|0px|40px|0px&#8221; global_colors_info=&#8221;{}&#8221;][et_pb_column type=&#8221;1_3&#8243; _builder_version=&#8221;4.16&#8243; _module_preset=&#8221;default&#8221; custom_padding=&#8221;|||&#8221; global_colors_info=&#8221;{}&#8221; custom_padding__hover=&#8221;|||&#8221;][et_pb_image src=&#8221;https:\/\/tordesillasdoctoral.umh.es\/files\/2022\/10\/Ana_Trevisan.jpg&#8221; title_text=&#8221;Ana_Trevisan&#8221; _builder_version=&#8221;4.17.4&#8243; _module_preset=&#8221;default&#8221; custom_margin=&#8221;|||&#8221; custom_margin_tablet=&#8221;90px|||&#8221; custom_margin_last_edited=&#8221;off|desktop&#8221; always_center_on_mobile=&#8221;off&#8221; locked=&#8221;off&#8221; global_colors_info=&#8221;{}&#8221;][\/et_pb_image][\/et_pb_column][et_pb_column type=&#8221;2_3&#8243; _builder_version=&#8221;4.16&#8243; _module_preset=&#8221;default&#8221; custom_padding=&#8221;|||&#8221; global_colors_info=&#8221;{}&#8221; custom_padding__hover=&#8221;|||&#8221;][et_pb_text _builder_version=&#8221;4.17.4&#8243; _module_preset=&#8221;default&#8221; text_font=&#8221;||||||||&#8221; text_text_color=&#8221;#7e7f93&#8243; text_font_size=&#8221;18px&#8221; header_font=&#8221;||||||||&#8221; header_3_font=&#8221;Merriweather|700|||||||&#8221; header_3_text_color=&#8221;#4646c4&#8243; header_3_font_size=&#8221;36px&#8221; header_3_line_height=&#8221;1.4em&#8221; locked=&#8221;off&#8221; global_colors_info=&#8221;{}&#8221;]<\/p>\n<h3><span style=\"color: #383567\">L\u00facia Trevisan<\/span><\/h3>\n<p>CDT em L\u00ednguas, Culturas e Sociedades, Universidade Presbiteriana Mackenzie<\/p>\n<p>[\/et_pb_text][et_pb_text _builder_version=&#8221;4.17.4&#8243; _module_preset=&#8221;default&#8221; text_font=&#8221;||||||||&#8221; text_font_size=&#8221;18px&#8221; text_line_height=&#8221;1.8em&#8221; global_colors_info=&#8221;{}&#8221;]<\/p>\n<p>Doutoramento em Literatura pela Universidade de S\u00e3o Paulo na \u00e1rea da Literatura Espanhola e Hispano-Americana.<\/p>\n<p>&nbsp;<\/p>\n<ul>\n<li><strong>Sess\u00e3o:<\/strong> Apresenta\u00e7\u00e3o dos resultados dos Colegios Doctorales Tordesillas (CDT). (8 de Novembro das <strong>11:30<\/strong> \u00e0s <strong>12:45<\/strong>)<\/li>\n<\/ul>\n<p>[\/et_pb_text][et_pb_toggle title=&#8221;Curr\u00edculum vitae completo&#8221; open_toggle_background_color=&#8221;#ededed&#8221; closed_toggle_background_color=&#8221;#ededed&#8221; icon_color=&#8221;#aa4635&#8243; open_icon_color=&#8221;#aa4635&#8243; _builder_version=&#8221;4.17.4&#8243; _module_preset=&#8221;default&#8221; title_font=&#8221;|700|||||||&#8221; border_width_all=&#8221;0px&#8221; global_colors_info=&#8221;{}&#8221;]<\/p>\n<p>Ana L\u00facia Trevisan \u00e9 doutorada em Literatura pela Universidade de S\u00e3o Paulo na \u00e1rea da Literatura Espanhola e Latino-Americana.<\/p>\n<p>Actualmente \u00e9 professora no Programa de P\u00f3s-Gradua\u00e7\u00e3o em Literatura da Universidade Presbiteriana Mackenzie, onde realiza investiga\u00e7\u00e3o na \u00e1rea dos estudos liter\u00e1rios com \u00eanfase na literatura brasileira e hispano-americana, principalmente em quest\u00f5es relacionadas com a literatura latino-americana contempor\u00e2nea, as rela\u00e7\u00f5es dial\u00f3gicas entre o discurso hist\u00f3rico e liter\u00e1rio, e os limites da narrativa fant\u00e1stica.<\/p>\n<p>Nos \u00faltimos anos tem apresentado trabalhos em confer\u00eancias nacionais e internacionais e tem publicado ensaios em revistas liter\u00e1rias, bem como cap\u00edtulos em livros no Brasil e no estrangeiro. Publicou o livro O espelho fragmentado de Carlos Fuentes: literatura e hist\u00f3ria em Terra Nostra (2008), que estuda os limites do discurso hist\u00f3rico e liter\u00e1rio e reflecte sobre a cultura ib\u00e9rica e latino-americana.<\/p>\n<p>[\/et_pb_toggle][\/et_pb_column][\/et_pb_row][et_pb_row column_structure=&#8221;1_3,2_3&#8243; _builder_version=&#8221;4.16&#8243; _module_preset=&#8221;default&#8221; custom_margin=&#8221;|||&#8221; custom_padding=&#8221;40px|0px|40px|0px&#8221; global_colors_info=&#8221;{}&#8221;][et_pb_column type=&#8221;1_3&#8243; _builder_version=&#8221;4.16&#8243; _module_preset=&#8221;default&#8221; custom_padding=&#8221;|||&#8221; global_colors_info=&#8221;{}&#8221; custom_padding__hover=&#8221;|||&#8221;][et_pb_image src=&#8221;https:\/\/tordesillasdoctoral.umh.es\/files\/2022\/11\/Sin-titulo-1.jpg&#8221; title_text=&#8221;Sin-t\u00edtulo-1&#8243; _builder_version=&#8221;4.17.4&#8243; _module_preset=&#8221;default&#8221; custom_margin=&#8221;|||&#8221; custom_margin_tablet=&#8221;90px|||&#8221; custom_margin_last_edited=&#8221;off|desktop&#8221; always_center_on_mobile=&#8221;off&#8221; locked=&#8221;off&#8221; global_colors_info=&#8221;{}&#8221;][\/et_pb_image][\/et_pb_column][et_pb_column type=&#8221;2_3&#8243; _builder_version=&#8221;4.16&#8243; _module_preset=&#8221;default&#8221; custom_padding=&#8221;|||&#8221; global_colors_info=&#8221;{}&#8221; custom_padding__hover=&#8221;|||&#8221;][et_pb_text _builder_version=&#8221;4.17.4&#8243; _module_preset=&#8221;default&#8221; text_font=&#8221;||||||||&#8221; text_text_color=&#8221;#7e7f93&#8243; text_font_size=&#8221;18px&#8221; header_font=&#8221;||||||||&#8221; header_3_font=&#8221;Merriweather|700|||||||&#8221; header_3_text_color=&#8221;#4646c4&#8243; header_3_font_size=&#8221;36px&#8221; header_3_line_height=&#8221;1.4em&#8221; locked=&#8221;off&#8221; global_colors_info=&#8221;{}&#8221;]<\/p>\n<h3><span style=\"color: #383567\">Patricia Barba<\/span><\/h3>\n<p><span>CDT em Psicologia da Educa\u00e7\u00e3o, Universidade de Barcelona<\/span><\/p>\n<p>[\/et_pb_text][et_pb_text _builder_version=&#8221;4.17.4&#8243; _module_preset=&#8221;default&#8221; text_font=&#8221;||||||||&#8221; text_font_size=&#8221;18px&#8221; text_line_height=&#8221;1.8em&#8221; global_colors_info=&#8221;{}&#8221;]<\/p>\n<p>.<\/p>\n<p>&nbsp;<\/p>\n<ul>\n<li><strong>Sess\u00e3o:<\/strong> Apresenta\u00e7\u00e3o dos resultados dos Col\u00e9gios de Doutoramento de Tordesilhas (CDT). (8 de Novembro das <strong>11:30<\/strong> \u00e0s <strong>12:45<\/strong>)<\/li>\n<\/ul>\n<p>[\/et_pb_text][et_pb_toggle title=&#8221;Curr\u00edculum vitae completo&#8221; open_toggle_background_color=&#8221;#ededed&#8221; closed_toggle_background_color=&#8221;#ededed&#8221; icon_color=&#8221;#aa4635&#8243; open_icon_color=&#8221;#aa4635&#8243; disabled_on=&#8221;on|on|on&#8221; _builder_version=&#8221;4.17.4&#8243; _module_preset=&#8221;default&#8221; title_font=&#8221;|700|||||||&#8221; border_width_all=&#8221;0px&#8221; disabled=&#8221;on&#8221; global_colors_info=&#8221;{}&#8221;]<\/p>\n<p>Mar\u00eda Pastor Valero \u00e9 licenciada em Medicina e Cirurgia (U. de Alicante), com estudos de p\u00f3s-gradua\u00e7\u00e3o na Universidade de Londres: Diploma em Medicina Tropical e Higiene London School of Hygiene and Tropical Medicine (LSHTM), Mestrado em Ci\u00eancia da Nutri\u00e7\u00e3o (King&#8217;s College), e Doutoramento em Epidemiologia (LSHTM). A sua carreira profissional abrange dois aspectos, um, desenvolvido a n\u00edvel universit\u00e1rio, primeiro como professor de epidemiologia\/estat\u00edstica para cursos de mestrado no LSHTM, depois como professor doutorado no Departamento de Nutri\u00e7\u00e3o da Faculdade de Sa\u00fade P\u00fablica da Universidade de S\u00e3o Paulo, e outro, como t\u00e9cnico de epidemiologia na Unidade de Doen\u00e7as N\u00e3o Comunit\u00e1veis da Organiza\u00e7\u00e3o Pan-Americana da Sa\u00fade (Washington), e como t\u00e9cnico na Ag\u00eancia para a Avalia\u00e7\u00e3o de Novas Tecnologias da Sa\u00fade (Sevilha). Actualmente \u00e9 Professora de Medicina Preventiva e Sa\u00fade P\u00fablica na Universidade Miguel Hern\u00e1ndez de Elche (UMH), e directora da \u00c1rea Internacional de Doutoramento, Vice-Reitoria de Rela\u00e7\u00f5es Internacionais da UMH. Ensina nos cursos de Medicina e Farm\u00e1cia, e em v\u00e1rios cursos oficiais de p\u00f3s-gradua\u00e7\u00e3o nacionais e internacionais. \u00c9 professora visitante nas Universidades de S\u00e3o Paulo e do Porto.<\/p>\n<p>Coordena o Col\u00e9gio Doutoral de Tordesilhas entre as Faculdades de Medicina de S\u00e3o Paulo, Porto e UMH. Na investiga\u00e7\u00e3o tem trabalhado especialmente nos determinantes das doen\u00e7as cr\u00f3nicas, com especial \u00eanfase nas exposi\u00e7\u00f5es nutricionais e ambientais.<\/p>\n<p>[\/et_pb_toggle][\/et_pb_column][\/et_pb_row][et_pb_row column_structure=&#8221;1_3,2_3&#8243; _builder_version=&#8221;4.16&#8243; _module_preset=&#8221;default&#8221; custom_margin=&#8221;|||&#8221; custom_padding=&#8221;40px|0px|40px|0px&#8221; global_colors_info=&#8221;{}&#8221;][et_pb_column type=&#8221;1_3&#8243; _builder_version=&#8221;4.16&#8243; _module_preset=&#8221;default&#8221; custom_padding=&#8221;|||&#8221; global_colors_info=&#8221;{}&#8221; custom_padding__hover=&#8221;|||&#8221;][et_pb_image src=&#8221;https:\/\/tordesillasdoctoral.umh.es\/files\/2022\/10\/Maria-Pastor.jpg&#8221; title_text=&#8221;Mar\u00eda-Pastor&#8221; _builder_version=&#8221;4.17.4&#8243; _module_preset=&#8221;default&#8221; custom_margin=&#8221;|||&#8221; custom_margin_tablet=&#8221;90px|||&#8221; custom_margin_last_edited=&#8221;off|desktop&#8221; always_center_on_mobile=&#8221;off&#8221; locked=&#8221;off&#8221; global_colors_info=&#8221;{}&#8221;][\/et_pb_image][\/et_pb_column][et_pb_column type=&#8221;2_3&#8243; _builder_version=&#8221;4.16&#8243; _module_preset=&#8221;default&#8221; custom_padding=&#8221;|||&#8221; global_colors_info=&#8221;{}&#8221; custom_padding__hover=&#8221;|||&#8221;][et_pb_text _builder_version=&#8221;4.17.4&#8243; _module_preset=&#8221;default&#8221; text_font=&#8221;||||||||&#8221; text_text_color=&#8221;#7e7f93&#8243; text_font_size=&#8221;18px&#8221; header_font=&#8221;||||||||&#8221; header_3_font=&#8221;Merriweather|700|||||||&#8221; header_3_text_color=&#8221;#4646c4&#8243; header_3_font_size=&#8221;36px&#8221; header_3_line_height=&#8221;1.4em&#8221; locked=&#8221;off&#8221; global_colors_info=&#8221;{}&#8221;]<\/p>\n<h3><span style=\"color: #383567\">Mar\u00eda Pastor<\/span><\/h3>\n<p><span>Docente no <a href=\"https:\/\/www.umh.es\/contenido\/Estudios\/:persona_148134\/datos_es.html\" target=\"_blank\" rel=\"noopener\">Departamento de Sa\u00fade P\u00fablica<\/a> da Universidade Miguel Hern\u00e1ndez de Elche<\/span><\/p>\n<p>[\/et_pb_text][et_pb_text _builder_version=&#8221;4.17.4&#8243; _module_preset=&#8221;default&#8221; text_font=&#8221;||||||||&#8221; text_font_size=&#8221;18px&#8221; text_line_height=&#8221;1.8em&#8221; global_colors_info=&#8221;{}&#8221;]<\/p>\n<p>Coordenador do CDT de Sa\u00fade P\u00fablica e Hist\u00f3ria da Ci\u00eancia. Professor do Departamento de Sa\u00fade P\u00fablica da Universidade Miguel Hern\u00e1ndez, membro da Comiss\u00e3o de Ensino do Programa de Doutoramento e Director da \u00c1rea Internacional de Doutoramento da UMH.<\/p>\n<p>&nbsp;<\/p>\n<ul>\n<li><strong>Sess\u00e3o:<\/strong> Apresenta\u00e7\u00e3o dos resultados dos Col\u00e9gios de Doutoramento de Tordesilhas (CDT). (8 de Novembro das <strong>11:30<\/strong> \u00e0s <strong>12:45<\/strong>)<\/li>\n<\/ul>\n<p>[\/et_pb_text][et_pb_toggle title=&#8221;Curr\u00edculum vitae completo&#8221; open_toggle_background_color=&#8221;#ededed&#8221; closed_toggle_background_color=&#8221;#ededed&#8221; icon_color=&#8221;#aa4635&#8243; open_icon_color=&#8221;#aa4635&#8243; _builder_version=&#8221;4.17.4&#8243; _module_preset=&#8221;default&#8221; title_font=&#8221;|700|||||||&#8221; border_width_all=&#8221;0px&#8221; global_colors_info=&#8221;{}&#8221;]<\/p>\n<p>Mar\u00eda Pastor Valero \u00e9 licenciada em Medicina e Cirurgia (U. de Alicante), com estudos de p\u00f3s-gradua\u00e7\u00e3o na Universidade de Londres: Diploma em Medicina Tropical e Higiene London School of Hygiene and Tropical Medicine (LSHTM), Mestrado em Ci\u00eancia da Nutri\u00e7\u00e3o (King&#8217;s College), e Doutoramento em Epidemiologia (LSHTM). A sua carreira profissional abrange dois aspectos, um, desenvolvido a n\u00edvel universit\u00e1rio, primeiro como professor de epidemiologia\/estat\u00edstica para cursos de mestrado no LSHTM, depois como professor doutorado no Departamento de Nutri\u00e7\u00e3o da Faculdade de Sa\u00fade P\u00fablica da Universidade de S\u00e3o Paulo, e outro, como t\u00e9cnico de epidemiologia na Unidade de Doen\u00e7as N\u00e3o Comunit\u00e1veis da Organiza\u00e7\u00e3o Pan-Americana da Sa\u00fade (Washington), e como t\u00e9cnico na Ag\u00eancia para a Avalia\u00e7\u00e3o de Novas Tecnologias da Sa\u00fade (Sevilha). Actualmente \u00e9 Professora de Medicina Preventiva e Sa\u00fade P\u00fablica na Universidade Miguel Hern\u00e1ndez de Elche (UMH), e directora da \u00c1rea Internacional de Doutoramento, Vice-Reitoria de Rela\u00e7\u00f5es Internacionais da UMH. Ensina nos cursos de Medicina e Farm\u00e1cia, e em v\u00e1rios cursos oficiais de p\u00f3s-gradua\u00e7\u00e3o nacionais e internacionais. \u00c9 professora visitante nas Universidades de S\u00e3o Paulo e do Porto.<\/p>\n<p>Coordena o Col\u00e9gio Doutoral de Tordesilhas entre as Faculdades de Medicina de S\u00e3o Paulo, Porto e UMH. Na investiga\u00e7\u00e3o tem trabalhado especialmente nos determinantes das doen\u00e7as cr\u00f3nicas, com especial \u00eanfase nas exposi\u00e7\u00f5es nutricionais e ambientais.<\/p>\n<p>[\/et_pb_toggle][\/et_pb_column][\/et_pb_row][et_pb_row column_structure=&#8221;1_3,2_3&#8243; _builder_version=&#8221;4.16&#8243; _module_preset=&#8221;default&#8221; custom_margin=&#8221;|||&#8221; custom_padding=&#8221;40px|0px|40px|0px&#8221; global_colors_info=&#8221;{}&#8221;][et_pb_column type=&#8221;1_3&#8243; _builder_version=&#8221;4.16&#8243; _module_preset=&#8221;default&#8221; custom_padding=&#8221;|||&#8221; global_colors_info=&#8221;{}&#8221; custom_padding__hover=&#8221;|||&#8221;][et_pb_image src=&#8221;https:\/\/tordesillasdoctoral.umh.es\/files\/2022\/10\/Vicente-Micol.jpg&#8221; title_text=&#8221;Vicente-Micol&#8221; _builder_version=&#8221;4.17.4&#8243; _module_preset=&#8221;default&#8221; custom_margin=&#8221;|||&#8221; custom_margin_tablet=&#8221;90px|||&#8221; custom_margin_last_edited=&#8221;off|desktop&#8221; always_center_on_mobile=&#8221;off&#8221; locked=&#8221;off&#8221; global_colors_info=&#8221;{}&#8221;][\/et_pb_image][\/et_pb_column][et_pb_column type=&#8221;2_3&#8243; _builder_version=&#8221;4.16&#8243; _module_preset=&#8221;default&#8221; custom_padding=&#8221;|||&#8221; global_colors_info=&#8221;{}&#8221; custom_padding__hover=&#8221;|||&#8221;][et_pb_text _builder_version=&#8221;4.17.4&#8243; _module_preset=&#8221;default&#8221; text_font=&#8221;||||||||&#8221; text_text_color=&#8221;#7e7f93&#8243; text_font_size=&#8221;18px&#8221; header_font=&#8221;||||||||&#8221; header_3_font=&#8221;Merriweather|700|||||||&#8221; header_3_text_color=&#8221;#4646c4&#8243; header_3_font_size=&#8221;36px&#8221; header_3_line_height=&#8221;1.4em&#8221; locked=&#8221;off&#8221; global_colors_info=&#8221;{}&#8221;]<\/p>\n<h3><span style=\"color: #383567\">Vicente Micol<\/span><\/h3>\n<p>Vice-Reitor para as Rela\u00e7\u00f5es Internacionais na Universidade Miguel Hern\u00e1ndez de Elche<\/p>\n<p>[\/et_pb_text][et_pb_text _builder_version=&#8221;4.17.4&#8243; _module_preset=&#8221;default&#8221; text_font=&#8221;||||||||&#8221; text_font_size=&#8221;18px&#8221; text_line_height=&#8221;1.8em&#8221; global_colors_info=&#8221;{}&#8221;]<\/p>\n<p>Investigador no <a href=\"https:\/\/idibe.umh.es\/es\/\">Instituto de Investiga\u00e7\u00e3o, Desenvolvimento e Inova\u00e7\u00e3o em Biotecnologia da Sa\u00fade em Elche<\/a>, Professor na Universidade Miguel Hern\u00e1ndez na \u00e1rea de Bioqu\u00edmica e Biologia Molecular. Tem um doutoramento pela Universidade de M\u00farcia..<\/p>\n<p>&nbsp;<\/p>\n<ul>\n<li><strong>Sess\u00e3o:<\/strong> Apresenta\u00e7\u00e3o dos resultados dos Col\u00e9gios de Doutoramento de Tordesilhas (CDT). (8 de Novembro das <strong>11:30<\/strong> \u00e0s <strong>12:45<\/strong>)<\/li>\n<\/ul>\n<p>[\/et_pb_text][et_pb_toggle title=&#8221;Curr\u00edculum vitae completo&#8221; open_toggle_background_color=&#8221;#ededed&#8221; closed_toggle_background_color=&#8221;#ededed&#8221; icon_color=&#8221;#aa4635&#8243; open_icon_color=&#8221;#aa4635&#8243; _builder_version=&#8221;4.17.4&#8243; _module_preset=&#8221;default&#8221; title_font=&#8221;|700|||||||&#8221; border_width_all=&#8221;0px&#8221; global_colors_info=&#8221;{}&#8221;]<\/p>\n<p>Vicente Micol Molina \u00e9 Vice-Reitor de Rela\u00e7\u00f5es Internacionais na Universidade Miguel Hern\u00e1ndez. \u00c9 respons\u00e1vel pela internacionaliza\u00e7\u00e3o da UMH atrav\u00e9s do desenvolvimento das rela\u00e7\u00f5es com universidades e institui\u00e7\u00f5es acad\u00e9micas de outros pa\u00edses e da gest\u00e3o da mobilidade acad\u00e9mica. Promove tamb\u00e9m a promo\u00e7\u00e3o de projectos internacionais no dom\u00ednio do ensino superior e a participa\u00e7\u00e3o em actividades de coopera\u00e7\u00e3o para o desenvolvimento e voluntariado.<\/p>\n<p>Vicente Micol \u00e9 investigador no Instituto de Investiga\u00e7\u00e3o, Desenvolvimento e Inova\u00e7\u00e3o em Biotecnologia da Sa\u00fade em Elche e professor na Universidade Miguel Hern\u00e1ndez na \u00e1rea de Bioqu\u00edmica e Biologia Molecular. \u00c9 doutorado pela Universidade de M\u00farcia e desenvolveu a sua actividade de investiga\u00e7\u00e3o atrav\u00e9s de institui\u00e7\u00f5es acad\u00e9micas e entidades privadas na \u00c1sia e nos Estados Unidos da Am\u00e9rica.<\/p>\n<p>As principais fun\u00e7\u00f5es da Vice-Reitoria para as Rela\u00e7\u00f5es Internacionais s\u00e3o:<\/p>\n<ul>\n<li>Rela\u00e7\u00f5es internacionais, colabora\u00e7\u00e3o e acordos com outras universidades, institui\u00e7\u00f5es e entidades.<\/li>\n<li>Programas de interc\u00e2mbio internacional.<\/li>\n<li>Bolsas internacionais, excepto para bolsas de investiga\u00e7\u00e3o.<\/li>\n<li>Bolsas internacionais, excepto para bolsas de investiga\u00e7\u00e3o.<\/li>\n<li>A presen\u00e7a da Universidade Miguel Hern\u00e1ndez em f\u00f3runs internacionais.<\/li>\n<li>O planeamento e execu\u00e7\u00e3o de programas internacionais, por si s\u00f3 ou em coordena\u00e7\u00e3o com outros organismos da Universidade Miguel Hern\u00e1ndez.<\/li>\n<li>Programas de interc\u00e2mbio de estudantes nacionais e internacionais.<\/li>\n<li>O poder de autorizar e organizar despesas, e tamb\u00e9m de ordenar pagamentos no \u00e2mbito das suas compet\u00eancias.<\/li>\n<li>A assinatura, em nome da Universidade Miguel Hern\u00e1ndez, de contratos, acordos, ou pactos em mat\u00e9rias da sua compet\u00eancia.<\/li>\n<li>A coordena\u00e7\u00e3o da Coopera\u00e7\u00e3o para o Desenvolvimento e do Voluntariado Universit\u00e1rio.<\/li>\n<li>Representa\u00e7\u00e3o institucional da Universidade Miguel Hern\u00e1ndez em f\u00f3runs de coopera\u00e7\u00e3o.<\/li>\n<li>Programas de Coopera\u00e7\u00e3o Universit\u00e1ria da Ag\u00eancia Espanhola para a Coopera\u00e7\u00e3o Internacional.<\/li>\n<li>Projectos e ac\u00e7\u00f5es de Coopera\u00e7\u00e3o para o Desenvolvimento.<\/li>\n<\/ul>\n<p>[\/et_pb_toggle][\/et_pb_column][\/et_pb_row][et_pb_row column_structure=&#8221;1_3,2_3&#8243; _builder_version=&#8221;4.16&#8243; _module_preset=&#8221;default&#8221; custom_margin=&#8221;|||&#8221; custom_padding=&#8221;40px|0px|40px|0px&#8221; global_colors_info=&#8221;{}&#8221;][et_pb_column type=&#8221;1_3&#8243; _builder_version=&#8221;4.16&#8243; _module_preset=&#8221;default&#8221; custom_padding=&#8221;|||&#8221; global_colors_info=&#8221;{}&#8221; custom_padding__hover=&#8221;|||&#8221;][et_pb_image src=&#8221;https:\/\/tordesillasdoctoral.umh.es\/files\/2022\/08\/Antonio-Lafuente.jpg&#8221; title_text=&#8221;Antonio-Lafuente&#8221; _builder_version=&#8221;4.17.4&#8243; _module_preset=&#8221;default&#8221; custom_margin=&#8221;|||&#8221; custom_margin_tablet=&#8221;90px|||&#8221; custom_margin_last_edited=&#8221;off|desktop&#8221; always_center_on_mobile=&#8221;off&#8221; locked=&#8221;off&#8221; global_colors_info=&#8221;{}&#8221;][\/et_pb_image][et_pb_social_media_follow _builder_version=&#8221;4.17.4&#8243; _module_preset=&#8221;default&#8221; text_orientation=&#8221;center&#8221; locked=&#8221;off&#8221; global_colors_info=&#8221;{}&#8221;][et_pb_social_media_follow_network social_network=&#8221;twitter&#8221; url=&#8221;https:\/\/twitter.com\/alafuente&#8221; _builder_version=&#8221;4.17.4&#8243; _module_preset=&#8221;default&#8221; background_color=&#8221;#00aced&#8221; global_colors_info=&#8221;{}&#8221; follow_button=&#8221;off&#8221; url_new_window=&#8221;on&#8221;]twitter[\/et_pb_social_media_follow_network][\/et_pb_social_media_follow][\/et_pb_column][et_pb_column type=&#8221;2_3&#8243; _builder_version=&#8221;4.16&#8243; _module_preset=&#8221;default&#8221; custom_padding=&#8221;|||&#8221; global_colors_info=&#8221;{}&#8221; custom_padding__hover=&#8221;|||&#8221;][et_pb_text _builder_version=&#8221;4.17.4&#8243; _module_preset=&#8221;default&#8221; text_font=&#8221;||||||||&#8221; text_text_color=&#8221;#7e7f93&#8243; text_font_size=&#8221;18px&#8221; header_font=&#8221;||||||||&#8221; header_3_font=&#8221;Merriweather|700|||||||&#8221; header_3_text_color=&#8221;#4646c4&#8243; header_3_font_size=&#8221;36px&#8221; header_3_line_height=&#8221;1.4em&#8221; locked=&#8221;off&#8221; global_colors_info=&#8221;{}&#8221;]<\/p>\n<h3><span style=\"color: #383567\">Antonio Lafuente<\/span><\/h3>\n<p><span style=\"font-weight: 400\">Investigador do <a href=\"http:\/\/cchs.csic.es\/es\/personal\/antonio.lafuente\" target=\"_blank\" rel=\"noopener\">Centro de Ci\u00eancias Humanas e Sociais do CSIC<\/a><\/span><\/p>\n<p>[\/et_pb_text][et_pb_text _builder_version=&#8221;4.17.4&#8243; _module_preset=&#8221;default&#8221; text_font=&#8221;||||||||&#8221; text_font_size=&#8221;18px&#8221; text_line_height=&#8221;1.8em&#8221; global_colors_info=&#8221;{}&#8221;]<\/p>\n<p><span style=\"font-weight: 400\">Doutorado em ci\u00eancias f\u00edsicas, trabalha no Centro de Ci\u00eancias Humanas e Sociais do Centro Superior de Investiga\u00e7\u00f5es Cient\u00edficas.\u00a0 Publicou duas dezenas de livros e mais de cem artigos ou cap\u00edtulos de livro. Atualmente coordena a web La Aventura de Aprender (A Aventura de Aprender).<\/span><\/p>\n<ul>\n<li><span style=\"font-weight: 400\"><strong>Sess\u00e3o:<\/strong> Confer\u00eancia de clausura. (8 de novembro de <strong>13:45<\/strong> a <strong>14:30<\/strong>)<\/span><\/li>\n<\/ul>\n<p>[\/et_pb_text][et_pb_toggle title=&#8221;Curr\u00edculum vitae completo&#8221; open_toggle_background_color=&#8221;#ededed&#8221; closed_toggle_background_color=&#8221;#ededed&#8221; icon_color=&#8221;#aa4635&#8243; open_icon_color=&#8221;#aa4635&#8243; _builder_version=&#8221;4.17.4&#8243; _module_preset=&#8221;default&#8221; title_font=&#8221;|700|||||||&#8221; border_width_all=&#8221;0px&#8221; global_colors_info=&#8221;{}&#8221;]<\/p>\n<p><span style=\"font-weight: 400\">Antonio Lafuente (Granada) \u00e9 doutorado em ci\u00eancias f\u00edsicas e trabalha no Centro de Ci\u00eancias Humanas e Sociais (CSIC, Madrid). Publicou duas dezenas de livros e mais de cem artigos ou cap\u00edtulos de livro, muitos deles em revistas ou publica\u00e7\u00f5es internacionais. Dirigiu cole\u00e7\u00f5es editoriais sobre ci\u00eancia e, dentre os seus livros com maior destaque h\u00e1 que citar\u00a0\u2018\u2019<\/span><i><span style=\"font-weight: 400\">Los caballeros del punto fijo\u2019\u2019 <\/span><\/i><span style=\"font-weight: 400\">(Os cavaleiros do ponto fixo) (1987),\u2019\u2019\u00a0<\/span><i><span style=\"font-weight: 400\">Mundializaci\u00f3n de la ciencia y cultura nacional\u2019\u2019<\/span><\/i><span style=\"font-weight: 400\">\u00a0(Mundializa\u00e7\u00e3o da ci\u00eancia e cultura nacional) (1992),\u00a0\u2018\u2019<\/span><i><span style=\"font-weight: 400\">Ciencia colonial en Am\u00e9rica\u2019\u2019<\/span><\/i><span style=\"font-weight: 400\">\u00a0(Ci\u00eancia colonial na Am\u00e9rica) (1996),\u00a0\u2018\u2019<\/span><i><span style=\"font-weight: 400\">Gu\u00eda del Madrid Cient\u00edfico: ciencia y corte\u2019\u2019<\/span><\/i><span style=\"font-weight: 400\">\u00a0(Guia de Madrid Cient\u00edfico: ci\u00eancia e corte) (1998),\u00a0\u2018\u2019<\/span><i><span style=\"font-weight: 400\">El carnaval de la tecnociencia\u2019\u2019<\/span><\/i><span style=\"font-weight: 400\">\u00a0(O carnaval da tecnoci\u00eancia) (2007),\u00a0\u2018\u2019<\/span><i><span style=\"font-weight: 400\">Las dos orillas de la ciencia\u2019\u2019 (As duas margens da ci\u00eancia) <\/span><\/i><span style=\"font-weight: 400\">\u00a0(2012) e\u00a0\u2018\u2019<\/span><i><span style=\"font-weight: 400\">\u00a1Todos sabios!\u2019\u2019 (Todos s\u00e1bios!)<\/span><\/i><span style=\"font-weight: 400\">\u00a0(2013). Recentemente publicou\u00a0<\/span><a href=\"blank\"><i><span style=\"font-weight: 400\">slowU. Uma proposta para a transforma\u00e7\u00e3o da Universidade<\/span><\/i><\/a><span style=\"font-weight: 400\">\u00a0(2020).\u00a0<\/span><\/p>\n<p><span style=\"font-weight: 400\">Ap\u00f3s muitos anos a explorar como se coproduzem a ci\u00eancia e o imp\u00e9rio ou como a ci\u00eancia n\u00e3o pode sobreviver sem os seus p\u00fablicos, agora est\u00e1 mais interessado na escala urbana da ci\u00eancia e, mais concretamente, nas pr\u00e1ticas associadas \u00e0s no\u00e7\u00f5es de procomum (espa\u00e7o de utilidade p\u00fablica), prot\u00f3tipo, laborat\u00f3rio cidad\u00e3o e ci\u00eancia aberta. Foi coordenador do\u00a0<\/span><a href=\"blank\"><span style=\"font-weight: 400\">Laborat\u00f3rio do Procomum<\/span><\/a><span style=\"font-weight: 400\">\u00a0entre 2007 e 2017 (MediaLab-Prado, Madrid). Atualmente coordena a web\u00a0<\/span><a href=\"blank\"><span style=\"font-weight: 400\">A Aventura de Aprender<\/span><\/a><span style=\"font-weight: 400\">, uma plataforma onde se defende que os movimentos cidad\u00e3os sociais e coletivos, entendidos como comunidades de aprendizagem que articulam exig\u00eancias locais, devem fazer parte do sistema educativo. Coordenou a estrutura\u00e7\u00e3o e elabora\u00e7\u00e3o do desafio Humanidades Digitais contido no livro branco sobre\u00a0<\/span><a href=\"blank\"><span style=\"font-weight: 400\">Digital and Complex Information<\/span><\/a><span style=\"font-weight: 400\">\u00a0promovido pelo CSIC.<\/span><\/p>\n<p><span style=\"font-weight: 400\">Tras muchos a\u00f1os explorando c\u00f3mo ciencia e imperio se coproducen o c\u00f3mo la ciencia no puede sobrevivir sin sus p\u00fablicos, ahora est\u00e1 m\u00e1s interesado en la escala urbana de la ciencia y, en particular, por las pr\u00e1cticas asociadas a las nociones de procom\u00fan, prototipo, laboratorio ciudadano y ciencia abierta. Fue coordinador del <\/span><a href=\"https:\/\/www.medialab-prado.es\/programas\/laboratorio-del-procomun\"><span style=\"font-weight: 400\">Laboratorio del Procom\u00fan<\/span><\/a><span style=\"font-weight: 400\"> entre 2007 y 2017 (MediaLab-Prado, Madrid). Actualmente coordina la web <\/span><a href=\"http:\/\/laaventuradeaprender.intef.es\/guias\"><span style=\"font-weight: 400\">La Aventura de Aprender<\/span><\/a><span style=\"font-weight: 400\">, una plataforma donde se sostiene que los movimientos sociales y colectivos ciudadanos, entendidos como comunidades de aprendizaje que articulan demandas locales, deber\u00edan ser parte del sistema educativo. Ha coordinado la vertebraci\u00f3n y redacci\u00f3n del desaf\u00edo Humanidades Digitales contenido en el libro blanco que sobre <\/span><a href=\"https:\/\/digital.csic.es\/handle\/10261\/2293\"><span style=\"font-weight: 400\">Digital and Complex Information<\/span><\/a><span style=\"font-weight: 400\"> ha promovido el CSIC.<\/span><\/p>\n<p>[\/et_pb_toggle][\/et_pb_column][\/et_pb_row][\/et_pb_section][et_pb_section fb_built=&#8221;1&#8243; specialty=&#8221;on&#8221; _builder_version=&#8221;4.17.4&#8243; _module_preset=&#8221;default&#8221; background_color=&#8221;#383567&#8243; custom_margin=&#8221;||-172px|||&#8221; custom_padding=&#8221;||87px|||&#8221; saved_tabs=&#8221;all&#8221; global_colors_info=&#8221;{}&#8221;][et_pb_column type=&#8221;1_2&#8243; _builder_version=&#8221;4.16&#8243; custom_padding=&#8221;|||&#8221; global_colors_info=&#8221;{}&#8221; custom_padding__hover=&#8221;|||&#8221;][et_pb_text _builder_version=&#8221;4.17.4&#8243; _module_preset=&#8221;default&#8221; text_text_color=&#8221;#FFFFFF&#8221; text_font_size=&#8221;27px&#8221; link_option_url=&#8221;https:\/\/tordesillasdoctoral.umh.es\/proteccion-de-datos\/&#8221; global_colors_info=&#8221;{}&#8221;]<\/p>\n<p>Protec\u00e7\u00e3o de dados<\/p>\n<p>[\/et_pb_text][et_pb_social_media_follow _builder_version=&#8221;4.17.4&#8243; _module_preset=&#8221;default&#8221; global_colors_info=&#8221;{}&#8221;][et_pb_social_media_follow_network social_network=&#8221;facebook&#8221; url=&#8221;https:\/\/www.facebook.com\/GlobalUMH\/&#8221; _builder_version=&#8221;4.17.4&#8243; _module_preset=&#8221;default&#8221; background_color=&#8221;#3b5998&#8243; global_colors_info=&#8221;{}&#8221; follow_button=&#8221;off&#8221; url_new_window=&#8221;on&#8221;]facebook[\/et_pb_social_media_follow_network][et_pb_social_media_follow_network social_network=&#8221;twitter&#8221; url=&#8221;https:\/\/twitter.com\/GlobalUMH&#8221; _builder_version=&#8221;4.17.4&#8243; _module_preset=&#8221;default&#8221; background_color=&#8221;#00aced&#8221; global_colors_info=&#8221;{}&#8221; follow_button=&#8221;off&#8221; url_new_window=&#8221;on&#8221;]twitter[\/et_pb_social_media_follow_network][et_pb_social_media_follow_network social_network=&#8221;instagram&#8221; url=&#8221;https:\/\/www.instagram.com\/globalumh\/?hl=es&#8221; _builder_version=&#8221;4.17.4&#8243; _module_preset=&#8221;default&#8221; background_color=&#8221;#ea2c59&#8243; global_colors_info=&#8221;{}&#8221; follow_button=&#8221;off&#8221; url_new_window=&#8221;on&#8221;]instagram[\/et_pb_social_media_follow_network][\/et_pb_social_media_follow][\/et_pb_column][et_pb_column type=&#8221;1_2&#8243; specialty_columns=&#8221;2&#8243; _builder_version=&#8221;4.16&#8243; custom_padding=&#8221;|||&#8221; global_colors_info=&#8221;{}&#8221; custom_padding__hover=&#8221;|||&#8221;][et_pb_row_inner _builder_version=&#8221;4.17.4&#8243; _module_preset=&#8221;default&#8221; custom_margin=&#8221;-43px||||false|false&#8221; custom_padding=&#8221;||0px|||&#8221; global_colors_info=&#8221;{}&#8221;][et_pb_column_inner saved_specialty_column_type=&#8221;1_2&#8243; _builder_version=&#8221;4.17.4&#8243; _module_preset=&#8221;default&#8221; global_colors_info=&#8221;{}&#8221;][et_pb_text admin_label=&#8221;Title&#8221; _builder_version=&#8221;4.17.4&#8243; _module_preset=&#8221;default&#8221; text_font=&#8221;||||||||&#8221; header_font=&#8221;||||||||&#8221; header_2_font=&#8221;Montserrat|700|||||||&#8221; header_2_font_size=&#8221;40px&#8221; header_2_line_height=&#8221;1.3em&#8221; background_layout=&#8221;dark&#8221; module_alignment=&#8221;center&#8221; min_height=&#8221;43px&#8221; custom_margin=&#8221;20px|88px||||&#8221; custom_padding=&#8221;|0px||||&#8221; locked=&#8221;off&#8221; global_colors_info=&#8221;{}&#8221;]<\/p>\n<h2><span style=\"color: #ffffff\">Contacto e inscri\u00e7\u00e3o<\/span><\/h2>\n<p>[\/et_pb_text][et_pb_text _builder_version=&#8221;4.17.4&#8243; _module_preset=&#8221;default&#8221; text_font=&#8221;||||||||&#8221; text_text_color=&#8221;rgba(255,255,255,0.7)&#8221; text_font_size=&#8221;18px&#8221; text_line_height=&#8221;1.8em&#8221; header_font=&#8221;||||||||&#8221; background_layout=&#8221;dark&#8221; width=&#8221;100%&#8221; min_height=&#8221;54.8px&#8221; custom_margin=&#8221;-24px||||false|false&#8221; global_colors_info=&#8221;{}&#8221;]<\/p>\n<p><span style=\"font-weight: 400\">Em caso de qualquer d\u00favida ou imprevisto, n\u00e3o hesite em contactar-nos.<\/span><\/p>\n<p>[\/et_pb_text][\/et_pb_column_inner][\/et_pb_row_inner][et_pb_row_inner column_structure=&#8221;1_3,1_3,1_3&#8243; _builder_version=&#8221;4.17.4&#8243; _module_preset=&#8221;default&#8221; global_colors_info=&#8221;{}&#8221;][et_pb_column_inner type=&#8221;1_3&#8243; saved_specialty_column_type=&#8221;1_2&#8243; _builder_version=&#8221;4.17.4&#8243; _module_preset=&#8221;default&#8221; global_colors_info=&#8221;{}&#8221;][et_pb_button button_url=&#8221;https:\/\/tordesillasdoctoral.umh.es\/contacto\/&#8221; button_text=&#8221;Contacte&#8221; button_alignment=&#8221;right&#8221; _builder_version=&#8221;4.17.4&#8243; _module_preset=&#8221;default&#8221; custom_button=&#8221;on&#8221; button_text_size=&#8221;20px&#8221; button_text_color=&#8221;#FFFFFF&#8221; button_bg_color=&#8221;#aa4635&#8243; button_border_width=&#8221;2px&#8221; global_colors_info=&#8221;{}&#8221;][\/et_pb_button][\/et_pb_column_inner][et_pb_column_inner type=&#8221;1_3&#8243; _builder_version=&#8221;4.17.4&#8243; _module_preset=&#8221;default&#8221; global_colors_info=&#8221;{}&#8221;][et_pb_button button_url=&#8221;https:\/\/tordesillasdoctoral.umh.es\/inscripcion\/&#8221; button_text=&#8221;Inscreva-se&#8221; _builder_version=&#8221;4.17.4&#8243; _module_preset=&#8221;default&#8221; custom_button=&#8221;on&#8221; button_text_color=&#8221;#ffffff&#8221; button_bg_color=&#8221;#c48d3d&#8221; global_colors_info=&#8221;{}&#8221;][\/et_pb_button][\/et_pb_column_inner][et_pb_column_inner type=&#8221;1_3&#8243; saved_specialty_column_type=&#8221;1_2&#8243; _builder_version=&#8221;4.17.4&#8243; _module_preset=&#8221;default&#8221; global_colors_info=&#8221;{}&#8221;][\/et_pb_column_inner][\/et_pb_row_inner][\/et_pb_column][\/et_pb_section]<\/p>\n","protected":false},"excerpt":{"rendered":"<p>Oradores*Por ordem de interven\u00e7\u00e3otwitterrssDaniel Innerarity Catedr\u00e1tico de filosof\u00eda pol\u00edtica, investigador &#8220;Ikerbasque&#8221; en la Universidad del Pa\u00eds Vasco, director del Instituto de Gobernanza Democr\u00e1ticaProfesor en el Instituto Europeo de Florencia, donde es titular de la c\u00e1tedra Artificial Intelligence &amp; Democracy. Ha sido profesor invitado en diversas universidades europeas y americanas. Ha publicado varios ensayos y es [&hellip;]<\/p>\n","protected":false},"author":4886,"featured_media":0,"parent":0,"menu_order":0,"comment_status":"closed","ping_status":"closed","template":"","meta":{"_et_pb_use_builder":"on","_et_pb_old_content":"","_et_gb_content_width":"","_links_to":"","_links_to_target":""},"_links":{"self":[{"href":"https:\/\/tordesillasdoctoral.umh.es\/pt-pt\/wp-json\/wp\/v2\/pages\/4464"}],"collection":[{"href":"https:\/\/tordesillasdoctoral.umh.es\/pt-pt\/wp-json\/wp\/v2\/pages"}],"about":[{"href":"https:\/\/tordesillasdoctoral.umh.es\/pt-pt\/wp-json\/wp\/v2\/types\/page"}],"author":[{"embeddable":true,"href":"https:\/\/tordesillasdoctoral.umh.es\/pt-pt\/wp-json\/wp\/v2\/users\/4886"}],"replies":[{"embeddable":true,"href":"https:\/\/tordesillasdoctoral.umh.es\/pt-pt\/wp-json\/wp\/v2\/comments?post=4464"}],"version-history":[{"count":0,"href":"https:\/\/tordesillasdoctoral.umh.es\/pt-pt\/wp-json\/wp\/v2\/pages\/4464\/revisions"}],"wp:attachment":[{"href":"https:\/\/tordesillasdoctoral.umh.es\/pt-pt\/wp-json\/wp\/v2\/media?parent=4464"}],"curies":[{"name":"wp","href":"https:\/\/api.w.org\/{rel}","templated":true}]}}