{"id":4591,"date":"2022-10-28T09:29:43","date_gmt":"2022-10-28T07:29:43","guid":{"rendered":"https:\/\/tordesillasdoctoral.umh.es\/?page_id=4591"},"modified":"2022-11-03T08:42:02","modified_gmt":"2022-11-03T07:42:02","slug":"programa","status":"publish","type":"page","link":"https:\/\/tordesillasdoctoral.umh.es\/pt-pt\/programa\/","title":{"rendered":"Programa"},"content":{"rendered":"<p>[et_pb_section fb_built=&#8221;1&#8243; custom_padding_last_edited=&#8221;off|desktop&#8221; admin_label=&#8221;hero section&#8221; _builder_version=&#8221;4.17.4&#8243; _module_preset=&#8221;default&#8221; use_background_color_gradient=&#8221;on&#8221; background_color_gradient_stops=&#8221;#ffffff 0%|#e7edf9 100%&#8221; background_color_gradient_start=&#8221;#ffffff&#8221; background_color_gradient_end=&#8221;#e7edf9&#8243; background_image=&#8221;https:\/\/tordesillasdoctoral.umh.es\/files\/2022\/07\/UMH-7007.jpg&#8221; custom_margin=&#8221;|||&#8221; custom_padding=&#8221;100px||100px|&#8221; custom_padding_tablet=&#8221;130px||130px|&#8221; global_colors_info=&#8221;{}&#8221;][et_pb_row column_structure=&#8221;1_2,1_2&#8243; admin_label=&#8221;title and illustration&#8221; _builder_version=&#8221;4.16&#8243; _module_preset=&#8221;default&#8221; background_size=&#8221;initial&#8221; background_position=&#8221;top_left&#8221; background_repeat=&#8221;repeat&#8221; custom_margin=&#8221;|||&#8221; global_colors_info=&#8221;{}&#8221;][et_pb_column type=&#8221;1_2&#8243; _builder_version=&#8221;4.16&#8243; _module_preset=&#8221;default&#8221; custom_padding=&#8221;|||&#8221; global_colors_info=&#8221;{}&#8221; custom_padding__hover=&#8221;|||&#8221;][\/et_pb_column][et_pb_column type=&#8221;1_2&#8243; _builder_version=&#8221;4.16&#8243; _module_preset=&#8221;default&#8221; custom_padding=&#8221;|||&#8221; global_colors_info=&#8221;{}&#8221; custom_padding__hover=&#8221;|||&#8221;][et_pb_text _builder_version=&#8221;4.17.4&#8243; _module_preset=&#8221;default&#8221; text_font=&#8221;||||||||&#8221; text_text_color=&#8221;#FFFFFF&#8221; header_font=&#8221;Merriweather|700|||||||&#8221; header_text_color=&#8221;#&#8221; header_font_size=&#8221;46px&#8221; header_line_height=&#8221;1.3em&#8221; custom_margin=&#8221;||0px|&#8221; animation_style=&#8221;flip&#8221; animation_direction=&#8221;top&#8221; text_text_shadow_style=&#8221;preset2&#8243; text_text_shadow_blur_strength=&#8221;0.23em&#8221; text_text_shadow_color=&#8221;#c48d3d&#8221; global_colors_info=&#8221;{}&#8221;]<\/p>\n<h1 style=\"text-align: right\"><span style=\"color: #ffffff\">Programa<\/span><\/h1>\n<p>[\/et_pb_text][\/et_pb_column][\/et_pb_row][\/et_pb_section][et_pb_section fb_built=&#8221;1&#8243; admin_label=&#8221;schedules section&#8221; _builder_version=&#8221;4.16&#8243; _module_preset=&#8221;default&#8221; min_height=&#8221;998.6px&#8221; custom_padding=&#8221;100px||100px|&#8221; animation_style=&#8221;zoom&#8221; animation_intensity_zoom=&#8221;10%&#8221; global_colors_info=&#8221;{}&#8221;][et_pb_row column_structure=&#8221;1_2,1_2&#8243; _builder_version=&#8221;4.17.4&#8243; _module_preset=&#8221;default&#8221; custom_padding=&#8221;10px|0px|10px|0px&#8221; border_color_all=&#8221;#aa4635&#8243; border_width_bottom=&#8221;3px&#8221; global_colors_info=&#8221;{}&#8221;][et_pb_column type=&#8221;1_2&#8243; _builder_version=&#8221;4.16&#8243; _module_preset=&#8221;default&#8221; custom_padding=&#8221;|||&#8221; global_colors_info=&#8221;{}&#8221; custom_padding__hover=&#8221;|||&#8221;][et_pb_text _builder_version=&#8221;4.17.4&#8243; _module_preset=&#8221;default&#8221; text_font=&#8221;||||||||&#8221; header_font=&#8221;||||||||&#8221; header_2_font=&#8221;|700|||||||&#8221; header_2_line_height=&#8221;1.4em&#8221; global_colors_info=&#8221;{}&#8221;]<\/p>\n<h2>Domingo 6 novembro<\/h2>\n<p>[\/et_pb_text][\/et_pb_column][et_pb_column type=&#8221;1_2&#8243; _builder_version=&#8221;4.16&#8243; _module_preset=&#8221;default&#8221; custom_padding=&#8221;|||&#8221; global_colors_info=&#8221;{}&#8221; custom_padding__hover=&#8221;|||&#8221;][\/et_pb_column][\/et_pb_row][et_pb_row column_structure=&#8221;1_4,3_4&#8243; admin_label=&#8221;Timing and speaker&#8221; _builder_version=&#8221;4.16&#8243; _module_preset=&#8221;default&#8221; custom_padding=&#8221;40px|0px|40px|0px&#8221; border_color_all=&#8221;#e1e3e5&#8243; border_width_top=&#8221;1px&#8221; global_colors_info=&#8221;{}&#8221;][et_pb_column type=&#8221;1_4&#8243; _builder_version=&#8221;4.16&#8243; _module_preset=&#8221;default&#8221; custom_padding=&#8221;|||&#8221; global_colors_info=&#8221;{}&#8221; custom_padding__hover=&#8221;|||&#8221;][et_pb_blurb title=&#8221;15:15&#8243; use_icon=&#8221;on&#8221; font_icon=&#8221;&#x7d;||divi||400&#8243; icon_color=&#8221;#a9aab7&#8243; icon_placement=&#8221;left&#8221; image_icon_width=&#8221;24px&#8221; _builder_version=&#8221;4.17.4&#8243; _module_preset=&#8221;default&#8221; header_font=&#8221;|||on|||||&#8221; header_font_size=&#8221;14px&#8221; header_letter_spacing=&#8221;1px&#8221; header_line_height=&#8221;24px&#8221; body_font=&#8221;||||||||&#8221; custom_margin=&#8221;|||&#8221; icon_font_size=&#8221;24px&#8221; global_colors_info=&#8221;{}&#8221;][\/et_pb_blurb][et_pb_blurb title=&#8221;Hotel Huerto del Cura&#8221; use_icon=&#8221;on&#8221; font_icon=&#8221;&#xe01d;||divi||400&#8243; icon_color=&#8221;#a9aab7&#8243; icon_placement=&#8221;left&#8221; image_icon_width=&#8221;24px&#8221; _builder_version=&#8221;4.17.4&#8243; _module_preset=&#8221;default&#8221; header_font=&#8221;|||on|||||&#8221; header_font_size=&#8221;14px&#8221; header_letter_spacing=&#8221;1px&#8221; header_line_height=&#8221;24px&#8221; body_font=&#8221;||||||||&#8221; custom_margin=&#8221;|||&#8221; icon_font_size=&#8221;24px&#8221; global_colors_info=&#8221;{}&#8221;][\/et_pb_blurb][\/et_pb_column][et_pb_column type=&#8221;3_4&#8243; _builder_version=&#8221;4.16&#8243; _module_preset=&#8221;default&#8221; custom_padding=&#8221;|||&#8221; global_colors_info=&#8221;{}&#8221; custom_padding__hover=&#8221;|||&#8221;][et_pb_text _builder_version=&#8221;4.17.4&#8243; _module_preset=&#8221;default&#8221; text_font=&#8221;||||||||&#8221; text_line_height=&#8221;1.8em&#8221; link_font=&#8221;||||||||&#8221; link_text_color=&#8221;#4646c4&#8243; header_font=&#8221;||||||||&#8221; header_3_font=&#8221;Merriweather|700|||||||&#8221; header_3_text_color=&#8221;#4646c4&#8243; header_3_line_height=&#8221;1.3em&#8221; custom_margin=&#8221;||20px|&#8221; global_colors_info=&#8221;{}&#8221;]<\/p>\n<h3><span style=\"color: #653880\">Recolha participantes.<\/span><\/h3>\n<p>[\/et_pb_text][\/et_pb_column][\/et_pb_row][et_pb_row column_structure=&#8221;1_4,3_4&#8243; admin_label=&#8221;Timing and speaker&#8221; _builder_version=&#8221;4.16&#8243; _module_preset=&#8221;default&#8221; custom_padding=&#8221;40px|0px|40px|0px&#8221; border_color_all=&#8221;#e1e3e5&#8243; border_width_top=&#8221;1px&#8221; global_colors_info=&#8221;{}&#8221;][et_pb_column type=&#8221;1_4&#8243; _builder_version=&#8221;4.16&#8243; _module_preset=&#8221;default&#8221; custom_padding=&#8221;|||&#8221; global_colors_info=&#8221;{}&#8221; custom_padding__hover=&#8221;|||&#8221;][et_pb_blurb title=&#8221;15:30&#8243; use_icon=&#8221;on&#8221; font_icon=&#8221;&#x7d;||divi||400&#8243; icon_color=&#8221;#a9aab7&#8243; icon_placement=&#8221;left&#8221; image_icon_width=&#8221;24px&#8221; _builder_version=&#8221;4.17.4&#8243; _module_preset=&#8221;default&#8221; header_font=&#8221;|||on|||||&#8221; header_font_size=&#8221;14px&#8221; header_letter_spacing=&#8221;1px&#8221; header_line_height=&#8221;24px&#8221; body_font=&#8221;||||||||&#8221; custom_margin=&#8221;|||&#8221; icon_font_size=&#8221;24px&#8221; global_colors_info=&#8221;{}&#8221;][\/et_pb_blurb][et_pb_blurb title=&#8221;Parque Municipal&#8221; use_icon=&#8221;on&#8221; font_icon=&#8221;&#xe01d;||divi||400&#8243; icon_color=&#8221;#a9aab7&#8243; icon_placement=&#8221;left&#8221; image_icon_width=&#8221;24px&#8221; _builder_version=&#8221;4.17.4&#8243; _module_preset=&#8221;default&#8221; header_font=&#8221;|||on|||||&#8221; header_font_size=&#8221;14px&#8221; header_letter_spacing=&#8221;1px&#8221; header_line_height=&#8221;24px&#8221; body_font=&#8221;||||||||&#8221; custom_margin=&#8221;|||&#8221; icon_font_size=&#8221;24px&#8221; global_colors_info=&#8221;{}&#8221;][\/et_pb_blurb][\/et_pb_column][et_pb_column type=&#8221;3_4&#8243; _builder_version=&#8221;4.16&#8243; _module_preset=&#8221;default&#8221; custom_padding=&#8221;|||&#8221; global_colors_info=&#8221;{}&#8221; custom_padding__hover=&#8221;|||&#8221;][et_pb_text _builder_version=&#8221;4.17.4&#8243; _module_preset=&#8221;default&#8221; text_font=&#8221;||||||||&#8221; text_line_height=&#8221;1.8em&#8221; link_font=&#8221;||||||||&#8221; link_text_color=&#8221;#4646c4&#8243; header_font=&#8221;||||||||&#8221; header_3_font=&#8221;Merriweather|700|||||||&#8221; header_3_text_color=&#8221;#4646c4&#8243; header_3_line_height=&#8221;1.3em&#8221; custom_margin=&#8221;||20px|&#8221; global_colors_info=&#8221;{}&#8221;]<\/p>\n<h3><span style=\"color: #653880\">Percurso de visita a Elche e respetivo palmeiral em comboio tur\u00edstico.<\/span><\/h3>\n<p>Dura\u00e7\u00e3o aproximada 45 minutos<\/p>\n<p>[\/et_pb_text][\/et_pb_column][\/et_pb_row][et_pb_row column_structure=&#8221;1_4,3_4&#8243; admin_label=&#8221;Timing and speaker&#8221; _builder_version=&#8221;4.16&#8243; _module_preset=&#8221;default&#8221; custom_padding=&#8221;40px|0px|40px|0px&#8221; border_color_all=&#8221;#e1e3e5&#8243; border_width_top=&#8221;1px&#8221; global_colors_info=&#8221;{}&#8221;][et_pb_column type=&#8221;1_4&#8243; _builder_version=&#8221;4.16&#8243; _module_preset=&#8221;default&#8221; custom_padding=&#8221;|||&#8221; global_colors_info=&#8221;{}&#8221; custom_padding__hover=&#8221;|||&#8221;][et_pb_blurb title=&#8221;16:30&#8243; use_icon=&#8221;on&#8221; font_icon=&#8221;&#x7d;||divi||400&#8243; icon_color=&#8221;#a9aab7&#8243; icon_placement=&#8221;left&#8221; image_icon_width=&#8221;24px&#8221; _builder_version=&#8221;4.17.4&#8243; _module_preset=&#8221;default&#8221; header_font=&#8221;|||on|||||&#8221; header_font_size=&#8221;14px&#8221; header_letter_spacing=&#8221;1px&#8221; header_line_height=&#8221;24px&#8221; body_font=&#8221;||||||||&#8221; custom_margin=&#8221;|||&#8221; icon_font_size=&#8221;24px&#8221; global_colors_info=&#8221;{}&#8221;][\/et_pb_blurb][\/et_pb_column][et_pb_column type=&#8221;3_4&#8243; _builder_version=&#8221;4.16&#8243; _module_preset=&#8221;default&#8221; custom_padding=&#8221;|||&#8221; global_colors_info=&#8221;{}&#8221; custom_padding__hover=&#8221;|||&#8221;][et_pb_text _builder_version=&#8221;4.17.4&#8243; _module_preset=&#8221;default&#8221; text_font=&#8221;||||||||&#8221; text_line_height=&#8221;1.8em&#8221; link_font=&#8221;||||||||&#8221; link_text_color=&#8221;#4646c4&#8243; header_font=&#8221;||||||||&#8221; header_3_font=&#8221;Merriweather|700|||||||&#8221; header_3_text_color=&#8221;#4646c4&#8243; header_3_line_height=&#8221;1.3em&#8221; custom_margin=&#8221;||20px|&#8221; global_colors_info=&#8221;{}&#8221;]<\/p>\n<h3><span style=\"color: #653880\">Visita pedestre ao centro de Elche (recomendamos cal\u00e7ado confort\u00e1vel).<\/span><\/h3>\n<p>Inclui: Centro hist\u00f3rico, Parque Municipal, Bas\u00edlica de Santa Maria, Banhos \u00c1rabes. Dura\u00e7\u00e3o aproximada 90 minutos<\/p>\n<p>[\/et_pb_text][\/et_pb_column][\/et_pb_row][et_pb_row column_structure=&#8221;1_4,3_4&#8243; admin_label=&#8221;Timing and speaker&#8221; _builder_version=&#8221;4.16&#8243; _module_preset=&#8221;default&#8221; custom_padding=&#8221;40px|0px|40px|0px&#8221; border_color_all=&#8221;#e1e3e5&#8243; border_width_top=&#8221;1px&#8221; global_colors_info=&#8221;{}&#8221;][et_pb_column type=&#8221;1_4&#8243; _builder_version=&#8221;4.16&#8243; _module_preset=&#8221;default&#8221; custom_padding=&#8221;|||&#8221; global_colors_info=&#8221;{}&#8221; custom_padding__hover=&#8221;|||&#8221;][et_pb_blurb title=&#8221;18:00-20:00&#8243; use_icon=&#8221;on&#8221; font_icon=&#8221;&#x7d;||divi||400&#8243; icon_color=&#8221;#a9aab7&#8243; icon_placement=&#8221;left&#8221; image_icon_width=&#8221;24px&#8221; _builder_version=&#8221;4.17.4&#8243; _module_preset=&#8221;default&#8221; header_font=&#8221;|||on|||||&#8221; header_font_size=&#8221;14px&#8221; header_letter_spacing=&#8221;1px&#8221; header_line_height=&#8221;24px&#8221; body_font=&#8221;||||||||&#8221; custom_margin=&#8221;|||&#8221; icon_font_size=&#8221;24px&#8221; global_colors_info=&#8221;{}&#8221;][\/et_pb_blurb][\/et_pb_column][et_pb_column type=&#8221;3_4&#8243; _builder_version=&#8221;4.16&#8243; _module_preset=&#8221;default&#8221; custom_padding=&#8221;|||&#8221; global_colors_info=&#8221;{}&#8221; custom_padding__hover=&#8221;|||&#8221;][et_pb_text _builder_version=&#8221;4.17.4&#8243; _module_preset=&#8221;default&#8221; text_font=&#8221;||||||||&#8221; text_line_height=&#8221;1.8em&#8221; link_font=&#8221;||||||||&#8221; link_text_color=&#8221;#4646c4&#8243; header_font=&#8221;||||||||&#8221; header_3_font=&#8221;Merriweather|700|||||||&#8221; header_3_text_color=&#8221;#4646c4&#8243; header_3_line_height=&#8221;1.3em&#8221; custom_margin=&#8221;||20px|&#8221; custom_padding=&#8221;0px|||||&#8221; global_colors_info=&#8221;{}&#8221;]<\/p>\n<h3><span style=\"color: #653880\">Tempo livre.<\/span><\/h3>\n<p>[\/et_pb_text][\/et_pb_column][\/et_pb_row][et_pb_row column_structure=&#8221;1_4,3_4&#8243; admin_label=&#8221;Timing and speaker&#8221; _builder_version=&#8221;4.16&#8243; _module_preset=&#8221;default&#8221; custom_padding=&#8221;40px|0px|40px|0px&#8221; border_color_all=&#8221;#e1e3e5&#8243; border_width_top=&#8221;1px&#8221; global_colors_info=&#8221;{}&#8221;][et_pb_column type=&#8221;1_4&#8243; _builder_version=&#8221;4.16&#8243; _module_preset=&#8221;default&#8221; custom_padding=&#8221;|||&#8221; global_colors_info=&#8221;{}&#8221; custom_padding__hover=&#8221;|||&#8221;][et_pb_blurb title=&#8221;20:00&#8243; use_icon=&#8221;on&#8221; font_icon=&#8221;&#x7d;||divi||400&#8243; icon_color=&#8221;#a9aab7&#8243; icon_placement=&#8221;left&#8221; image_icon_width=&#8221;24px&#8221; _builder_version=&#8221;4.17.4&#8243; _module_preset=&#8221;default&#8221; header_font=&#8221;|||on|||||&#8221; header_font_size=&#8221;14px&#8221; header_letter_spacing=&#8221;1px&#8221; header_line_height=&#8221;24px&#8221; body_font=&#8221;||||||||&#8221; custom_margin=&#8221;|||&#8221; icon_font_size=&#8221;24px&#8221; global_colors_info=&#8221;{}&#8221;][\/et_pb_blurb][et_pb_blurb title=&#8221;Prefeitura de Elche&#8221; use_icon=&#8221;on&#8221; font_icon=&#8221;&#xe01d;||divi||400&#8243; icon_color=&#8221;#a9aab7&#8243; icon_placement=&#8221;left&#8221; image_icon_width=&#8221;24px&#8221; _builder_version=&#8221;4.17.4&#8243; _module_preset=&#8221;default&#8221; header_font=&#8221;|||on|||||&#8221; header_font_size=&#8221;14px&#8221; header_letter_spacing=&#8221;1px&#8221; header_line_height=&#8221;24px&#8221; body_font=&#8221;||||||||&#8221; custom_margin=&#8221;|||&#8221; icon_font_size=&#8221;24px&#8221; global_colors_info=&#8221;{}&#8221;][\/et_pb_blurb][\/et_pb_column][et_pb_column type=&#8221;3_4&#8243; _builder_version=&#8221;4.16&#8243; _module_preset=&#8221;default&#8221; custom_padding=&#8221;|||&#8221; global_colors_info=&#8221;{}&#8221; custom_padding__hover=&#8221;|||&#8221;][et_pb_text _builder_version=&#8221;4.17.4&#8243; _module_preset=&#8221;default&#8221; text_font=&#8221;||||||||&#8221; text_line_height=&#8221;1.8em&#8221; link_font=&#8221;||||||||&#8221; link_text_color=&#8221;#4646c4&#8243; header_font=&#8221;||||||||&#8221; header_3_font=&#8221;Merriweather|700|||||||&#8221; header_3_text_color=&#8221;#4646c4&#8243; header_3_line_height=&#8221;1.3em&#8221; custom_margin=&#8221;||20px|&#8221; global_colors_info=&#8221;{}&#8221;]<\/p>\n<h3><span style=\"color: #653880\">Rece\u00e7\u00e3o oficial Prefeitura de Elche.<\/span><\/h3>\n<p>&nbsp;<\/p>\n<p>[\/et_pb_text][\/et_pb_column][\/et_pb_row][et_pb_row column_structure=&#8221;1_4,3_4&#8243; admin_label=&#8221;Timing and speaker&#8221; _builder_version=&#8221;4.16&#8243; _module_preset=&#8221;default&#8221; custom_padding=&#8221;40px|0px|40px|0px&#8221; border_color_all=&#8221;#e1e3e5&#8243; border_width_top=&#8221;1px&#8221; global_colors_info=&#8221;{}&#8221;][et_pb_column type=&#8221;1_4&#8243; _builder_version=&#8221;4.16&#8243; _module_preset=&#8221;default&#8221; custom_padding=&#8221;|||&#8221; global_colors_info=&#8221;{}&#8221; custom_padding__hover=&#8221;|||&#8221;][et_pb_blurb title=&#8221;20:30&#8243; use_icon=&#8221;on&#8221; font_icon=&#8221;&#x7d;||divi||400&#8243; icon_color=&#8221;#a9aab7&#8243; icon_placement=&#8221;left&#8221; image_icon_width=&#8221;24px&#8221; _builder_version=&#8221;4.17.4&#8243; _module_preset=&#8221;default&#8221; header_font=&#8221;|||on|||||&#8221; header_font_size=&#8221;14px&#8221; header_letter_spacing=&#8221;1px&#8221; header_line_height=&#8221;24px&#8221; body_font=&#8221;||||||||&#8221; custom_margin=&#8221;|||&#8221; icon_font_size=&#8221;24px&#8221; global_colors_info=&#8221;{}&#8221;][\/et_pb_blurb][et_pb_blurb title=&#8221;Palacio de Altamira&#8221; use_icon=&#8221;on&#8221; font_icon=&#8221;&#xe01d;||divi||400&#8243; icon_color=&#8221;#a9aab7&#8243; icon_placement=&#8221;left&#8221; image_icon_width=&#8221;24px&#8221; _builder_version=&#8221;4.17.4&#8243; _module_preset=&#8221;default&#8221; header_font=&#8221;|||on|||||&#8221; header_font_size=&#8221;14px&#8221; header_letter_spacing=&#8221;1px&#8221; header_line_height=&#8221;24px&#8221; body_font=&#8221;||||||||&#8221; custom_margin=&#8221;|||&#8221; icon_font_size=&#8221;24px&#8221; global_colors_info=&#8221;{}&#8221;][\/et_pb_blurb][\/et_pb_column][et_pb_column type=&#8221;3_4&#8243; _builder_version=&#8221;4.16&#8243; _module_preset=&#8221;default&#8221; custom_padding=&#8221;|||&#8221; global_colors_info=&#8221;{}&#8221; custom_padding__hover=&#8221;|||&#8221;][et_pb_text _builder_version=&#8221;4.17.4&#8243; _module_preset=&#8221;default&#8221; text_font=&#8221;||||||||&#8221; text_line_height=&#8221;1.8em&#8221; link_font=&#8221;||||||||&#8221; link_text_color=&#8221;#4646c4&#8243; header_font=&#8221;||||||||&#8221; header_3_font=&#8221;Merriweather|700|||||||&#8221; header_3_text_color=&#8221;#4646c4&#8243; header_3_line_height=&#8221;1.3em&#8221; custom_margin=&#8221;||20px|&#8221; global_colors_info=&#8221;{}&#8221;]<\/p>\n<h3><span style=\"color: #653880\">Coquetel de boas-vindas.<\/span><\/h3>\n<p>&nbsp;<\/p>\n<p>[\/et_pb_text][\/et_pb_column][\/et_pb_row][\/et_pb_section][et_pb_section fb_built=&#8221;1&#8243; admin_label=&#8221;schedules section&#8221; _builder_version=&#8221;4.16&#8243; _module_preset=&#8221;default&#8221; custom_margin=&#8221;-135px|||||&#8221; custom_padding=&#8221;100px||100px|&#8221; animation_style=&#8221;zoom&#8221; animation_intensity_zoom=&#8221;10%&#8221; global_colors_info=&#8221;{}&#8221;][et_pb_row column_structure=&#8221;1_2,1_2&#8243; _builder_version=&#8221;4.17.4&#8243; _module_preset=&#8221;default&#8221; custom_padding=&#8221;10px|0px|10px|0px&#8221; border_color_all=&#8221;#aa4635&#8243; border_width_bottom=&#8221;3px&#8221; locked=&#8221;off&#8221; global_colors_info=&#8221;{}&#8221;][et_pb_column type=&#8221;1_2&#8243; _builder_version=&#8221;4.16&#8243; _module_preset=&#8221;default&#8221; custom_padding=&#8221;|||&#8221; global_colors_info=&#8221;{}&#8221; custom_padding__hover=&#8221;|||&#8221;][et_pb_text _builder_version=&#8221;4.17.4&#8243; _module_preset=&#8221;default&#8221; text_font=&#8221;||||||||&#8221; text_text_color=&#8221;#21212a&#8221; header_font=&#8221;||||||||&#8221; header_2_font=&#8221;|700|||||||&#8221; header_2_line_height=&#8221;1.4em&#8221; global_colors_info=&#8221;{}&#8221;]<\/p>\n<h2>Segunta-feira 7 de novembro sess\u00e3o da manh\u00e3<\/h2>\n<p>[\/et_pb_text][\/et_pb_column][et_pb_column type=&#8221;1_2&#8243; _builder_version=&#8221;4.16&#8243; _module_preset=&#8221;default&#8221; custom_padding=&#8221;|||&#8221; global_colors_info=&#8221;{}&#8221; custom_padding__hover=&#8221;|||&#8221;][et_pb_blurb title=&#8221;Sal\u00e3o de Atos do Edif\u00edcio do Reitorado e Conselho Social&#8221; url=&#8221;https:\/\/goo.gl\/maps\/qBa3A2Xja3EFnoPQ9&#8243; use_icon=&#8221;on&#8221; font_icon=&#8221;&#xf3c5;||fa||900&#8243; icon_placement=&#8221;left&#8221; _builder_version=&#8221;4.17.4&#8243; _module_preset=&#8221;default&#8221; global_colors_info=&#8221;{}&#8221;][\/et_pb_blurb][\/et_pb_column][\/et_pb_row][et_pb_row column_structure=&#8221;1_4,3_4&#8243; admin_label=&#8221;Timing and speaker&#8221; _builder_version=&#8221;4.16&#8243; _module_preset=&#8221;default&#8221; custom_padding=&#8221;40px|0px|40px|0px&#8221; border_color_all=&#8221;#e1e3e5&#8243; border_width_top=&#8221;1px&#8221; global_colors_info=&#8221;{}&#8221;][et_pb_column type=&#8221;1_4&#8243; _builder_version=&#8221;4.16&#8243; _module_preset=&#8221;default&#8221; custom_padding=&#8221;|||&#8221; global_colors_info=&#8221;{}&#8221; custom_padding__hover=&#8221;|||&#8221;][et_pb_blurb title=&#8221;09:00&#8243; use_icon=&#8221;on&#8221; font_icon=&#8221;&#x7d;||divi||400&#8243; icon_color=&#8221;#a9aab7&#8243; icon_placement=&#8221;left&#8221; image_icon_width=&#8221;24px&#8221; _builder_version=&#8221;4.17.4&#8243; _module_preset=&#8221;default&#8221; header_font=&#8221;|||on|||||&#8221; header_font_size=&#8221;14px&#8221; header_letter_spacing=&#8221;1px&#8221; header_line_height=&#8221;24px&#8221; body_font=&#8221;||||||||&#8221; custom_margin=&#8221;|||&#8221; icon_font_size=&#8221;24px&#8221; global_colors_info=&#8221;{}&#8221;][\/et_pb_blurb][et_pb_blurb title=&#8221;Hotel Huerto del cura&#8221; use_icon=&#8221;on&#8221; font_icon=&#8221;&#xe01d;||divi||400&#8243; icon_color=&#8221;#a9aab7&#8243; icon_placement=&#8221;left&#8221; image_icon_width=&#8221;24px&#8221; _builder_version=&#8221;4.17.4&#8243; _module_preset=&#8221;default&#8221; header_font=&#8221;|||on|||||&#8221; header_font_size=&#8221;14px&#8221; header_letter_spacing=&#8221;1px&#8221; header_line_height=&#8221;24px&#8221; body_font=&#8221;||||||||&#8221; custom_margin=&#8221;|||&#8221; icon_font_size=&#8221;24px&#8221; global_colors_info=&#8221;{}&#8221;][\/et_pb_blurb][\/et_pb_column][et_pb_column type=&#8221;3_4&#8243; _builder_version=&#8221;4.16&#8243; _module_preset=&#8221;default&#8221; custom_padding=&#8221;|||&#8221; global_colors_info=&#8221;{}&#8221; custom_padding__hover=&#8221;|||&#8221;][et_pb_text _builder_version=&#8221;4.17.4&#8243; _module_preset=&#8221;default&#8221; text_font=&#8221;||||||||&#8221; text_line_height=&#8221;1.8em&#8221; link_font=&#8221;||||||||&#8221; link_text_color=&#8221;#4646c4&#8243; header_font=&#8221;||||||||&#8221; header_3_font=&#8221;Merriweather|700|||||||&#8221; header_3_text_color=&#8221;#4646c4&#8243; header_3_line_height=&#8221;1.3em&#8221; custom_margin=&#8221;||20px|&#8221; global_colors_info=&#8221;{}&#8221;]<\/p>\n<h3><span style=\"color: #653880\">Recolha (\u00f4nibus) dos participantes no lobby do hotel.<\/span><\/h3>\n<p>&nbsp;<\/p>\n<p>[\/et_pb_text][\/et_pb_column][\/et_pb_row][et_pb_row column_structure=&#8221;1_4,3_4&#8243; admin_label=&#8221;Timing and speaker&#8221; _builder_version=&#8221;4.16&#8243; _module_preset=&#8221;default&#8221; custom_padding=&#8221;40px|0px|40px|0px&#8221; border_color_all=&#8221;#e1e3e5&#8243; border_width_top=&#8221;1px&#8221; global_colors_info=&#8221;{}&#8221;][et_pb_column type=&#8221;1_4&#8243; _builder_version=&#8221;4.16&#8243; _module_preset=&#8221;default&#8221; custom_padding=&#8221;|||&#8221; global_colors_info=&#8221;{}&#8221; custom_padding__hover=&#8221;|||&#8221;][et_pb_blurb title=&#8221;09:30-10:00&#8243; use_icon=&#8221;on&#8221; font_icon=&#8221;&#x7d;||divi||400&#8243; icon_color=&#8221;#a9aab7&#8243; icon_placement=&#8221;left&#8221; image_icon_width=&#8221;24px&#8221; _builder_version=&#8221;4.17.4&#8243; _module_preset=&#8221;default&#8221; header_font=&#8221;|||on|||||&#8221; header_font_size=&#8221;14px&#8221; header_letter_spacing=&#8221;1px&#8221; header_line_height=&#8221;24px&#8221; body_font=&#8221;||||||||&#8221; custom_margin=&#8221;|||&#8221; icon_font_size=&#8221;24px&#8221; global_colors_info=&#8221;{}&#8221;][\/et_pb_blurb][\/et_pb_column][et_pb_column type=&#8221;3_4&#8243; _builder_version=&#8221;4.16&#8243; _module_preset=&#8221;default&#8221; custom_padding=&#8221;|||&#8221; global_colors_info=&#8221;{}&#8221; custom_padding__hover=&#8221;|||&#8221;][et_pb_text _builder_version=&#8221;4.17.4&#8243; _module_preset=&#8221;default&#8221; text_font=&#8221;||||||||&#8221; text_line_height=&#8221;1.8em&#8221; link_font=&#8221;||||||||&#8221; link_text_color=&#8221;#4646c4&#8243; header_font=&#8221;||||||||&#8221; header_3_font=&#8221;Merriweather|700|||||||&#8221; header_3_text_color=&#8221;#4646c4&#8243; header_3_line_height=&#8221;1.3em&#8221; custom_margin=&#8221;||20px|&#8221; global_colors_info=&#8221;{}&#8221;]<\/p>\n<h3><span style=\"color: #653880\">\u00a0Registro dos participantes.<\/span><\/h3>\n<p>&nbsp;<\/p>\n<p>[\/et_pb_text][\/et_pb_column][\/et_pb_row][et_pb_row column_structure=&#8221;1_4,3_4&#8243; admin_label=&#8221;Timing and speaker&#8221; _builder_version=&#8221;4.16&#8243; _module_preset=&#8221;default&#8221; custom_padding=&#8221;40px|0px|40px|0px&#8221; border_color_all=&#8221;#e1e3e5&#8243; border_width_top=&#8221;1px&#8221; global_colors_info=&#8221;{}&#8221;][et_pb_column type=&#8221;1_4&#8243; _builder_version=&#8221;4.16&#8243; _module_preset=&#8221;default&#8221; custom_padding=&#8221;|||&#8221; global_colors_info=&#8221;{}&#8221; custom_padding__hover=&#8221;|||&#8221;][et_pb_blurb title=&#8221;10:00-10:45&#8243; use_icon=&#8221;on&#8221; font_icon=&#8221;&#x7d;||divi||400&#8243; icon_color=&#8221;#a9aab7&#8243; icon_placement=&#8221;left&#8221; image_icon_width=&#8221;24px&#8221; _builder_version=&#8221;4.17.4&#8243; _module_preset=&#8221;default&#8221; header_font=&#8221;|||on|||||&#8221; header_font_size=&#8221;14px&#8221; header_letter_spacing=&#8221;1px&#8221; header_line_height=&#8221;24px&#8221; body_font=&#8221;||||||||&#8221; custom_margin=&#8221;|||&#8221; icon_font_size=&#8221;24px&#8221; global_colors_info=&#8221;{}&#8221;][\/et_pb_blurb][\/et_pb_column][et_pb_column type=&#8221;3_4&#8243; _builder_version=&#8221;4.16&#8243; _module_preset=&#8221;default&#8221; custom_padding=&#8221;|||&#8221; global_colors_info=&#8221;{}&#8221; custom_padding__hover=&#8221;|||&#8221;][et_pb_text _builder_version=&#8221;4.17.4&#8243; _module_preset=&#8221;default&#8221; text_font=&#8221;||||||||&#8221; text_line_height=&#8221;1.8em&#8221; link_font=&#8221;||||||||&#8221; link_text_color=&#8221;#4646c4&#8243; header_font=&#8221;||||||||&#8221; header_3_font=&#8221;Merriweather|700|||||||&#8221; header_3_text_color=&#8221;#4646c4&#8243; header_3_line_height=&#8221;1.3em&#8221; custom_margin=&#8221;||20px|&#8221; global_colors_info=&#8221;{}&#8221;]<\/p>\n<h3><span style=\"color: #653880\">Mesa de Inaugura\u00e7\u00e3o e Boas-vindas.<\/span><\/h3>\n<p><strong>Juan Jos\u00e9 Ruiz Mart\u00ednez,<\/strong> reitor da Universidade Miguel Hern\u00e1ndez de Elche<\/p>\n<p><strong>Antonio Largo Cabrerizo,<\/strong> reitor da Universidade de Valladolid<\/p>\n<p><strong>Cec\u00edlia Maria Pereira Rodrigues,<\/strong> vice-reitora da Universidade de Lisboa<\/p>\n<p><strong>Enrique Huelva Unternb\u00e4umen,<\/strong> vice-reitor da Universidade de Bras\u00edlia<\/p>\n<p><strong>Benedito Fonseca e Souza Adeodato,<\/strong> vice-reitor da Universidade Federal do Estado do Rio de Janeiro<\/p>\n<p>Assinatura do Acordo com a Funda\u00e7\u00e3o Carolina pelo presidente do Grupo Tordesilhas e pelo diretor da Funda\u00e7\u00e3o Carolina, D. Jos\u00e9 Antonio Sanahuja<\/p>\n<p>Abertura do Encontro<\/p>\n<p>[\/et_pb_text][\/et_pb_column][\/et_pb_row][et_pb_row column_structure=&#8221;1_4,3_4&#8243; admin_label=&#8221;Timing and speaker&#8221; _builder_version=&#8221;4.16&#8243; _module_preset=&#8221;default&#8221; custom_padding=&#8221;40px|0px|40px|0px&#8221; border_color_all=&#8221;#e1e3e5&#8243; border_width_top=&#8221;1px&#8221; global_colors_info=&#8221;{}&#8221;][et_pb_column type=&#8221;1_4&#8243; _builder_version=&#8221;4.16&#8243; _module_preset=&#8221;default&#8221; custom_padding=&#8221;|||&#8221; global_colors_info=&#8221;{}&#8221; custom_padding__hover=&#8221;|||&#8221;][et_pb_blurb title=&#8221;10:45-11:30&#8243; use_icon=&#8221;on&#8221; font_icon=&#8221;&#x7d;||divi||400&#8243; icon_color=&#8221;#a9aab7&#8243; icon_placement=&#8221;left&#8221; image_icon_width=&#8221;24px&#8221; _builder_version=&#8221;4.17.4&#8243; _module_preset=&#8221;default&#8221; header_font=&#8221;|||on|||||&#8221; header_font_size=&#8221;14px&#8221; header_letter_spacing=&#8221;1px&#8221; header_line_height=&#8221;24px&#8221; body_font=&#8221;||||||||&#8221; custom_margin=&#8221;|||&#8221; icon_font_size=&#8221;24px&#8221; global_colors_info=&#8221;{}&#8221;][\/et_pb_blurb][\/et_pb_column][et_pb_column type=&#8221;3_4&#8243; _builder_version=&#8221;4.16&#8243; _module_preset=&#8221;default&#8221; custom_padding=&#8221;|||&#8221; global_colors_info=&#8221;{}&#8221; custom_padding__hover=&#8221;|||&#8221;][et_pb_text _builder_version=&#8221;4.17.4&#8243; _module_preset=&#8221;default&#8221; text_font=&#8221;||||||||&#8221; text_line_height=&#8221;1.8em&#8221; link_font=&#8221;||||||||&#8221; link_text_color=&#8221;#4646c4&#8243; header_font=&#8221;||||||||&#8221; header_3_font=&#8221;Merriweather|700|||||||&#8221; header_3_text_color=&#8221;#4646c4&#8243; header_3_line_height=&#8221;1.3em&#8221; custom_margin=&#8221;||20px|&#8221; custom_padding=&#8221;||4px|||&#8221; global_colors_info=&#8221;{}&#8221;]<\/p>\n<h3><span style=\"color: #653880\">Confer\u00eancia Inaugural: <strong>A institui\u00e7\u00e3o universit\u00e1ria, o longo <\/strong><strong>caminho entre a transmiss\u00e3o oral e as comunica\u00e7\u00f5es qu\u00e2nticas da <\/strong><strong>ci\u00eancia aberta.<\/strong><\/span><\/h3>\n<p><strong>Salvador Ordo\u00f1ez<\/strong>, ex-reitor da Universidade de Alicante (2001-2004),<br \/>ex-secret\u00e1rio das Universidades e Investiga\u00e7\u00e3o do Governo Espanhol<br \/>(2004-2006), ex-reitor da Universidade Men\u00e9ndez Pelayo (2006-2012).<br \/>Professor aposentado de Petrologia e Geoqu\u00edmica<\/p>\n<p>[\/et_pb_text][\/et_pb_column][\/et_pb_row][et_pb_row column_structure=&#8221;1_4,3_4&#8243; admin_label=&#8221;Timing and speaker&#8221; _builder_version=&#8221;4.16&#8243; _module_preset=&#8221;default&#8221; custom_padding=&#8221;40px|0px|40px|0px&#8221; border_color_all=&#8221;#e1e3e5&#8243; border_width_top=&#8221;1px&#8221; global_colors_info=&#8221;{}&#8221;][et_pb_column type=&#8221;1_4&#8243; _builder_version=&#8221;4.16&#8243; _module_preset=&#8221;default&#8221; custom_padding=&#8221;|||&#8221; global_colors_info=&#8221;{}&#8221; custom_padding__hover=&#8221;|||&#8221;][et_pb_blurb title=&#8221;11:30-12:00&#8243; use_icon=&#8221;on&#8221; font_icon=&#8221;&#x7d;||divi||400&#8243; icon_color=&#8221;#a9aab7&#8243; icon_placement=&#8221;left&#8221; image_icon_width=&#8221;24px&#8221; _builder_version=&#8221;4.17.4&#8243; _module_preset=&#8221;default&#8221; header_font=&#8221;|||on|||||&#8221; header_font_size=&#8221;14px&#8221; header_letter_spacing=&#8221;1px&#8221; header_line_height=&#8221;24px&#8221; body_font=&#8221;||||||||&#8221; custom_margin=&#8221;|||&#8221; icon_font_size=&#8221;24px&#8221; global_colors_info=&#8221;{}&#8221;][\/et_pb_blurb][\/et_pb_column][et_pb_column type=&#8221;3_4&#8243; _builder_version=&#8221;4.16&#8243; _module_preset=&#8221;default&#8221; custom_padding=&#8221;|||&#8221; global_colors_info=&#8221;{}&#8221; custom_padding__hover=&#8221;|||&#8221;][et_pb_text _builder_version=&#8221;4.17.4&#8243; _module_preset=&#8221;default&#8221; text_font=&#8221;||||||||&#8221; text_line_height=&#8221;1.8em&#8221; link_font=&#8221;||||||||&#8221; link_text_color=&#8221;#4646c4&#8243; header_font=&#8221;||||||||&#8221; header_3_font=&#8221;Merriweather|700|||||||&#8221; header_3_text_color=&#8221;#4646c4&#8243; header_3_line_height=&#8221;1.3em&#8221; custom_margin=&#8221;||20px|&#8221; global_colors_info=&#8221;{}&#8221;]<\/p>\n<h3><span style=\"color: #653880\">Pausa caf\u00e9.<\/span><\/h3>\n<p>[\/et_pb_text][\/et_pb_column][\/et_pb_row][et_pb_row column_structure=&#8221;1_4,3_4&#8243; admin_label=&#8221;Timing and speaker&#8221; _builder_version=&#8221;4.16&#8243; _module_preset=&#8221;default&#8221; custom_padding=&#8221;40px|0px|40px|0px&#8221; border_color_all=&#8221;#e1e3e5&#8243; border_width_top=&#8221;1px&#8221; global_colors_info=&#8221;{}&#8221;][et_pb_column type=&#8221;1_4&#8243; _builder_version=&#8221;4.16&#8243; _module_preset=&#8221;default&#8221; custom_padding=&#8221;|||&#8221; global_colors_info=&#8221;{}&#8221; custom_padding__hover=&#8221;|||&#8221;][et_pb_blurb title=&#8221;12:00-13:30&#8243; use_icon=&#8221;on&#8221; font_icon=&#8221;&#x7d;||divi||400&#8243; icon_color=&#8221;#a9aab7&#8243; icon_placement=&#8221;left&#8221; image_icon_width=&#8221;24px&#8221; _builder_version=&#8221;4.17.4&#8243; _module_preset=&#8221;default&#8221; header_font=&#8221;|||on|||||&#8221; header_font_size=&#8221;14px&#8221; header_letter_spacing=&#8221;1px&#8221; header_line_height=&#8221;24px&#8221; body_font=&#8221;||||||||&#8221; custom_margin=&#8221;|||&#8221; icon_font_size=&#8221;24px&#8221; global_colors_info=&#8221;{}&#8221;][\/et_pb_blurb][\/et_pb_column][et_pb_column type=&#8221;3_4&#8243; _builder_version=&#8221;4.16&#8243; _module_preset=&#8221;default&#8221; custom_padding=&#8221;|||&#8221; global_colors_info=&#8221;{}&#8221; custom_padding__hover=&#8221;|||&#8221;][et_pb_text _builder_version=&#8221;4.17.4&#8243; _module_preset=&#8221;default&#8221; text_font=&#8221;||||||||&#8221; text_line_height=&#8221;1.8em&#8221; link_font=&#8221;||||||||&#8221; link_text_color=&#8221;#4646c4&#8243; header_font=&#8221;||||||||&#8221; header_3_font=&#8221;Merriweather|700|||||||&#8221; header_3_text_color=&#8221;#4646c4&#8243; header_3_line_height=&#8221;1.3em&#8221; custom_margin=&#8221;||20px|&#8221; global_colors_info=&#8221;{}&#8221;]<\/p>\n<h3><span style=\"color: #653880\">Mesa I: <strong>Ci\u00eancia Aberta, para al\u00e9m do Open Access.<\/strong><\/span><\/h3>\n<p><strong>Bianca Amaro,<\/strong> coordenadora do Instituto Brasileiro de Informa\u00e7\u00e3o em Ci\u00eancia e Tecnologia IBICT e presidente de Refer\u00eancia<\/p>\n<p><strong>Cristina Bojo,<\/strong> respons\u00e1vel pela \u00e1rea de Coordena\u00e7\u00e3o da Investiga\u00e7\u00e3o do Instituto de Sa\u00fade Carlos III<\/p>\n<p><strong>Pilar Rico,<\/strong> chefe da Unidade de Acesso Aberto, Reposit\u00f3rios e Revistas da Funda\u00e7\u00e3o Espanhola para a Ci\u00eancia e a Tecnologia (FECYT)<\/p>\n<p><em><strong>Moderador:<\/strong><\/em> Enrique Perdiguero, diretor do Instituto Interuniversit\u00e1rio L\u00f3pez Pi\u00f1ero de Estudos Hist\u00f3ricos e Sociais, sobre Ci\u00eancia, Tecnologia, Medicina e Meio Ambiente, sede Universidade Miguel Hern\u00e1ndez de Elche<\/p>\n<p>[\/et_pb_text][\/et_pb_column][\/et_pb_row][et_pb_row column_structure=&#8221;1_4,3_4&#8243; admin_label=&#8221;Timing and speaker&#8221; _builder_version=&#8221;4.16&#8243; _module_preset=&#8221;default&#8221; custom_padding=&#8221;40px|0px|40px|0px&#8221; border_color_all=&#8221;#e1e3e5&#8243; border_width_top=&#8221;1px&#8221; global_colors_info=&#8221;{}&#8221;][et_pb_column type=&#8221;1_4&#8243; _builder_version=&#8221;4.16&#8243; _module_preset=&#8221;default&#8221; custom_padding=&#8221;|||&#8221; global_colors_info=&#8221;{}&#8221; custom_padding__hover=&#8221;|||&#8221;][et_pb_blurb title=&#8221;14:00-16:00&#8243; use_icon=&#8221;on&#8221; font_icon=&#8221;&#x7d;||divi||400&#8243; icon_color=&#8221;#a9aab7&#8243; icon_placement=&#8221;left&#8221; image_icon_width=&#8221;24px&#8221; _builder_version=&#8221;4.17.4&#8243; _module_preset=&#8221;default&#8221; header_font=&#8221;|||on|||||&#8221; header_font_size=&#8221;14px&#8221; header_letter_spacing=&#8221;1px&#8221; header_line_height=&#8221;24px&#8221; body_font=&#8221;||||||||&#8221; custom_margin=&#8221;|||&#8221; icon_font_size=&#8221;24px&#8221; global_colors_info=&#8221;{}&#8221;][\/et_pb_blurb][\/et_pb_column][et_pb_column type=&#8221;3_4&#8243; _builder_version=&#8221;4.16&#8243; _module_preset=&#8221;default&#8221; custom_padding=&#8221;|||&#8221; global_colors_info=&#8221;{}&#8221; custom_padding__hover=&#8221;|||&#8221;][et_pb_text _builder_version=&#8221;4.17.4&#8243; _module_preset=&#8221;default&#8221; text_font=&#8221;||||||||&#8221; text_line_height=&#8221;1.8em&#8221; link_font=&#8221;||||||||&#8221; link_text_color=&#8221;#4646c4&#8243; header_font=&#8221;||||||||&#8221; header_3_font=&#8221;Merriweather|700|||||||&#8221; header_3_text_color=&#8221;#4646c4&#8243; header_3_line_height=&#8221;1.3em&#8221; custom_margin=&#8221;||20px|&#8221; global_colors_info=&#8221;{}&#8221;]<\/p>\n<h3><span style=\"color: #653880\">Almo\u00e7o.<\/span><\/h3>\n<p>[\/et_pb_text][\/et_pb_column][\/et_pb_row][\/et_pb_section][et_pb_section fb_built=&#8221;1&#8243; admin_label=&#8221;schedules section&#8221; _builder_version=&#8221;4.16&#8243; _module_preset=&#8221;default&#8221; custom_margin=&#8221;-79px|||||&#8221; custom_padding=&#8221;100px||100px|&#8221; animation_style=&#8221;zoom&#8221; animation_intensity_zoom=&#8221;10%&#8221; global_colors_info=&#8221;{}&#8221;][et_pb_row column_structure=&#8221;1_2,1_2&#8243; _builder_version=&#8221;4.17.4&#8243; _module_preset=&#8221;default&#8221; custom_padding=&#8221;10px|0px|10px|0px&#8221; border_color_all=&#8221;#aa4635&#8243; border_width_bottom=&#8221;3px&#8221; locked=&#8221;off&#8221; global_colors_info=&#8221;{}&#8221;][et_pb_column type=&#8221;1_2&#8243; _builder_version=&#8221;4.16&#8243; _module_preset=&#8221;default&#8221; custom_padding=&#8221;|||&#8221; global_colors_info=&#8221;{}&#8221; custom_padding__hover=&#8221;|||&#8221;][et_pb_text _builder_version=&#8221;4.17.4&#8243; _module_preset=&#8221;default&#8221; text_font=&#8221;||||||||&#8221; text_text_color=&#8221;#21212a&#8221; header_font=&#8221;||||||||&#8221; header_2_font=&#8221;|700|||||||&#8221; header_2_line_height=&#8221;1.4em&#8221; global_colors_info=&#8221;{}&#8221;]<\/p>\n<h2>Lunes 7 de noviembro ses\u00e3o da tarde<\/h2>\n<p>[\/et_pb_text][\/et_pb_column][et_pb_column type=&#8221;1_2&#8243; _builder_version=&#8221;4.16&#8243; _module_preset=&#8221;default&#8221; custom_padding=&#8221;|||&#8221; global_colors_info=&#8221;{}&#8221; custom_padding__hover=&#8221;|||&#8221;][et_pb_blurb title=&#8221;Sal\u00e3o de Atos do Edif\u00edcio do Reitorado e Conselho Social &#8221; url=&#8221;https:\/\/goo.gl\/maps\/qBa3A2Xja3EFnoPQ9&#8243; use_icon=&#8221;on&#8221; font_icon=&#8221;&#xf3c5;||fa||900&#8243; icon_placement=&#8221;left&#8221; _builder_version=&#8221;4.17.4&#8243; _module_preset=&#8221;default&#8221; global_colors_info=&#8221;{}&#8221;][\/et_pb_blurb][\/et_pb_column][\/et_pb_row][et_pb_row column_structure=&#8221;1_4,3_4&#8243; admin_label=&#8221;Timing and speaker&#8221; _builder_version=&#8221;4.16&#8243; _module_preset=&#8221;default&#8221; custom_padding=&#8221;40px|0px|40px|0px&#8221; border_color_all=&#8221;#e1e3e5&#8243; border_width_top=&#8221;1px&#8221; global_colors_info=&#8221;{}&#8221;][et_pb_column type=&#8221;1_4&#8243; _builder_version=&#8221;4.16&#8243; _module_preset=&#8221;default&#8221; custom_padding=&#8221;|||&#8221; global_colors_info=&#8221;{}&#8221; custom_padding__hover=&#8221;|||&#8221;][et_pb_blurb title=&#8221;16:00-17:30&#8243; use_icon=&#8221;on&#8221; font_icon=&#8221;&#x7d;||divi||400&#8243; icon_color=&#8221;#a9aab7&#8243; icon_placement=&#8221;left&#8221; image_icon_width=&#8221;24px&#8221; _builder_version=&#8221;4.17.4&#8243; _module_preset=&#8221;default&#8221; header_font=&#8221;|||on|||||&#8221; header_font_size=&#8221;14px&#8221; header_letter_spacing=&#8221;1px&#8221; header_line_height=&#8221;24px&#8221; body_font=&#8221;||||||||&#8221; custom_margin=&#8221;|||&#8221; icon_font_size=&#8221;24px&#8221; global_colors_info=&#8221;{}&#8221;][\/et_pb_blurb][\/et_pb_column][et_pb_column type=&#8221;3_4&#8243; _builder_version=&#8221;4.16&#8243; _module_preset=&#8221;default&#8221; custom_padding=&#8221;|||&#8221; global_colors_info=&#8221;{}&#8221; custom_padding__hover=&#8221;|||&#8221;][et_pb_text _builder_version=&#8221;4.17.4&#8243; _module_preset=&#8221;default&#8221; text_font=&#8221;||||||||&#8221; text_line_height=&#8221;1.8em&#8221; link_font=&#8221;||||||||&#8221; link_text_color=&#8221;#4646c4&#8243; header_font=&#8221;||||||||&#8221; header_3_font=&#8221;Merriweather|700|||||||&#8221; header_3_text_color=&#8221;#4646c4&#8243; header_3_line_height=&#8221;1.3em&#8221; custom_margin=&#8221;||20px|&#8221; custom_padding=&#8221;||0px|||&#8221; global_colors_info=&#8221;{}&#8221;]<\/p>\n<h3><span style=\"color: #653880\">Mesa II: <strong>A ci\u00eancia ao servi\u00e7o da sociedade: estrat\u00e9gias e quadros regulat\u00f3rios.<\/strong><\/span><\/h3>\n<p><strong>Cristina Gonz\u00e1lez,<\/strong> diretora do Departamento de Gest\u00e3o da Informa\u00e7\u00e3o<br \/>Cient\u00edfica da Funda\u00e7\u00e3o Espanhola para a Ci\u00eancia e a Tecnologia (FECYT)<\/p>\n<p><strong>Eloy Rodrigues,<\/strong> diretor da Unidade de Servi\u00e7os de Documenta\u00e7\u00e3o e Bibliotecas (USDB) da Universidade do Minho<\/p>\n<p><em><strong>Moderador:<\/strong><\/em> Henrique Barros, diretor do Departamento de Ci\u00eancias da Sa\u00fade P\u00fablica e Forenses, e Educa\u00e7\u00e3o M\u00e9dica, e presidente do Instituto de Sa\u00fade P\u00fablica, Universidade do Porto<\/p>\n<p>[\/et_pb_text][\/et_pb_column][\/et_pb_row][et_pb_row column_structure=&#8221;1_4,3_4&#8243; admin_label=&#8221;Timing and speaker&#8221; _builder_version=&#8221;4.16&#8243; _module_preset=&#8221;default&#8221; custom_padding=&#8221;40px|0px|40px|0px&#8221; border_color_all=&#8221;#e1e3e5&#8243; border_width_top=&#8221;1px&#8221; global_colors_info=&#8221;{}&#8221;][et_pb_column type=&#8221;1_4&#8243; _builder_version=&#8221;4.16&#8243; _module_preset=&#8221;default&#8221; custom_padding=&#8221;|||&#8221; global_colors_info=&#8221;{}&#8221; custom_padding__hover=&#8221;|||&#8221;][et_pb_blurb title=&#8221;17:30&#8243; use_icon=&#8221;on&#8221; font_icon=&#8221;&#x7d;||divi||400&#8243; icon_color=&#8221;#a9aab7&#8243; icon_placement=&#8221;left&#8221; image_icon_width=&#8221;24px&#8221; _builder_version=&#8221;4.17.4&#8243; _module_preset=&#8221;default&#8221; header_font=&#8221;|||on|||||&#8221; header_font_size=&#8221;14px&#8221; header_letter_spacing=&#8221;1px&#8221; header_line_height=&#8221;24px&#8221; body_font=&#8221;||||||||&#8221; custom_margin=&#8221;|||&#8221; icon_font_size=&#8221;24px&#8221; global_colors_info=&#8221;{}&#8221;][\/et_pb_blurb][\/et_pb_column][et_pb_column type=&#8221;3_4&#8243; _builder_version=&#8221;4.16&#8243; _module_preset=&#8221;default&#8221; custom_padding=&#8221;|||&#8221; global_colors_info=&#8221;{}&#8221; custom_padding__hover=&#8221;|||&#8221;][et_pb_text _builder_version=&#8221;4.17.4&#8243; _module_preset=&#8221;default&#8221; text_font=&#8221;||||||||&#8221; text_line_height=&#8221;1.8em&#8221; link_font=&#8221;||||||||&#8221; link_text_color=&#8221;#4646c4&#8243; header_font=&#8221;||||||||&#8221; header_3_font=&#8221;Merriweather|700|||||||&#8221; header_3_text_color=&#8221;#4646c4&#8243; header_3_line_height=&#8221;1.3em&#8221; custom_margin=&#8221;||20px|&#8221; global_colors_info=&#8221;{}&#8221;]<\/p>\n<h3><span style=\"color: #653880\">Recolha (\u00f4nibus) dos participanes, Edif\u00edcio Reitorado e Conselho Social.<\/span><\/h3>\n<p>[\/et_pb_text][\/et_pb_column][\/et_pb_row][et_pb_row column_structure=&#8221;1_4,3_4&#8243; admin_label=&#8221;Timing and speaker&#8221; _builder_version=&#8221;4.16&#8243; _module_preset=&#8221;default&#8221; custom_padding=&#8221;40px|0px|40px|0px&#8221; border_color_all=&#8221;#e1e3e5&#8243; border_width_top=&#8221;1px&#8221; global_colors_info=&#8221;{}&#8221;][et_pb_column type=&#8221;1_4&#8243; _builder_version=&#8221;4.16&#8243; _module_preset=&#8221;default&#8221; custom_padding=&#8221;|||&#8221; global_colors_info=&#8221;{}&#8221; custom_padding__hover=&#8221;|||&#8221;][et_pb_blurb title=&#8221;18:00&#8243; use_icon=&#8221;on&#8221; font_icon=&#8221;&#x7d;||divi||400&#8243; icon_color=&#8221;#a9aab7&#8243; icon_placement=&#8221;left&#8221; image_icon_width=&#8221;24px&#8221; _builder_version=&#8221;4.17.4&#8243; _module_preset=&#8221;default&#8221; header_font=&#8221;|||on|||||&#8221; header_font_size=&#8221;14px&#8221; header_letter_spacing=&#8221;1px&#8221; header_line_height=&#8221;24px&#8221; body_font=&#8221;||||||||&#8221; custom_margin=&#8221;|||&#8221; icon_font_size=&#8221;24px&#8221; global_colors_info=&#8221;{}&#8221;][\/et_pb_blurb][et_pb_blurb title=&#8221;Bas\u00edlica de Santa Maria&#8221; use_icon=&#8221;on&#8221; font_icon=&#8221;&#xe01d;||divi||400&#8243; icon_color=&#8221;#a9aab7&#8243; icon_placement=&#8221;left&#8221; image_icon_width=&#8221;24px&#8221; _builder_version=&#8221;4.17.4&#8243; _module_preset=&#8221;default&#8221; header_font=&#8221;|||on|||||&#8221; header_font_size=&#8221;14px&#8221; header_letter_spacing=&#8221;1px&#8221; header_line_height=&#8221;24px&#8221; body_font=&#8221;||||||||&#8221; custom_margin=&#8221;|||&#8221; icon_font_size=&#8221;24px&#8221; global_colors_info=&#8221;{}&#8221;][\/et_pb_blurb][\/et_pb_column][et_pb_column type=&#8221;3_4&#8243; _builder_version=&#8221;4.16&#8243; _module_preset=&#8221;default&#8221; custom_padding=&#8221;|||&#8221; global_colors_info=&#8221;{}&#8221; custom_padding__hover=&#8221;|||&#8221;][et_pb_text _builder_version=&#8221;4.17.4&#8243; _module_preset=&#8221;default&#8221; text_font=&#8221;||||||||&#8221; text_line_height=&#8221;1.8em&#8221; link_font=&#8221;||||||||&#8221; link_text_color=&#8221;#4646c4&#8243; header_font=&#8221;||||||||&#8221; header_3_font=&#8221;Merriweather|700|||||||&#8221; header_3_text_color=&#8221;#4646c4&#8243; header_3_line_height=&#8221;1.3em&#8221; custom_margin=&#8221;||20px|&#8221; global_colors_info=&#8221;{}&#8221;]<\/p>\n<h3><span style=\"color: #653880\">Visita guiada ao Museu da Festa e atua\u00e7\u00e3o da Escolania del Misteri d\u2019Elx.<\/span><\/h3>\n<p>[\/et_pb_text][\/et_pb_column][\/et_pb_row][et_pb_row column_structure=&#8221;1_4,3_4&#8243; admin_label=&#8221;Timing and speaker&#8221; _builder_version=&#8221;4.16&#8243; _module_preset=&#8221;default&#8221; custom_padding=&#8221;40px|0px|40px|0px&#8221; border_color_all=&#8221;#e1e3e5&#8243; border_width_top=&#8221;1px&#8221; global_colors_info=&#8221;{}&#8221;][et_pb_column type=&#8221;1_4&#8243; _builder_version=&#8221;4.16&#8243; _module_preset=&#8221;default&#8221; custom_padding=&#8221;|||&#8221; global_colors_info=&#8221;{}&#8221; custom_padding__hover=&#8221;|||&#8221;][et_pb_blurb title=&#8221;21:00&#8243; use_icon=&#8221;on&#8221; font_icon=&#8221;&#x7d;||divi||400&#8243; icon_color=&#8221;#a9aab7&#8243; icon_placement=&#8221;left&#8221; image_icon_width=&#8221;24px&#8221; _builder_version=&#8221;4.17.4&#8243; _module_preset=&#8221;default&#8221; header_font=&#8221;|||on|||||&#8221; header_font_size=&#8221;14px&#8221; header_letter_spacing=&#8221;1px&#8221; header_line_height=&#8221;24px&#8221; body_font=&#8221;||||||||&#8221; custom_margin=&#8221;|||&#8221; icon_font_size=&#8221;24px&#8221; global_colors_info=&#8221;{}&#8221;][\/et_pb_blurb][et_pb_blurb title=&#8221;hotel huerto del cura&#8221; use_icon=&#8221;on&#8221; font_icon=&#8221;&#xe01d;||divi||400&#8243; icon_color=&#8221;#a9aab7&#8243; icon_placement=&#8221;left&#8221; image_icon_width=&#8221;24px&#8221; _builder_version=&#8221;4.17.4&#8243; _module_preset=&#8221;default&#8221; header_font=&#8221;|||on|||||&#8221; header_font_size=&#8221;14px&#8221; header_letter_spacing=&#8221;1px&#8221; header_line_height=&#8221;24px&#8221; body_font=&#8221;||||||||&#8221; custom_margin=&#8221;|||&#8221; icon_font_size=&#8221;24px&#8221; global_colors_info=&#8221;{}&#8221;][\/et_pb_blurb][\/et_pb_column][et_pb_column type=&#8221;3_4&#8243; _builder_version=&#8221;4.16&#8243; _module_preset=&#8221;default&#8221; custom_padding=&#8221;|||&#8221; global_colors_info=&#8221;{}&#8221; custom_padding__hover=&#8221;|||&#8221;][et_pb_text _builder_version=&#8221;4.17.4&#8243; _module_preset=&#8221;default&#8221; text_font=&#8221;||||||||&#8221; text_line_height=&#8221;1.8em&#8221; link_font=&#8221;||||||||&#8221; link_text_color=&#8221;#4646c4&#8243; header_font=&#8221;||||||||&#8221; header_3_font=&#8221;Merriweather|700|||||||&#8221; header_3_text_color=&#8221;#4646c4&#8243; header_3_line_height=&#8221;1.3em&#8221; custom_margin=&#8221;||20px|&#8221; global_colors_info=&#8221;{}&#8221;]<\/p>\n<h3><span style=\"color: #653880\">Jantar de Gala do XXI Encontro de Reitores do Grupo Tordesilhas.<\/span><\/h3>\n<p>[\/et_pb_text][\/et_pb_column][\/et_pb_row][\/et_pb_section][et_pb_section fb_built=&#8221;1&#8243; admin_label=&#8221;schedules section&#8221; _builder_version=&#8221;4.16&#8243; _module_preset=&#8221;default&#8221; custom_padding=&#8221;0px||100px|||&#8221; animation_style=&#8221;zoom&#8221; animation_intensity_zoom=&#8221;10%&#8221; global_colors_info=&#8221;{}&#8221;][et_pb_row column_structure=&#8221;1_2,1_2&#8243; _builder_version=&#8221;4.17.4&#8243; _module_preset=&#8221;default&#8221; custom_padding=&#8221;10px|0px|10px|0px&#8221; border_color_all=&#8221;#aa4635&#8243; border_width_bottom=&#8221;3px&#8221; locked=&#8221;off&#8221; global_colors_info=&#8221;{}&#8221;][et_pb_column type=&#8221;1_2&#8243; _builder_version=&#8221;4.16&#8243; _module_preset=&#8221;default&#8221; custom_padding=&#8221;|||&#8221; global_colors_info=&#8221;{}&#8221; custom_padding__hover=&#8221;|||&#8221;][et_pb_text _builder_version=&#8221;4.17.4&#8243; _module_preset=&#8221;default&#8221; text_font=&#8221;||||||||&#8221; text_text_color=&#8221;#21212a&#8221; header_font=&#8221;||||||||&#8221; header_2_font=&#8221;|700|||||||&#8221; header_2_line_height=&#8221;1.4em&#8221; global_colors_info=&#8221;{}&#8221;]<\/p>\n<h2>Ter\u00e7a-feira 8 de novembro sess\u00e3o de manh\u00e3<\/h2>\n<p>[\/et_pb_text][\/et_pb_column][et_pb_column type=&#8221;1_2&#8243; _builder_version=&#8221;4.16&#8243; _module_preset=&#8221;default&#8221; custom_padding=&#8221;|||&#8221; global_colors_info=&#8221;{}&#8221; custom_padding__hover=&#8221;|||&#8221;][et_pb_blurb title=&#8221;Sal\u00e3o de Atos do Edif\u00edcio do Reitorado e Conselho Social &#8221; url=&#8221;https:\/\/goo.gl\/maps\/qBa3A2Xja3EFnoPQ9&#8243; use_icon=&#8221;on&#8221; font_icon=&#8221;&#xf3c5;||fa||900&#8243; icon_placement=&#8221;left&#8221; _builder_version=&#8221;4.17.4&#8243; _module_preset=&#8221;default&#8221; global_colors_info=&#8221;{}&#8221;][\/et_pb_blurb][\/et_pb_column][\/et_pb_row][et_pb_row column_structure=&#8221;1_4,3_4&#8243; admin_label=&#8221;Timing and speaker&#8221; _builder_version=&#8221;4.16&#8243; _module_preset=&#8221;default&#8221; custom_padding=&#8221;40px|0px|40px|0px&#8221; border_color_all=&#8221;#e1e3e5&#8243; border_width_top=&#8221;1px&#8221; global_colors_info=&#8221;{}&#8221;][et_pb_column type=&#8221;1_4&#8243; _builder_version=&#8221;4.16&#8243; _module_preset=&#8221;default&#8221; custom_padding=&#8221;|||&#8221; global_colors_info=&#8221;{}&#8221; custom_padding__hover=&#8221;|||&#8221;][et_pb_blurb title=&#8221;08:30&#8243; use_icon=&#8221;on&#8221; font_icon=&#8221;&#x7d;||divi||400&#8243; icon_color=&#8221;#a9aab7&#8243; icon_placement=&#8221;left&#8221; image_icon_width=&#8221;24px&#8221; _builder_version=&#8221;4.17.4&#8243; _module_preset=&#8221;default&#8221; header_font=&#8221;|||on|||||&#8221; header_font_size=&#8221;14px&#8221; header_letter_spacing=&#8221;1px&#8221; header_line_height=&#8221;24px&#8221; body_font=&#8221;||||||||&#8221; custom_margin=&#8221;|||&#8221; icon_font_size=&#8221;24px&#8221; global_colors_info=&#8221;{}&#8221;][\/et_pb_blurb][et_pb_blurb title=&#8221;hotel huerto del cura&#8221; use_icon=&#8221;on&#8221; font_icon=&#8221;&#xe01d;||divi||400&#8243; icon_color=&#8221;#a9aab7&#8243; icon_placement=&#8221;left&#8221; image_icon_width=&#8221;24px&#8221; _builder_version=&#8221;4.17.4&#8243; _module_preset=&#8221;default&#8221; header_font=&#8221;|||on|||||&#8221; header_font_size=&#8221;14px&#8221; header_letter_spacing=&#8221;1px&#8221; header_line_height=&#8221;24px&#8221; body_font=&#8221;||||||||&#8221; custom_margin=&#8221;|||&#8221; icon_font_size=&#8221;24px&#8221; global_colors_info=&#8221;{}&#8221;][\/et_pb_blurb][\/et_pb_column][et_pb_column type=&#8221;3_4&#8243; _builder_version=&#8221;4.16&#8243; _module_preset=&#8221;default&#8221; custom_padding=&#8221;|||&#8221; global_colors_info=&#8221;{}&#8221; custom_padding__hover=&#8221;|||&#8221;][et_pb_text _builder_version=&#8221;4.17.4&#8243; _module_preset=&#8221;default&#8221; text_font=&#8221;||||||||&#8221; text_line_height=&#8221;1.8em&#8221; link_font=&#8221;||||||||&#8221; link_text_color=&#8221;#4646c4&#8243; header_font=&#8221;||||||||&#8221; header_3_font=&#8221;Merriweather|700|||||||&#8221; header_3_text_color=&#8221;#4646c4&#8243; header_3_line_height=&#8221;1.3em&#8221; custom_margin=&#8221;||20px|&#8221; global_colors_info=&#8221;{}&#8221;]<\/p>\n<h3><span style=\"color: #653880\">Recolha dos participantes no lobby do hotel.<\/span><\/h3>\n<p>[\/et_pb_text][\/et_pb_column][\/et_pb_row][et_pb_row column_structure=&#8221;1_4,3_4&#8243; admin_label=&#8221;Timing and speaker&#8221; _builder_version=&#8221;4.16&#8243; _module_preset=&#8221;default&#8221; custom_padding=&#8221;40px|0px|40px|0px&#8221; border_color_all=&#8221;#e1e3e5&#8243; border_width_top=&#8221;1px&#8221; global_colors_info=&#8221;{}&#8221;][et_pb_column type=&#8221;1_4&#8243; _builder_version=&#8221;4.16&#8243; _module_preset=&#8221;default&#8221; custom_padding=&#8221;|||&#8221; global_colors_info=&#8221;{}&#8221; custom_padding__hover=&#8221;|||&#8221;][et_pb_blurb title=&#8221;09:00-11:00&#8243; use_icon=&#8221;on&#8221; font_icon=&#8221;&#x7d;||divi||400&#8243; icon_color=&#8221;#a9aab7&#8243; icon_placement=&#8221;left&#8221; image_icon_width=&#8221;24px&#8221; _builder_version=&#8221;4.17.4&#8243; _module_preset=&#8221;default&#8221; header_font=&#8221;|||on|||||&#8221; header_font_size=&#8221;14px&#8221; header_letter_spacing=&#8221;1px&#8221; header_line_height=&#8221;24px&#8221; body_font=&#8221;||||||||&#8221; custom_margin=&#8221;|||&#8221; icon_font_size=&#8221;24px&#8221; global_colors_info=&#8221;{}&#8221;][\/et_pb_blurb][\/et_pb_column][et_pb_column type=&#8221;3_4&#8243; _builder_version=&#8221;4.16&#8243; _module_preset=&#8221;default&#8221; custom_padding=&#8221;|||&#8221; global_colors_info=&#8221;{}&#8221; custom_padding__hover=&#8221;|||&#8221;][et_pb_text _builder_version=&#8221;4.17.4&#8243; _module_preset=&#8221;default&#8221; text_font=&#8221;||||||||&#8221; text_line_height=&#8221;1.8em&#8221; link_font=&#8221;||||||||&#8221; link_text_color=&#8221;#4646c4&#8243; header_font=&#8221;||||||||&#8221; header_3_font=&#8221;Merriweather|700|||||||&#8221; header_3_text_color=&#8221;#4646c4&#8243; header_3_line_height=&#8221;1.3em&#8221; custom_margin=&#8221;||20px|&#8221; global_colors_info=&#8221;{}&#8221;]<\/p>\n<h3><span style=\"color: #653880\">Mesa III: <strong>Democratizar o conhecimento: Impacto da ci\u00ean- cia aberta na cidadania.<\/strong><\/span><\/h3>\n<p><strong>Wesley Francis Costa,<\/strong> investigador de p\u00f3s-doutoramento da Funda\u00e7\u00e3o<br \/>de Apoio \u00e0 Investiga\u00e7\u00e3o do Estado de S\u00e3o Paulo da Universidade de<br \/>S\u00e3o Paulo<\/p>\n<p><strong>Anne Clinio,<\/strong> investigadora do grupo de Ci\u00eancia Aberta e Inova\u00e7\u00e3o Cidad\u00e3<\/p>\n<p><strong>Tom\u00e0s Baiget,<\/strong> professor de Documenta\u00e7\u00e3o Digital da Universitat Pompeu Fabra e diretor da revista cient\u00edfica O Profissional da Informa\u00e7\u00e3o<\/p>\n<p><strong>Claudia Carvalho,<\/strong> journalista, divulgadora cient\u00edfica do Di\u00e1rio P\u00fablico<\/p>\n<p><strong><em>Moderador:<\/em> Santiago Garc\u00eda,<\/strong> professor da \u00e1rea de Estat\u00edstica e Investiga\u00e7\u00e3o Operativa e divulgador cient\u00edfico da Universidade Miguel Hern\u00e1ndez de Elche<\/p>\n<p>[\/et_pb_text][\/et_pb_column][\/et_pb_row][et_pb_row column_structure=&#8221;1_4,3_4&#8243; admin_label=&#8221;Timing and speaker&#8221; _builder_version=&#8221;4.16&#8243; _module_preset=&#8221;default&#8221; custom_padding=&#8221;40px|0px|40px|0px&#8221; border_color_all=&#8221;#e1e3e5&#8243; border_width_top=&#8221;1px&#8221; global_colors_info=&#8221;{}&#8221;][et_pb_column type=&#8221;1_4&#8243; _builder_version=&#8221;4.16&#8243; _module_preset=&#8221;default&#8221; custom_padding=&#8221;|||&#8221; global_colors_info=&#8221;{}&#8221; custom_padding__hover=&#8221;|||&#8221;][et_pb_blurb title=&#8221;11:00-11:30&#8243; use_icon=&#8221;on&#8221; font_icon=&#8221;&#x7d;||divi||400&#8243; icon_color=&#8221;#a9aab7&#8243; icon_placement=&#8221;left&#8221; image_icon_width=&#8221;24px&#8221; _builder_version=&#8221;4.17.4&#8243; _module_preset=&#8221;default&#8221; header_font=&#8221;|||on|||||&#8221; header_font_size=&#8221;14px&#8221; header_letter_spacing=&#8221;1px&#8221; header_line_height=&#8221;24px&#8221; body_font=&#8221;||||||||&#8221; custom_margin=&#8221;|||&#8221; icon_font_size=&#8221;24px&#8221; global_colors_info=&#8221;{}&#8221;][\/et_pb_blurb][\/et_pb_column][et_pb_column type=&#8221;3_4&#8243; _builder_version=&#8221;4.16&#8243; _module_preset=&#8221;default&#8221; custom_padding=&#8221;|||&#8221; global_colors_info=&#8221;{}&#8221; custom_padding__hover=&#8221;|||&#8221;][et_pb_text _builder_version=&#8221;4.17.4&#8243; _module_preset=&#8221;default&#8221; text_font=&#8221;||||||||&#8221; text_line_height=&#8221;1.8em&#8221; link_font=&#8221;||||||||&#8221; link_text_color=&#8221;#4646c4&#8243; header_font=&#8221;||||||||&#8221; header_3_font=&#8221;Merriweather|700|||||||&#8221; header_3_text_color=&#8221;#4646c4&#8243; header_3_line_height=&#8221;1.3em&#8221; custom_margin=&#8221;||20px|&#8221; global_colors_info=&#8221;{}&#8221;]<\/p>\n<h3><span style=\"color: #653880\">Pausa caf\u00e9.<\/span><\/h3>\n<p>[\/et_pb_text][\/et_pb_column][\/et_pb_row][et_pb_row column_structure=&#8221;1_4,3_4&#8243; admin_label=&#8221;Timing and speaker&#8221; _builder_version=&#8221;4.16&#8243; _module_preset=&#8221;default&#8221; custom_padding=&#8221;40px|0px|40px|0px&#8221; border_color_all=&#8221;#e1e3e5&#8243; border_width_top=&#8221;1px&#8221; global_colors_info=&#8221;{}&#8221;][et_pb_column type=&#8221;1_4&#8243; _builder_version=&#8221;4.16&#8243; _module_preset=&#8221;default&#8221; custom_padding=&#8221;|||&#8221; global_colors_info=&#8221;{}&#8221; custom_padding__hover=&#8221;|||&#8221;][et_pb_blurb title=&#8221;11:30-12:45&#8243; use_icon=&#8221;on&#8221; font_icon=&#8221;&#x7d;||divi||400&#8243; icon_color=&#8221;#a9aab7&#8243; icon_placement=&#8221;left&#8221; image_icon_width=&#8221;24px&#8221; _builder_version=&#8221;4.17.4&#8243; _module_preset=&#8221;default&#8221; header_font=&#8221;|||on|||||&#8221; header_font_size=&#8221;14px&#8221; header_letter_spacing=&#8221;1px&#8221; header_line_height=&#8221;24px&#8221; body_font=&#8221;||||||||&#8221; custom_margin=&#8221;|||&#8221; icon_font_size=&#8221;24px&#8221; global_colors_info=&#8221;{}&#8221;][\/et_pb_blurb][\/et_pb_column][et_pb_column type=&#8221;3_4&#8243; _builder_version=&#8221;4.16&#8243; _module_preset=&#8221;default&#8221; custom_padding=&#8221;|||&#8221; global_colors_info=&#8221;{}&#8221; custom_padding__hover=&#8221;|||&#8221;][et_pb_text _builder_version=&#8221;4.17.4&#8243; _module_preset=&#8221;default&#8221; text_font=&#8221;||||||||&#8221; text_line_height=&#8221;1.8em&#8221; link_font=&#8221;||||||||&#8221; link_text_color=&#8221;#4646c4&#8243; header_font=&#8221;||||||||&#8221; header_3_font=&#8221;Merriweather|700|||||||&#8221; header_3_text_color=&#8221;#4646c4&#8243; header_3_line_height=&#8221;1.3em&#8221; custom_margin=&#8221;||20px|&#8221; global_colors_info=&#8221;{}&#8221;]<\/p>\n<h3><span style=\"color: #653880\">Apresenta\u00e7\u00e3o dos resultados dos Col\u00e9gios de Douto- ramento Tordesilhas(CDT):<\/span><\/h3>\n<p><strong>Carlos Petit,<\/strong> CDT de Ci\u00eancias Jur\u00eddicas, Universidade de Huelva<\/p>\n<p><strong>Sonia Regina de Souza,<\/strong> CDT de Enfermagem, Universidade Federal do Estado de R\u00edo de Janeiro<\/p>\n<p><strong>Ana Lucia Trevisan,<\/strong> CDT de L\u00ednguas, Culturas e Sociedades, Universidade Presbiteriana Mackenzie<\/p>\n<p><strong>Patricia Barba<\/strong>, CDT de Psicologia da Educa\u00e7\u00e3o, Universidade de Barcelona<\/p>\n<p><strong>Enrique Perdiguero e Maria Pastor,<\/strong> CDT de Sa\u00fade P\u00fablica e Hist\u00f3ria da Ci\u00eancia, Universidade Miguel Hern\u00e1ndez de Elche<\/p>\n<p><strong><em>Moderador:<\/em> Vicente Micol,<\/strong> vice-reitor de Rela\u00e7\u00f5es Internacionais da Universidade Miguel Hern\u00e1ndez de Elche<\/p>\n<p>[\/et_pb_text][\/et_pb_column][\/et_pb_row][et_pb_row column_structure=&#8221;1_4,3_4&#8243; admin_label=&#8221;Timing and speaker&#8221; _builder_version=&#8221;4.16&#8243; _module_preset=&#8221;default&#8221; custom_padding=&#8221;40px|0px|40px|0px&#8221; border_color_all=&#8221;#e1e3e5&#8243; border_width_top=&#8221;1px&#8221; global_colors_info=&#8221;{}&#8221;][et_pb_column type=&#8221;1_4&#8243; _builder_version=&#8221;4.16&#8243; _module_preset=&#8221;default&#8221; custom_padding=&#8221;|||&#8221; global_colors_info=&#8221;{}&#8221; custom_padding__hover=&#8221;|||&#8221;][et_pb_blurb title=&#8221;12:45-13:45&#8243; use_icon=&#8221;on&#8221; font_icon=&#8221;&#x7d;||divi||400&#8243; icon_color=&#8221;#a9aab7&#8243; icon_placement=&#8221;left&#8221; image_icon_width=&#8221;24px&#8221; _builder_version=&#8221;4.17.4&#8243; _module_preset=&#8221;default&#8221; header_font=&#8221;|||on|||||&#8221; header_font_size=&#8221;14px&#8221; header_letter_spacing=&#8221;1px&#8221; header_line_height=&#8221;24px&#8221; body_font=&#8221;||||||||&#8221; custom_margin=&#8221;|||&#8221; icon_font_size=&#8221;24px&#8221; global_colors_info=&#8221;{}&#8221;][\/et_pb_blurb][\/et_pb_column][et_pb_column type=&#8221;3_4&#8243; _builder_version=&#8221;4.16&#8243; _module_preset=&#8221;default&#8221; custom_padding=&#8221;|||&#8221; global_colors_info=&#8221;{}&#8221; custom_padding__hover=&#8221;|||&#8221;][et_pb_text _builder_version=&#8221;4.17.4&#8243; _module_preset=&#8221;default&#8221; text_font=&#8221;||||||||&#8221; text_line_height=&#8221;1.8em&#8221; link_font=&#8221;||||||||&#8221; link_text_color=&#8221;#4646c4&#8243; header_font=&#8221;||||||||&#8221; header_3_font=&#8221;Merriweather|700|||||||&#8221; header_3_text_color=&#8221;#4646c4&#8243; header_3_line_height=&#8221;1.3em&#8221; custom_margin=&#8221;||20px|&#8221; global_colors_info=&#8221;{}&#8221;]<\/p>\n<h3><span style=\"color: #653880\">Assembleia geral. Relat\u00f3rio do presidente. Relat\u00f3rio da secretaria<br \/>executiva.<\/span><\/h3>\n<p>Admiss\u00e3o de novos s\u00f3cios e tomada de posse da nova presidente e<br \/>vice-presidente<\/p>\n<p>[\/et_pb_text][\/et_pb_column][\/et_pb_row][et_pb_row column_structure=&#8221;1_4,3_4&#8243; admin_label=&#8221;Timing and speaker&#8221; _builder_version=&#8221;4.16&#8243; _module_preset=&#8221;default&#8221; custom_padding=&#8221;40px|0px|40px|0px&#8221; border_color_all=&#8221;#e1e3e5&#8243; border_width_top=&#8221;1px&#8221; global_colors_info=&#8221;{}&#8221;][et_pb_column type=&#8221;1_4&#8243; _builder_version=&#8221;4.16&#8243; _module_preset=&#8221;default&#8221; custom_padding=&#8221;|||&#8221; global_colors_info=&#8221;{}&#8221; custom_padding__hover=&#8221;|||&#8221;][et_pb_blurb title=&#8221;13:45-14:30&#8243; use_icon=&#8221;on&#8221; font_icon=&#8221;&#x7d;||divi||400&#8243; icon_color=&#8221;#a9aab7&#8243; icon_placement=&#8221;left&#8221; image_icon_width=&#8221;24px&#8221; _builder_version=&#8221;4.17.4&#8243; _module_preset=&#8221;default&#8221; header_font=&#8221;|||on|||||&#8221; header_font_size=&#8221;14px&#8221; header_letter_spacing=&#8221;1px&#8221; header_line_height=&#8221;24px&#8221; body_font=&#8221;||||||||&#8221; custom_margin=&#8221;|||&#8221; icon_font_size=&#8221;24px&#8221; global_colors_info=&#8221;{}&#8221;][\/et_pb_blurb][\/et_pb_column][et_pb_column type=&#8221;3_4&#8243; _builder_version=&#8221;4.16&#8243; _module_preset=&#8221;default&#8221; custom_padding=&#8221;|||&#8221; global_colors_info=&#8221;{}&#8221; custom_padding__hover=&#8221;|||&#8221;][et_pb_text _builder_version=&#8221;4.17.4&#8243; _module_preset=&#8221;default&#8221; text_font=&#8221;||||||||&#8221; text_line_height=&#8221;1.8em&#8221; link_font=&#8221;||||||||&#8221; link_text_color=&#8221;#4646c4&#8243; header_font=&#8221;||||||||&#8221; header_3_font=&#8221;Merriweather|700|||||||&#8221; header_3_text_color=&#8221;#4646c4&#8243; header_3_line_height=&#8221;1.3em&#8221; custom_margin=&#8221;||20px|&#8221; global_colors_info=&#8221;{}&#8221;]<\/p>\n<h3><span style=\"color: #653880\">Confer\u00eancia de Clausura: <strong>Ci\u00eancia aberta: nova hist\u00f3ria, di- ferentes pr\u00e1ticas e outras ontologias<\/strong>.<\/span><\/h3>\n<p><strong>Antonio Lafuente,<\/strong> investigador do Centro de Ci\u00eancias Humanas e Sociais do Centro Superior de Investiga\u00e7\u00f5es Cient\u00edficas (CSIC)<\/p>\n<p>[\/et_pb_text][\/et_pb_column][\/et_pb_row][et_pb_row column_structure=&#8221;1_4,3_4&#8243; admin_label=&#8221;Timing and speaker&#8221; _builder_version=&#8221;4.16&#8243; _module_preset=&#8221;default&#8221; custom_padding=&#8221;40px|0px|40px|0px&#8221; border_color_all=&#8221;#e1e3e5&#8243; border_width_top=&#8221;1px&#8221; global_colors_info=&#8221;{}&#8221;][et_pb_column type=&#8221;1_4&#8243; _builder_version=&#8221;4.16&#8243; _module_preset=&#8221;default&#8221; custom_padding=&#8221;|||&#8221; global_colors_info=&#8221;{}&#8221; custom_padding__hover=&#8221;|||&#8221;][et_pb_blurb title=&#8221;14:30&#8243; use_icon=&#8221;on&#8221; font_icon=&#8221;&#x7d;||divi||400&#8243; icon_color=&#8221;#a9aab7&#8243; icon_placement=&#8221;left&#8221; image_icon_width=&#8221;24px&#8221; _builder_version=&#8221;4.17.4&#8243; _module_preset=&#8221;default&#8221; header_font=&#8221;|||on|||||&#8221; header_font_size=&#8221;14px&#8221; header_letter_spacing=&#8221;1px&#8221; header_line_height=&#8221;24px&#8221; body_font=&#8221;||||||||&#8221; custom_margin=&#8221;|||&#8221; icon_font_size=&#8221;24px&#8221; global_colors_info=&#8221;{}&#8221;][\/et_pb_blurb][\/et_pb_column][et_pb_column type=&#8221;3_4&#8243; _builder_version=&#8221;4.16&#8243; _module_preset=&#8221;default&#8221; custom_padding=&#8221;|||&#8221; global_colors_info=&#8221;{}&#8221; custom_padding__hover=&#8221;|||&#8221;][et_pb_text _builder_version=&#8221;4.17.4&#8243; _module_preset=&#8221;default&#8221; text_font=&#8221;||||||||&#8221; text_line_height=&#8221;1.8em&#8221; link_font=&#8221;||||||||&#8221; link_text_color=&#8221;#4646c4&#8243; header_font=&#8221;||||||||&#8221; header_3_font=&#8221;Merriweather|700|||||||&#8221; header_3_text_color=&#8221;#4646c4&#8243; header_3_line_height=&#8221;1.3em&#8221; custom_margin=&#8221;||20px|&#8221; global_colors_info=&#8221;{}&#8221;]<\/p>\n<h3><span style=\"color: #653880\">Almo\u00e7o despedida.<\/span><\/h3>\n<p>[\/et_pb_text][\/et_pb_column][\/et_pb_row][et_pb_row column_structure=&#8221;1_2,1_2&#8243; _builder_version=&#8221;4.17.4&#8243; _module_preset=&#8221;default&#8221; border_width_bottom=&#8221;4px&#8221; border_color_bottom=&#8221;#653880&#8243; global_colors_info=&#8221;{}&#8221;][et_pb_column type=&#8221;1_2&#8243; _builder_version=&#8221;4.17.4&#8243; _module_preset=&#8221;default&#8221; global_colors_info=&#8221;{}&#8221;][et_pb_text _builder_version=&#8221;4.17.4&#8243; _module_preset=&#8221;default&#8221; global_colors_info=&#8221;{}&#8221;]<\/p>\n<p>*O programa pode ser submetido a modifica\u00e7\u00f5es<\/p>\n<p>[\/et_pb_text][\/et_pb_column][et_pb_column type=&#8221;1_2&#8243; _builder_version=&#8221;4.17.4&#8243; _module_preset=&#8221;default&#8221; global_colors_info=&#8221;{}&#8221;][et_pb_blurb title=&#8221;O programa completo em PDF pode ser descarregado aqui&#8221; url=&#8221;https:\/\/tordesillasdoctoral.umh.es\/files\/2022\/11\/PROGRAMA-TORDESILLAS-PORTUGUES-2.pdf&#8221; url_new_window=&#8221;on&#8221; use_icon=&#8221;on&#8221; font_icon=&#8221;&#xf019;||fa||900&#8243; icon_placement=&#8221;left&#8221; _builder_version=&#8221;4.17.4&#8243; _module_preset=&#8221;default&#8221; header_font=&#8221;||||on||||&#8221; link_option_url_new_window=&#8221;on&#8221; hover_enabled=&#8221;0&#8243; global_colors_info=&#8221;{}&#8221; sticky_enabled=&#8221;0&#8243;][\/et_pb_blurb][\/et_pb_column][\/et_pb_row][\/et_pb_section][et_pb_section fb_built=&#8221;1&#8243; _builder_version=&#8221;4.17.4&#8243; _module_preset=&#8221;default&#8221; global_colors_info=&#8221;{}&#8221;][et_pb_row column_structure=&#8221;1_2,1_2&#8243; _builder_version=&#8221;4.17.4&#8243; _module_preset=&#8221;default&#8221; global_colors_info=&#8221;{}&#8221;][et_pb_column type=&#8221;1_2&#8243; _builder_version=&#8221;4.17.4&#8243; _module_preset=&#8221;default&#8221; global_colors_info=&#8221;{}&#8221;][et_pb_text _builder_version=&#8221;4.17.4&#8243; _module_preset=&#8221;default&#8221; global_colors_info=&#8221;{}&#8221;]<\/p>\n<h2>Localiza\u00e7\u00e3o<\/h2>\n<p>[\/et_pb_text][\/et_pb_column][et_pb_column type=&#8221;1_2&#8243; _builder_version=&#8221;4.17.4&#8243; _module_preset=&#8221;default&#8221; global_colors_info=&#8221;{}&#8221;][\/et_pb_column][\/et_pb_row][et_pb_row column_structure=&#8221;1_2,1_2&#8243; _builder_version=&#8221;4.17.4&#8243; _module_preset=&#8221;default&#8221; global_colors_info=&#8221;{}&#8221;][et_pb_column type=&#8221;1_2&#8243; _builder_version=&#8221;4.17.4&#8243; _module_preset=&#8221;default&#8221; global_colors_info=&#8221;{}&#8221;][et_pb_image src=&#8221;https:\/\/tordesillasdoctoral.umh.es\/files\/2022\/07\/salon-de-actos.jpg&#8221; title_text=&#8221;sal\u00f3n-de-actos&#8221; _builder_version=&#8221;4.17.4&#8243; _module_preset=&#8221;default&#8221; global_colors_info=&#8221;{}&#8221;][\/et_pb_image][\/et_pb_column][et_pb_column type=&#8221;1_2&#8243; _builder_version=&#8221;4.17.4&#8243; _module_preset=&#8221;default&#8221; global_colors_info=&#8221;{}&#8221;][et_pb_text _builder_version=&#8221;4.17.4&#8243; _module_preset=&#8221;default&#8221; global_colors_info=&#8221;{}&#8221;]<\/p>\n<h4><strong>Edif\u00edcio Reitorado e Conselho Social<\/strong><\/h4>\n<h4><\/h4>\n<p>Universidade de Miguel Hern\u00e1ndez<\/p>\n<p>Avinguda da Universitat d\u2019Elx,<\/p>\n<p>S\/N, 03202 Elche, Alicante<\/p>\n<p><strong>966 65 86 15<\/strong><\/p>\n<p>[\/et_pb_text][\/et_pb_column][\/et_pb_row][\/et_pb_section][et_pb_section fb_built=&#8221;1&#8243; fullwidth=&#8221;on&#8221; _builder_version=&#8221;4.17.4&#8243; _module_preset=&#8221;default&#8221; global_colors_info=&#8221;{}&#8221;][et_pb_fullwidth_image src=&#8221;https:\/\/tordesillasdoctoral.umh.es\/files\/2022\/07\/Captura.png&#8221; title_text=&#8221;Captura&#8221; url=&#8221;https:\/\/goo.gl\/maps\/qBa3A2Xja3EFnoPQ9&#8243; url_new_window=&#8221;on&#8221; _builder_version=&#8221;4.17.4&#8243; _module_preset=&#8221;default&#8221; global_colors_info=&#8221;{}&#8221;][\/et_pb_fullwidth_image][\/et_pb_section][et_pb_section fb_built=&#8221;1&#8243; specialty=&#8221;on&#8221; _builder_version=&#8221;4.17.4&#8243; _module_preset=&#8221;default&#8221; background_color=&#8221;#383567&#8243; custom_margin=&#8221;||-172px|||&#8221; custom_padding=&#8221;||87px|||&#8221; saved_tabs=&#8221;all&#8221; global_colors_info=&#8221;{}&#8221;][et_pb_column type=&#8221;1_2&#8243; _builder_version=&#8221;4.16&#8243; custom_padding=&#8221;|||&#8221; global_colors_info=&#8221;{}&#8221; custom_padding__hover=&#8221;|||&#8221;][et_pb_text _builder_version=&#8221;4.17.4&#8243; _module_preset=&#8221;default&#8221; text_text_color=&#8221;#FFFFFF&#8221; text_font_size=&#8221;27px&#8221; link_option_url=&#8221;https:\/\/tordesillasdoctoral.umh.es\/proteccion-de-datos\/&#8221; global_colors_info=&#8221;{}&#8221;]<\/p>\n<p>Protec\u00e7\u00e3o de dados<\/p>\n<p>[\/et_pb_text][et_pb_social_media_follow _builder_version=&#8221;4.17.4&#8243; _module_preset=&#8221;default&#8221; global_colors_info=&#8221;{}&#8221;][et_pb_social_media_follow_network social_network=&#8221;facebook&#8221; url=&#8221;https:\/\/www.facebook.com\/GlobalUMH\/&#8221; _builder_version=&#8221;4.17.4&#8243; _module_preset=&#8221;default&#8221; background_color=&#8221;#3b5998&#8243; global_colors_info=&#8221;{}&#8221; follow_button=&#8221;off&#8221; url_new_window=&#8221;on&#8221;]facebook[\/et_pb_social_media_follow_network][et_pb_social_media_follow_network social_network=&#8221;twitter&#8221; url=&#8221;https:\/\/twitter.com\/GlobalUMH&#8221; _builder_version=&#8221;4.17.4&#8243; _module_preset=&#8221;default&#8221; background_color=&#8221;#00aced&#8221; global_colors_info=&#8221;{}&#8221; follow_button=&#8221;off&#8221; url_new_window=&#8221;on&#8221;]twitter[\/et_pb_social_media_follow_network][et_pb_social_media_follow_network social_network=&#8221;instagram&#8221; url=&#8221;https:\/\/www.instagram.com\/globalumh\/?hl=es&#8221; _builder_version=&#8221;4.17.4&#8243; _module_preset=&#8221;default&#8221; background_color=&#8221;#ea2c59&#8243; global_colors_info=&#8221;{}&#8221; follow_button=&#8221;off&#8221; url_new_window=&#8221;on&#8221;]instagram[\/et_pb_social_media_follow_network][\/et_pb_social_media_follow][\/et_pb_column][et_pb_column type=&#8221;1_2&#8243; specialty_columns=&#8221;2&#8243; _builder_version=&#8221;4.16&#8243; custom_padding=&#8221;|||&#8221; global_colors_info=&#8221;{}&#8221; custom_padding__hover=&#8221;|||&#8221;][et_pb_row_inner _builder_version=&#8221;4.17.4&#8243; _module_preset=&#8221;default&#8221; custom_margin=&#8221;-43px||||false|false&#8221; custom_padding=&#8221;||0px|||&#8221; global_colors_info=&#8221;{}&#8221;][et_pb_column_inner saved_specialty_column_type=&#8221;1_2&#8243; _builder_version=&#8221;4.17.4&#8243; _module_preset=&#8221;default&#8221; global_colors_info=&#8221;{}&#8221;][et_pb_text admin_label=&#8221;Title&#8221; _builder_version=&#8221;4.16&#8243; _module_preset=&#8221;default&#8221; text_font=&#8221;||||||||&#8221; header_font=&#8221;||||||||&#8221; header_2_font=&#8221;Montserrat|700|||||||&#8221; header_2_font_size=&#8221;40px&#8221; header_2_line_height=&#8221;1.3em&#8221; background_layout=&#8221;dark&#8221; module_alignment=&#8221;center&#8221; min_height=&#8221;43px&#8221; custom_margin=&#8221;20px|88px||||&#8221; custom_padding=&#8221;|0px||||&#8221; locked=&#8221;off&#8221; global_colors_info=&#8221;{}&#8221;]<\/p>\n<h2><span style=\"color: #ffffff\">Contacto e Inscri\u00e7\u00e3o<\/span><\/h2>\n<p>[\/et_pb_text][et_pb_text _builder_version=&#8221;4.17.4&#8243; _module_preset=&#8221;default&#8221; text_font=&#8221;||||||||&#8221; text_text_color=&#8221;rgba(255,255,255,0.7)&#8221; text_font_size=&#8221;18px&#8221; text_line_height=&#8221;1.8em&#8221; header_font=&#8221;||||||||&#8221; background_layout=&#8221;dark&#8221; width=&#8221;100%&#8221; min_height=&#8221;54.8px&#8221; custom_margin=&#8221;-24px||||false|false&#8221; global_colors_info=&#8221;{}&#8221;]<\/p>\n<p><span>Am caso de qualquer d\u00favida ou imprevisto, n\u00e3o hesite em contactar-nos.<\/span><\/p>\n<p>[\/et_pb_text][\/et_pb_column_inner][\/et_pb_row_inner][et_pb_row_inner column_structure=&#8221;1_3,1_3,1_3&#8243; _builder_version=&#8221;4.17.4&#8243; _module_preset=&#8221;default&#8221; global_colors_info=&#8221;{}&#8221;][et_pb_column_inner type=&#8221;1_3&#8243; saved_specialty_column_type=&#8221;1_2&#8243; _builder_version=&#8221;4.17.4&#8243; _module_preset=&#8221;default&#8221; global_colors_info=&#8221;{}&#8221;][et_pb_button button_url=&#8221;https:\/\/tordesillasdoctoral.umh.es\/contacto\/&#8221; button_text=&#8221;Contacte&#8221; button_alignment=&#8221;right&#8221; _builder_version=&#8221;4.17.4&#8243; _module_preset=&#8221;default&#8221; custom_button=&#8221;on&#8221; button_text_size=&#8221;20px&#8221; button_text_color=&#8221;#FFFFFF&#8221; button_bg_color=&#8221;#aa4635&#8243; button_border_width=&#8221;2px&#8221; global_colors_info=&#8221;{}&#8221;][\/et_pb_button][\/et_pb_column_inner][et_pb_column_inner type=&#8221;1_3&#8243; _builder_version=&#8221;4.17.4&#8243; _module_preset=&#8221;default&#8221; global_colors_info=&#8221;{}&#8221;][et_pb_button button_url=&#8221;https:\/\/tordesillasdoctoral.umh.es\/inscripcion\/&#8221; button_text=&#8221;Inscreva-se&#8221; _builder_version=&#8221;4.17.4&#8243; _module_preset=&#8221;default&#8221; custom_button=&#8221;on&#8221; button_text_color=&#8221;#ffffff&#8221; button_bg_color=&#8221;#c48d3d&#8221; global_colors_info=&#8221;{}&#8221;][\/et_pb_button][\/et_pb_column_inner][et_pb_column_inner type=&#8221;1_3&#8243; saved_specialty_column_type=&#8221;1_2&#8243; _builder_version=&#8221;4.17.4&#8243; _module_preset=&#8221;default&#8221; global_colors_info=&#8221;{}&#8221;][\/et_pb_column_inner][\/et_pb_row_inner][\/et_pb_column][\/et_pb_section]<\/p>\n","protected":false},"excerpt":{"rendered":"<p>Programa Domingo 6 novembroRecolha participantes.Percurso de visita a Elche e respetivo palmeiral em comboio tur\u00edstico. Dura\u00e7\u00e3o aproximada 45 minutosVisita pedestre ao centro de Elche (recomendamos cal\u00e7ado confort\u00e1vel). Inclui: Centro hist\u00f3rico, Parque Municipal, Bas\u00edlica de Santa Maria, Banhos \u00c1rabes. Dura\u00e7\u00e3o aproximada 90 minutosTempo livre.Rece\u00e7\u00e3o oficial Prefeitura de Elche. &nbsp;Coquetel de boas-vindas. &nbsp;Segunta-feira 7 de novembro sess\u00e3o [&hellip;]<\/p>\n","protected":false},"author":6508,"featured_media":0,"parent":0,"menu_order":0,"comment_status":"closed","ping_status":"closed","template":"","meta":{"_et_pb_use_builder":"on","_et_pb_old_content":"","_et_gb_content_width":"","_links_to":"","_links_to_target":""},"_links":{"self":[{"href":"https:\/\/tordesillasdoctoral.umh.es\/pt-pt\/wp-json\/wp\/v2\/pages\/4591"}],"collection":[{"href":"https:\/\/tordesillasdoctoral.umh.es\/pt-pt\/wp-json\/wp\/v2\/pages"}],"about":[{"href":"https:\/\/tordesillasdoctoral.umh.es\/pt-pt\/wp-json\/wp\/v2\/types\/page"}],"author":[{"embeddable":true,"href":"https:\/\/tordesillasdoctoral.umh.es\/pt-pt\/wp-json\/wp\/v2\/users\/6508"}],"replies":[{"embeddable":true,"href":"https:\/\/tordesillasdoctoral.umh.es\/pt-pt\/wp-json\/wp\/v2\/comments?post=4591"}],"version-history":[{"count":0,"href":"https:\/\/tordesillasdoctoral.umh.es\/pt-pt\/wp-json\/wp\/v2\/pages\/4591\/revisions"}],"wp:attachment":[{"href":"https:\/\/tordesillasdoctoral.umh.es\/pt-pt\/wp-json\/wp\/v2\/media?parent=4591"}],"curies":[{"name":"wp","href":"https:\/\/api.w.org\/{rel}","templated":true}]}}