{"id":4621,"date":"2022-10-28T10:37:55","date_gmt":"2022-10-28T08:37:55","guid":{"rendered":"https:\/\/tordesillasdoctoral.umh.es\/?page_id=4621"},"modified":"2022-11-02T10:37:07","modified_gmt":"2022-11-02T09:37:07","slug":"la-umh","status":"publish","type":"page","link":"https:\/\/tordesillasdoctoral.umh.es\/pt-pt\/la-umh\/","title":{"rendered":"A UMH"},"content":{"rendered":"<p>[et_pb_section fb_built=&#8221;1&#8243; custom_padding_last_edited=&#8221;off|desktop&#8221; admin_label=&#8221;Hero&#8221; _builder_version=&#8221;4.16&#8243; _module_preset=&#8221;default&#8221; use_background_color_gradient=&#8221;on&#8221; background_color_gradient_stops=&#8221;#ffffff 0%|#e7edf9 100%&#8221; background_color_gradient_start=&#8221;#ffffff&#8221; background_color_gradient_end=&#8221;#e7edf9&#8243; custom_margin=&#8221;|||&#8221; custom_padding=&#8221;100px||100px|&#8221; custom_padding_tablet=&#8221;130px||130px|&#8221; global_colors_info=&#8221;{}&#8221;][et_pb_row _builder_version=&#8221;4.16&#8243; _module_preset=&#8221;default&#8221; background_size=&#8221;initial&#8221; background_position=&#8221;top_left&#8221; background_repeat=&#8221;repeat&#8221; custom_margin=&#8221;|||&#8221; global_colors_info=&#8221;{}&#8221;][et_pb_column type=&#8221;4_4&#8243; _builder_version=&#8221;4.16&#8243; _module_preset=&#8221;default&#8221; custom_padding=&#8221;|||&#8221; global_colors_info=&#8221;{}&#8221; custom_padding__hover=&#8221;|||&#8221;][et_pb_text _builder_version=&#8221;4.17.4&#8243; _module_preset=&#8221;default&#8221; text_font=&#8221;||||||||&#8221; header_font=&#8221;Merriweather|700|||||||&#8221; header_font_size=&#8221;46px&#8221; header_line_height=&#8221;1.3em&#8221; text_orientation=&#8221;center&#8221; max_width=&#8221;700px&#8221; module_alignment=&#8221;center&#8221; custom_margin=&#8221;||0px|&#8221; animation_style=&#8221;flip&#8221; animation_direction=&#8221;top&#8221; global_colors_info=&#8221;{}&#8221;]<\/p>\n<h1><b>Descubra a UMH<\/b><\/h1>\n<p>[\/et_pb_text][et_pb_divider color=&#8221;#4646c4&#8243; divider_position=&#8221;center&#8221; divider_weight=&#8221;2px&#8221; _builder_version=&#8221;4.16&#8243; _module_preset=&#8221;default&#8221; max_width=&#8221;90px&#8221; max_width_tablet=&#8221;12%&#8221; max_width_last_edited=&#8221;off|desktop&#8221; module_alignment=&#8221;center&#8221; custom_margin=&#8221;|||&#8221; animation_style=&#8221;flip&#8221; animation_delay=&#8221;50ms&#8221; global_colors_info=&#8221;{}&#8221;][\/et_pb_divider][\/et_pb_column][\/et_pb_row][\/et_pb_section][et_pb_section fb_built=&#8221;1&#8243; admin_label=&#8221;Gallery&#8221; _builder_version=&#8221;4.16&#8243; _module_preset=&#8221;default&#8221; custom_padding=&#8221;100px||100px|&#8221; global_colors_info=&#8221;{}&#8221;][et_pb_row _builder_version=&#8221;4.17.4&#8243; _module_preset=&#8221;default&#8221; global_colors_info=&#8221;{}&#8221;][et_pb_column type=&#8221;4_4&#8243; _builder_version=&#8221;4.17.4&#8243; _module_preset=&#8221;default&#8221; global_colors_info=&#8221;{}&#8221;][et_pb_text _builder_version=&#8221;4.17.4&#8243; _module_preset=&#8221;default&#8221; text_text_color=&#8221;#383567&#8243; global_colors_info=&#8221;{}&#8221;]<\/p>\n<h2><strong>Sal\u00e3o de Atos do Edif\u00edcio do Reitorado e Conselho Social<\/strong><\/h2>\n<p>[\/et_pb_text][\/et_pb_column][\/et_pb_row][et_pb_row column_structure=&#8221;1_2,1_2&#8243; _builder_version=&#8221;4.17.4&#8243; _module_preset=&#8221;default&#8221; global_colors_info=&#8221;{}&#8221;][et_pb_column type=&#8221;1_2&#8243; _builder_version=&#8221;4.17.4&#8243; _module_preset=&#8221;default&#8221; global_colors_info=&#8221;{}&#8221;][et_pb_divider show_divider=&#8221;off&#8221; _builder_version=&#8221;4.17.4&#8243; _module_preset=&#8221;default&#8221; custom_padding=&#8221;||15px|||&#8221; global_colors_info=&#8221;{}&#8221;][\/et_pb_divider][et_pb_text _builder_version=&#8221;4.17.4&#8243; _module_preset=&#8221;default&#8221; global_colors_info=&#8221;{}&#8221;]<\/p>\n<p style=\"text-align: justify\"><span style=\"font-size: large\">O Sal\u00e3o de Atos do Edif\u00edcio do Reitorado e Conselho Social do Campus de Elche ir\u00e1 acolher o XXI Encontro de Reitores do Grupo Tordesilhas intitulado \u201cCi\u00eancia aberta: um passo para o conhecimento acess\u00edvel, global e democr\u00e1tico\u201d entre os dias 6 e 8 de novembro.<\/span><\/p>\n<p style=\"text-align: justify\"><span style=\"font-size: large\"><br \/>Este Sal\u00e3o \u00e9 um espa\u00e7o privilegiado dentro da UMH, onde habitualmente se celebram as cerim\u00f4nias de abertura e encerramentodo curso, assim como as de nomea\u00e7\u00e3o de Doutores Honoris Causa e diversas entregas de pr\u00eamios.<br \/><\/span><\/p>\n<p>[\/et_pb_text][\/et_pb_column][et_pb_column type=&#8221;1_2&#8243; _builder_version=&#8221;4.17.4&#8243; _module_preset=&#8221;default&#8221; global_colors_info=&#8221;{}&#8221;][et_pb_image src=&#8221;https:\/\/tordesillasdoctoral.umh.es\/files\/2022\/08\/5.jpg&#8221; alt=&#8221;Sal\u00f3n de actos del Edificio Rectorado y Consejo Social UMH&#8221; title_text=&#8221;Sal\u00f3n actos&#8221; _builder_version=&#8221;4.17.4&#8243; _module_preset=&#8221;default&#8221; global_colors_info=&#8221;{}&#8221;][\/et_pb_image][\/et_pb_column][\/et_pb_row][et_pb_row _builder_version=&#8221;4.17.4&#8243; _module_preset=&#8221;default&#8221; global_colors_info=&#8221;{}&#8221;][et_pb_column type=&#8221;4_4&#8243; _builder_version=&#8221;4.17.4&#8243; _module_preset=&#8221;default&#8221; global_colors_info=&#8221;{}&#8221;][et_pb_divider color=&#8221;#653880&#8243; divider_weight=&#8221;2px&#8221; _builder_version=&#8221;4.17.4&#8243; _module_preset=&#8221;default&#8221; width=&#8221;61%&#8221; max_width=&#8221;58%&#8221; module_alignment=&#8221;center&#8221; border_color_all=&#8221;#8300E9&#8243; global_colors_info=&#8221;{}&#8221;][\/et_pb_divider][\/et_pb_column][\/et_pb_row][et_pb_row _builder_version=&#8221;4.17.4&#8243; _module_preset=&#8221;default&#8221; background_color=&#8221;#efefef&#8221; global_colors_info=&#8221;{}&#8221;][et_pb_column type=&#8221;4_4&#8243; _builder_version=&#8221;4.17.4&#8243; _module_preset=&#8221;default&#8221; global_colors_info=&#8221;{}&#8221;][et_pb_video src=&#8221;http:\/\/youtu.be\/_q-7_9CszWo&#8221; _builder_version=&#8221;4.17.4&#8243; _module_preset=&#8221;default&#8221; width=&#8221;74%&#8221; module_alignment=&#8221;center&#8221; global_colors_info=&#8221;{}&#8221;][\/et_pb_video][\/et_pb_column][\/et_pb_row][et_pb_row _builder_version=&#8221;4.17.4&#8243; _module_preset=&#8221;default&#8221; global_colors_info=&#8221;{}&#8221;][et_pb_column type=&#8221;4_4&#8243; _builder_version=&#8221;4.17.4&#8243; _module_preset=&#8221;default&#8221; global_colors_info=&#8221;{}&#8221;][et_pb_divider show_divider=&#8221;off&#8221; _builder_version=&#8221;4.17.4&#8243; _module_preset=&#8221;default&#8221; global_colors_info=&#8221;{}&#8221;][\/et_pb_divider][\/et_pb_column][\/et_pb_row][et_pb_row column_structure=&#8221;1_2,1_2&#8243; _builder_version=&#8221;4.17.4&#8243; _module_preset=&#8221;default&#8221; global_colors_info=&#8221;{}&#8221;][et_pb_column type=&#8221;1_2&#8243; _builder_version=&#8221;4.17.4&#8243; _module_preset=&#8221;default&#8221; global_colors_info=&#8221;{}&#8221;][et_pb_text _builder_version=&#8221;4.17.4&#8243; _module_preset=&#8221;default&#8221; text_text_color=&#8221;#383567&#8243; min_height=&#8221;14px&#8221; custom_margin=&#8221;||-15px||false|false&#8221; global_colors_info=&#8221;{}&#8221;]<\/p>\n<h2 style=\"text-align: center\"><strong>A Universidade MH<\/strong><\/h2>\n<p>[\/et_pb_text][et_pb_slider dot_nav_custom_color=&#8221;#E09900&#8243; _builder_version=&#8221;4.17.4&#8243; _module_preset=&#8221;default&#8221; background_color=&#8221;RGBA(255,255,255,0)&#8221; min_height=&#8221;332.8px&#8221; custom_margin=&#8221;||-44px|||&#8221; custom_padding=&#8221;0px|||||&#8221; global_colors_info=&#8221;{}&#8221;][et_pb_slide image=&#8221;https:\/\/tordesillasdoctoral.umh.es\/files\/2022\/08\/Exterior-Rectorado.jpg&#8221; _builder_version=&#8221;4.17.4&#8243; _module_preset=&#8221;default&#8221; global_colors_info=&#8221;{}&#8221; sticky_transition=&#8221;on&#8221;][\/et_pb_slide][et_pb_slide image=&#8221;https:\/\/tordesillasdoctoral.umh.es\/files\/2022\/08\/Dama-de-Elche.jpg&#8221; _builder_version=&#8221;4.17.4&#8243; _module_preset=&#8221;default&#8221; global_colors_info=&#8221;{}&#8221; sticky_transition=&#8221;on&#8221;][\/et_pb_slide][et_pb_slide image=&#8221;https:\/\/tordesillasdoctoral.umh.es\/files\/2022\/08\/Exterior-Altabix.jpg&#8221; _builder_version=&#8221;4.17.4&#8243; _module_preset=&#8221;default&#8221; global_colors_info=&#8221;{}&#8221; sticky_transition=&#8221;on&#8221;][\/et_pb_slide][et_pb_slide image=&#8221;https:\/\/tordesillasdoctoral.umh.es\/files\/2022\/08\/Exterior-Arenals.jpg&#8221; _builder_version=&#8221;4.17.4&#8243; _module_preset=&#8221;default&#8221; global_colors_info=&#8221;{}&#8221; sticky_transition=&#8221;on&#8221;][\/et_pb_slide][et_pb_slide image=&#8221;https:\/\/tordesillasdoctoral.umh.es\/files\/2022\/08\/Estudio-radio-UMH.jpg&#8221; _builder_version=&#8221;4.17.4&#8243; _module_preset=&#8221;default&#8221; global_colors_info=&#8221;{}&#8221; sticky_transition=&#8221;on&#8221;][\/et_pb_slide][et_pb_slide image=&#8221;https:\/\/tordesillasdoctoral.umh.es\/files\/2022\/08\/Laboratorio.jpg&#8221; _builder_version=&#8221;4.17.4&#8243; _module_preset=&#8221;default&#8221; global_colors_info=&#8221;{}&#8221; sticky_transition=&#8221;on&#8221;][\/et_pb_slide][et_pb_slide image=&#8221;https:\/\/tordesillasdoctoral.umh.es\/files\/2022\/08\/Poscina.jpg&#8221; _builder_version=&#8221;4.17.4&#8243; _module_preset=&#8221;default&#8221; global_colors_info=&#8221;{}&#8221; sticky_transition=&#8221;on&#8221;][\/et_pb_slide][et_pb_slide image=&#8221;https:\/\/tordesillasdoctoral.umh.es\/files\/2022\/08\/Biblioteca-UMH.jpg&#8221; _builder_version=&#8221;4.17.4&#8243; _module_preset=&#8221;default&#8221; global_colors_info=&#8221;{}&#8221; sticky_transition=&#8221;on&#8221;][\/et_pb_slide][\/et_pb_slider][\/et_pb_column][et_pb_column type=&#8221;1_2&#8243; _builder_version=&#8221;4.17.4&#8243; _module_preset=&#8221;default&#8221; global_colors_info=&#8221;{}&#8221;][et_pb_text _builder_version=&#8221;4.17.4&#8243; _module_preset=&#8221;default&#8221; text_text_color=&#8221;#383567&#8243; min_height=&#8221;10px&#8221; custom_margin=&#8221;||-15px||false|false&#8221; global_colors_info=&#8221;{}&#8221;]<\/p>\n<h2 style=\"text-align: center\"><strong>Cultura e Turismo Elche<\/strong><\/h2>\n<p>[\/et_pb_text][et_pb_slider dot_nav_custom_color=&#8221;#E09900&#8243; _builder_version=&#8221;4.17.4&#8243; _module_preset=&#8221;default&#8221; header_text_color=&#8221;RGBA(255,255,255,0)&#8221; body_text_color=&#8221;RGBA(255,255,255,0)&#8221; background_color=&#8221;RGBA(255,255,255,0)&#8221; min_height=&#8221;219.8px&#8221; custom_padding=&#8221;0px|||||&#8221; global_colors_info=&#8221;{}&#8221;][et_pb_slide image=&#8221;https:\/\/tordesillasdoctoral.umh.es\/files\/2022\/08\/Parque-Municipal.jpg&#8221; _builder_version=&#8221;4.17.4&#8243; _module_preset=&#8221;default&#8221; global_colors_info=&#8221;{}&#8221; sticky_transition=&#8221;on&#8221;][\/et_pb_slide][et_pb_slide image=&#8221;https:\/\/tordesillasdoctoral.umh.es\/files\/2022\/08\/Centro-Elche.jpg&#8221; _builder_version=&#8221;4.17.4&#8243; _module_preset=&#8221;default&#8221; global_colors_info=&#8221;{}&#8221; heading__hover_enabled=&#8221;on|hover&#8221; sticky_transition=&#8221;on&#8221;][\/et_pb_slide][et_pb_slide image=&#8221;https:\/\/tordesillasdoctoral.umh.es\/files\/2022\/08\/Huert-del-Cura.jpg&#8221; _builder_version=&#8221;4.17.4&#8243; _module_preset=&#8221;default&#8221; global_colors_info=&#8221;{}&#8221; sticky_transition=&#8221;on&#8221;][\/et_pb_slide][et_pb_slide image=&#8221;https:\/\/tordesillasdoctoral.umh.es\/files\/2022\/08\/Museo.jpg&#8221; _builder_version=&#8221;4.17.4&#8243; _module_preset=&#8221;default&#8221; global_colors_info=&#8221;{}&#8221; sticky_transition=&#8221;on&#8221;][\/et_pb_slide][et_pb_slide image=&#8221;https:\/\/tordesillasdoctoral.umh.es\/files\/2022\/08\/Centro-Elche2.jpg&#8221; _builder_version=&#8221;4.17.4&#8243; _module_preset=&#8221;default&#8221; global_colors_info=&#8221;{}&#8221; sticky_transition=&#8221;on&#8221;][\/et_pb_slide][\/et_pb_slider][\/et_pb_column][\/et_pb_row][et_pb_row column_structure=&#8221;1_2,1_2&#8243; _builder_version=&#8221;4.17.4&#8243; _module_preset=&#8221;default&#8221; custom_margin=&#8221;-45px||||false|false&#8221; global_colors_info=&#8221;{}&#8221;][et_pb_column type=&#8221;1_2&#8243; _builder_version=&#8221;4.17.4&#8243; _module_preset=&#8221;default&#8221; global_colors_info=&#8221;{}&#8221;][et_pb_button button_url=&#8221;https:\/\/comunicacion.umh.es\/publicidad\/mapa-campus-umh\/&#8221; url_new_window=&#8221;on&#8221; button_text=&#8221;Descarregue mapas da UMH&#8221; button_alignment=&#8221;center&#8221; _builder_version=&#8221;4.17.4&#8243; _module_preset=&#8221;default&#8221; custom_button=&#8221;on&#8221; button_text_color=&#8221;#383567&#8243; button_icon=&#8221;&#xe05f;||divi||400&#8243; global_colors_info=&#8221;{}&#8221;][\/et_pb_button][\/et_pb_column][et_pb_column type=&#8221;1_2&#8243; _builder_version=&#8221;4.17.4&#8243; _module_preset=&#8221;default&#8221; global_colors_info=&#8221;{}&#8221;][et_pb_button button_url=&#8221;https:\/\/www.visitelche.com\/publicaciones\/&#8221; url_new_window=&#8221;on&#8221; button_text=&#8221;Descarregue mapas de Elche&#8221; button_alignment=&#8221;center&#8221; _builder_version=&#8221;4.17.4&#8243; _module_preset=&#8221;default&#8221; custom_button=&#8221;on&#8221; button_text_color=&#8221;#383567&#8243; button_icon=&#8221;&#xe05f;||divi||400&#8243; global_colors_info=&#8221;{}&#8221;][\/et_pb_button][\/et_pb_column][\/et_pb_row][\/et_pb_section][et_pb_section fb_built=&#8221;1&#8243; specialty=&#8221;on&#8221; _builder_version=&#8221;4.17.4&#8243; _module_preset=&#8221;default&#8221; background_color=&#8221;#383567&#8243; custom_margin=&#8221;||-172px|||&#8221; custom_padding=&#8221;||87px|||&#8221; saved_tabs=&#8221;all&#8221; global_colors_info=&#8221;{}&#8221; theme_builder_area=&#8221;post_content&#8221;][et_pb_column type=&#8221;1_2&#8243; _builder_version=&#8221;4.16&#8243; custom_padding=&#8221;|||&#8221; global_colors_info=&#8221;{}&#8221; custom_padding__hover=&#8221;|||&#8221; theme_builder_area=&#8221;post_content&#8221;][et_pb_text _builder_version=&#8221;4.17.4&#8243; _module_preset=&#8221;default&#8221; text_text_color=&#8221;#FFFFFF&#8221; text_font_size=&#8221;27px&#8221; link_option_url=&#8221;https:\/\/tordesillasdoctoral.umh.es\/proteccion-de-datos\/&#8221; global_colors_info=&#8221;{}&#8221; theme_builder_area=&#8221;post_content&#8221;]<\/p>\n<p>Protec\u00e7\u00e3o de dados<\/p>\n<p>[\/et_pb_text][et_pb_social_media_follow _builder_version=&#8221;4.17.4&#8243; _module_preset=&#8221;default&#8221; global_colors_info=&#8221;{}&#8221; theme_builder_area=&#8221;post_content&#8221;][et_pb_social_media_follow_network social_network=&#8221;facebook&#8221; url=&#8221;https:\/\/www.facebook.com\/GlobalUMH\/&#8221; _builder_version=&#8221;4.17.4&#8243; _module_preset=&#8221;default&#8221; background_color=&#8221;#3b5998&#8243; global_colors_info=&#8221;{}&#8221; theme_builder_area=&#8221;post_content&#8221; follow_button=&#8221;off&#8221; url_new_window=&#8221;on&#8221;]facebook[\/et_pb_social_media_follow_network][et_pb_social_media_follow_network social_network=&#8221;twitter&#8221; url=&#8221;https:\/\/twitter.com\/GlobalUMH&#8221; _builder_version=&#8221;4.17.4&#8243; _module_preset=&#8221;default&#8221; background_color=&#8221;#00aced&#8221; global_colors_info=&#8221;{}&#8221; theme_builder_area=&#8221;post_content&#8221; follow_button=&#8221;off&#8221; url_new_window=&#8221;on&#8221;]twitter[\/et_pb_social_media_follow_network][et_pb_social_media_follow_network social_network=&#8221;instagram&#8221; url=&#8221;https:\/\/www.instagram.com\/globalumh\/?hl=es&#8221; _builder_version=&#8221;4.17.4&#8243; _module_preset=&#8221;default&#8221; background_color=&#8221;#ea2c59&#8243; global_colors_info=&#8221;{}&#8221; theme_builder_area=&#8221;post_content&#8221; follow_button=&#8221;off&#8221; url_new_window=&#8221;on&#8221;]instagram[\/et_pb_social_media_follow_network][\/et_pb_social_media_follow][\/et_pb_column][et_pb_column type=&#8221;1_2&#8243; specialty_columns=&#8221;2&#8243; _builder_version=&#8221;4.16&#8243; custom_padding=&#8221;|||&#8221; global_colors_info=&#8221;{}&#8221; custom_padding__hover=&#8221;|||&#8221; theme_builder_area=&#8221;post_content&#8221;][et_pb_row_inner _builder_version=&#8221;4.17.4&#8243; _module_preset=&#8221;default&#8221; custom_margin=&#8221;-43px||||false|false&#8221; custom_padding=&#8221;||0px|||&#8221; global_colors_info=&#8221;{}&#8221; theme_builder_area=&#8221;post_content&#8221;][et_pb_column_inner saved_specialty_column_type=&#8221;1_2&#8243; _builder_version=&#8221;4.17.4&#8243; _module_preset=&#8221;default&#8221; global_colors_info=&#8221;{}&#8221; theme_builder_area=&#8221;post_content&#8221;][et_pb_text admin_label=&#8221;Title&#8221; _builder_version=&#8221;4.16&#8243; _module_preset=&#8221;default&#8221; text_font=&#8221;||||||||&#8221; header_font=&#8221;||||||||&#8221; header_2_font=&#8221;Montserrat|700|||||||&#8221; header_2_font_size=&#8221;40px&#8221; header_2_line_height=&#8221;1.3em&#8221; background_layout=&#8221;dark&#8221; module_alignment=&#8221;center&#8221; min_height=&#8221;43px&#8221; custom_margin=&#8221;20px|88px||||&#8221; custom_padding=&#8221;|0px||||&#8221; locked=&#8221;off&#8221; global_colors_info=&#8221;{}&#8221; theme_builder_area=&#8221;post_content&#8221;]<\/p>\n<h2><span style=\"color: #ffffff\">Contacto e Inscri\u00e7\u00e3o<\/span><\/h2>\n<p>[\/et_pb_text][et_pb_text _builder_version=&#8221;4.17.4&#8243; _module_preset=&#8221;default&#8221; text_font=&#8221;||||||||&#8221; text_text_color=&#8221;rgba(255,255,255,0.7)&#8221; text_font_size=&#8221;18px&#8221; text_line_height=&#8221;1.8em&#8221; header_font=&#8221;||||||||&#8221; background_layout=&#8221;dark&#8221; width=&#8221;100%&#8221; min_height=&#8221;54.8px&#8221; custom_margin=&#8221;-24px||||false|false&#8221; global_colors_info=&#8221;{}&#8221; theme_builder_area=&#8221;post_content&#8221;]<\/p>\n<p><span>Am caso de qualquer d\u00favida ou imprevisto, n\u00e3o hesite em contactar-nos.<\/span><\/p>\n<p>[\/et_pb_text][\/et_pb_column_inner][\/et_pb_row_inner][et_pb_row_inner column_structure=&#8221;1_3,1_3,1_3&#8243; _builder_version=&#8221;4.17.4&#8243; _module_preset=&#8221;default&#8221; global_colors_info=&#8221;{}&#8221; theme_builder_area=&#8221;post_content&#8221;][et_pb_column_inner type=&#8221;1_3&#8243; saved_specialty_column_type=&#8221;1_2&#8243; _builder_version=&#8221;4.17.4&#8243; _module_preset=&#8221;default&#8221; global_colors_info=&#8221;{}&#8221; theme_builder_area=&#8221;post_content&#8221;][et_pb_button button_url=&#8221;https:\/\/tordesillasdoctoral.umh.es\/contacto\/&#8221; button_text=&#8221;Contacte&#8221; button_alignment=&#8221;right&#8221; _builder_version=&#8221;4.17.4&#8243; _module_preset=&#8221;default&#8221; custom_button=&#8221;on&#8221; button_text_size=&#8221;20px&#8221; button_text_color=&#8221;#FFFFFF&#8221; button_bg_color=&#8221;#aa4635&#8243; button_border_width=&#8221;2px&#8221; global_colors_info=&#8221;{}&#8221; theme_builder_area=&#8221;post_content&#8221;][\/et_pb_button][\/et_pb_column_inner][et_pb_column_inner type=&#8221;1_3&#8243; _builder_version=&#8221;4.17.4&#8243; _module_preset=&#8221;default&#8221; global_colors_info=&#8221;{}&#8221; theme_builder_area=&#8221;post_content&#8221;][et_pb_button button_url=&#8221;https:\/\/tordesillasdoctoral.umh.es\/inscripcion\/&#8221; button_text=&#8221;Inscreva-se&#8221; _builder_version=&#8221;4.17.4&#8243; _module_preset=&#8221;default&#8221; custom_button=&#8221;on&#8221; button_text_color=&#8221;#ffffff&#8221; button_bg_color=&#8221;#c48d3d&#8221; global_colors_info=&#8221;{}&#8221; theme_builder_area=&#8221;post_content&#8221;][\/et_pb_button][\/et_pb_column_inner][et_pb_column_inner type=&#8221;1_3&#8243; saved_specialty_column_type=&#8221;1_2&#8243; _builder_version=&#8221;4.17.4&#8243; _module_preset=&#8221;default&#8221; global_colors_info=&#8221;{}&#8221; theme_builder_area=&#8221;post_content&#8221;][\/et_pb_column_inner][\/et_pb_row_inner][\/et_pb_column][\/et_pb_section]<\/p>\n","protected":false},"excerpt":{"rendered":"<p>Descubra a UMHSal\u00e3o de Atos do Edif\u00edcio do Reitorado e Conselho SocialO Sal\u00e3o de Atos do Edif\u00edcio do Reitorado e Conselho Social do Campus de Elche ir\u00e1 acolher o XXI Encontro de Reitores do Grupo Tordesilhas intitulado \u201cCi\u00eancia aberta: um passo para o conhecimento acess\u00edvel, global e democr\u00e1tico\u201d entre os dias 6 e 8 de [&hellip;]<\/p>\n","protected":false},"author":6508,"featured_media":0,"parent":0,"menu_order":0,"comment_status":"closed","ping_status":"closed","template":"","meta":{"_et_pb_use_builder":"on","_et_pb_old_content":"<p>[et_pb_section fb_built=\"1\" custom_padding_last_edited=\"off|desktop\" admin_label=\"Hero\" _builder_version=\"4.16\" _module_preset=\"default\" use_background_color_gradient=\"on\" background_color_gradient_stops=\"#ffffff 0%|#e7edf9 100%\" background_color_gradient_start=\"#ffffff\" background_color_gradient_end=\"#e7edf9\" custom_margin=\"|||\" custom_padding=\"100px||100px|\" custom_padding_tablet=\"130px||130px|\" global_colors_info=\"{}\"][et_pb_row _builder_version=\"4.16\" _module_preset=\"default\" background_size=\"initial\" background_position=\"top_left\" background_repeat=\"repeat\" custom_margin=\"|||\" global_colors_info=\"{}\"][et_pb_column type=\"4_4\" _builder_version=\"4.16\" _module_preset=\"default\" custom_padding=\"|||\" global_colors_info=\"{}\" custom_padding__hover=\"|||\"][et_pb_text _builder_version=\"4.16\" _module_preset=\"default\" text_font=\"||||||||\" header_font=\"Merriweather|700|||||||\" header_font_size=\"46px\" header_line_height=\"1.3em\" text_orientation=\"center\" max_width=\"700px\" module_alignment=\"center\" custom_margin=\"||0px|\" animation_style=\"flip\" animation_direction=\"top\" global_colors_info=\"{}\"]<\/p><h1>Descubre la UMH<\/h1><p>[\/et_pb_text][et_pb_divider color=\"#4646c4\" divider_position=\"center\" divider_weight=\"2px\" _builder_version=\"4.16\" _module_preset=\"default\" max_width=\"90px\" max_width_tablet=\"12%\" max_width_last_edited=\"off|desktop\" module_alignment=\"center\" custom_margin=\"|||\" animation_style=\"flip\" animation_delay=\"50ms\" global_colors_info=\"{}\"][\/et_pb_divider][\/et_pb_column][\/et_pb_row][\/et_pb_section][et_pb_section fb_built=\"1\" admin_label=\"Gallery\" _builder_version=\"4.16\" _module_preset=\"default\" custom_padding=\"100px||100px|\" global_colors_info=\"{}\"][et_pb_row _builder_version=\"4.17.4\" _module_preset=\"default\" global_colors_info=\"{}\"][et_pb_column type=\"4_4\" _builder_version=\"4.17.4\" _module_preset=\"default\" global_colors_info=\"{}\"][et_pb_text _builder_version=\"4.17.4\" _module_preset=\"default\" text_text_color=\"#383567\" global_colors_info=\"{}\"]<\/p><h2><strong>Sal\u00f3n de Actos del Edificio Rectorado y Consejo Social<\/strong><\/h2><p>[\/et_pb_text][\/et_pb_column][\/et_pb_row][et_pb_row column_structure=\"1_2,1_2\" _builder_version=\"4.17.4\" _module_preset=\"default\" global_colors_info=\"{}\"][et_pb_column type=\"1_2\" _builder_version=\"4.17.4\" _module_preset=\"default\" global_colors_info=\"{}\"][et_pb_divider show_divider=\"off\" _builder_version=\"4.17.4\" _module_preset=\"default\" custom_padding=\"||15px|||\" global_colors_info=\"{}\"][\/et_pb_divider][et_pb_text _builder_version=\"4.17.4\" _module_preset=\"default\" global_colors_info=\"{}\"]<\/p><p style=\"text-align: justify;\"><span style=\"font-size: large;\">El Sal\u00f3n de Actos del Edificio Rectorado y Consejo Social del Campus de Elche ser\u00e1 el encargado de acoger del 6 al 8 de noviembre el XXI Encuentro de Rectores del Grupo Tordesillas titulado 'Ciencia abierta: un paso hacia el conocimiento accesible, global y democr\u00e1tico'.<\/span><\/p><p style=\"text-align: justify;\"><span style=\"font-size: large;\">Este Sal\u00f3n es un espacio privilegiado dentro de la UMH y en \u00e9l se celebran habitualmente las ceremonias de apertura y clausura del curso, las de nombramiento de Doctores Honoris Causa y diversas entregas de premios.<\/span><\/p><p>[\/et_pb_text][\/et_pb_column][et_pb_column type=\"1_2\" _builder_version=\"4.17.4\" _module_preset=\"default\" global_colors_info=\"{}\"][et_pb_image src=\"https:\/\/tordesillasdoctoral.umh.es\/files\/2022\/08\/5.jpg\" alt=\"Sal\u00f3n de actos del Edificio Rectorado y Consejo Social UMH\" title_text=\"Sal\u00f3n actos\" _builder_version=\"4.17.4\" _module_preset=\"default\" global_colors_info=\"{}\"][\/et_pb_image][\/et_pb_column][\/et_pb_row][et_pb_row _builder_version=\"4.17.4\" _module_preset=\"default\" global_colors_info=\"{}\"][et_pb_column type=\"4_4\" _builder_version=\"4.17.4\" _module_preset=\"default\" global_colors_info=\"{}\"][et_pb_divider color=\"#653880\" divider_weight=\"2px\" _builder_version=\"4.17.4\" _module_preset=\"default\" width=\"61%\" max_width=\"58%\" module_alignment=\"center\" border_color_all=\"#8300E9\" global_colors_info=\"{}\"][\/et_pb_divider][\/et_pb_column][\/et_pb_row][et_pb_row _builder_version=\"4.17.4\" _module_preset=\"default\" background_color=\"#efefef\" global_colors_info=\"{}\"][et_pb_column type=\"4_4\" _builder_version=\"4.17.4\" _module_preset=\"default\" global_colors_info=\"{}\"][et_pb_video src=\"http:\/\/youtu.be\/_q-7_9CszWo\" _builder_version=\"4.17.4\" _module_preset=\"default\" width=\"74%\" module_alignment=\"center\" global_colors_info=\"{}\"][\/et_pb_video][\/et_pb_column][\/et_pb_row][et_pb_row _builder_version=\"4.17.4\" _module_preset=\"default\" global_colors_info=\"{}\"][et_pb_column type=\"4_4\" _builder_version=\"4.17.4\" _module_preset=\"default\" global_colors_info=\"{}\"][et_pb_divider show_divider=\"off\" _builder_version=\"4.17.4\" _module_preset=\"default\" global_colors_info=\"{}\"][\/et_pb_divider][\/et_pb_column][\/et_pb_row][et_pb_row column_structure=\"1_2,1_2\" _builder_version=\"4.17.4\" _module_preset=\"default\" global_colors_info=\"{}\"][et_pb_column type=\"1_2\" _builder_version=\"4.17.4\" _module_preset=\"default\" global_colors_info=\"{}\"][et_pb_text _builder_version=\"4.17.4\" _module_preset=\"default\" text_text_color=\"#383567\" min_height=\"14px\" custom_margin=\"||-15px||false|false\" global_colors_info=\"{}\"]<\/p><h2 style=\"text-align: center;\"><strong>La Universidad MH<\/strong><\/h2><p>[\/et_pb_text][et_pb_slider dot_nav_custom_color=\"#E09900\" _builder_version=\"4.17.4\" _module_preset=\"default\" background_color=\"RGBA(255,255,255,0)\" min_height=\"332.8px\" custom_margin=\"||-44px|||\" custom_padding=\"0px|||||\" global_colors_info=\"{}\"][et_pb_slide image=\"https:\/\/tordesillasdoctoral.umh.es\/files\/2022\/08\/Exterior-Rectorado.jpg\" _builder_version=\"4.17.4\" _module_preset=\"default\" global_colors_info=\"{}\" sticky_transition=\"on\"][\/et_pb_slide][et_pb_slide image=\"https:\/\/tordesillasdoctoral.umh.es\/files\/2022\/08\/Dama-de-Elche.jpg\" _builder_version=\"4.17.4\" _module_preset=\"default\" global_colors_info=\"{}\" sticky_transition=\"on\"][\/et_pb_slide][et_pb_slide image=\"https:\/\/tordesillasdoctoral.umh.es\/files\/2022\/08\/Exterior-Altabix.jpg\" _builder_version=\"4.17.4\" _module_preset=\"default\" global_colors_info=\"{}\" sticky_transition=\"on\"][\/et_pb_slide][et_pb_slide image=\"https:\/\/tordesillasdoctoral.umh.es\/files\/2022\/08\/Exterior-Arenals.jpg\" _builder_version=\"4.17.4\" _module_preset=\"default\" global_colors_info=\"{}\" sticky_transition=\"on\"][\/et_pb_slide][et_pb_slide image=\"https:\/\/tordesillasdoctoral.umh.es\/files\/2022\/08\/Estudio-radio-UMH.jpg\" _builder_version=\"4.17.4\" _module_preset=\"default\" global_colors_info=\"{}\" sticky_transition=\"on\"][\/et_pb_slide][et_pb_slide image=\"https:\/\/tordesillasdoctoral.umh.es\/files\/2022\/08\/Laboratorio.jpg\" _builder_version=\"4.17.4\" _module_preset=\"default\" global_colors_info=\"{}\" sticky_transition=\"on\"][\/et_pb_slide][et_pb_slide image=\"https:\/\/tordesillasdoctoral.umh.es\/files\/2022\/08\/Poscina.jpg\" _builder_version=\"4.17.4\" _module_preset=\"default\" global_colors_info=\"{}\" sticky_transition=\"on\"][\/et_pb_slide][et_pb_slide image=\"https:\/\/tordesillasdoctoral.umh.es\/files\/2022\/08\/Biblioteca-UMH.jpg\" _builder_version=\"4.17.4\" _module_preset=\"default\" global_colors_info=\"{}\" sticky_transition=\"on\"][\/et_pb_slide][\/et_pb_slider][\/et_pb_column][et_pb_column type=\"1_2\" _builder_version=\"4.17.4\" _module_preset=\"default\" global_colors_info=\"{}\"][et_pb_text _builder_version=\"4.17.4\" _module_preset=\"default\" text_text_color=\"#383567\" min_height=\"10px\" custom_margin=\"||-15px||false|false\" global_colors_info=\"{}\"]<\/p><h2 style=\"text-align: center;\"><strong>Cultura y Turismo Elche<\/strong><\/h2><p>[\/et_pb_text][et_pb_slider dot_nav_custom_color=\"#E09900\" _builder_version=\"4.17.4\" _module_preset=\"default\" header_text_color=\"RGBA(255,255,255,0)\" body_text_color=\"RGBA(255,255,255,0)\" background_color=\"RGBA(255,255,255,0)\" min_height=\"219.8px\" custom_padding=\"0px|||||\" global_colors_info=\"{}\"][et_pb_slide image=\"https:\/\/tordesillasdoctoral.umh.es\/files\/2022\/08\/Parque-Municipal.jpg\" _builder_version=\"4.17.4\" _module_preset=\"default\" global_colors_info=\"{}\" sticky_transition=\"on\"][\/et_pb_slide][et_pb_slide image=\"https:\/\/tordesillasdoctoral.umh.es\/files\/2022\/08\/Centro-Elche.jpg\" _builder_version=\"4.17.4\" _module_preset=\"default\" global_colors_info=\"{}\" heading__hover_enabled=\"on|hover\" sticky_transition=\"on\"][\/et_pb_slide][et_pb_slide image=\"https:\/\/tordesillasdoctoral.umh.es\/files\/2022\/08\/Huert-del-Cura.jpg\" _builder_version=\"4.17.4\" _module_preset=\"default\" global_colors_info=\"{}\" sticky_transition=\"on\"][\/et_pb_slide][et_pb_slide image=\"https:\/\/tordesillasdoctoral.umh.es\/files\/2022\/08\/Museo.jpg\" _builder_version=\"4.17.4\" _module_preset=\"default\" global_colors_info=\"{}\" sticky_transition=\"on\"][\/et_pb_slide][et_pb_slide image=\"https:\/\/tordesillasdoctoral.umh.es\/files\/2022\/08\/Centro-Elche2.jpg\" _builder_version=\"4.17.4\" _module_preset=\"default\" global_colors_info=\"{}\" sticky_transition=\"on\"][\/et_pb_slide][\/et_pb_slider][\/et_pb_column][\/et_pb_row][et_pb_row column_structure=\"1_2,1_2\" _builder_version=\"4.17.4\" _module_preset=\"default\" custom_margin=\"-45px||||false|false\" global_colors_info=\"{}\"][et_pb_column type=\"1_2\" _builder_version=\"4.17.4\" _module_preset=\"default\" global_colors_info=\"{}\"][et_pb_button button_url=\"https:\/\/comunicacion.umh.es\/publicidad\/mapa-campus-umh\/\" url_new_window=\"on\" button_text=\"Descarga mapas de la UMH\" button_alignment=\"center\" _builder_version=\"4.17.4\" _module_preset=\"default\" custom_button=\"on\" button_text_color=\"#383567\" button_icon=\"\ue05f||divi||400\" global_colors_info=\"{}\"][\/et_pb_button][\/et_pb_column][et_pb_column type=\"1_2\" _builder_version=\"4.17.4\" _module_preset=\"default\" global_colors_info=\"{}\"][et_pb_button button_url=\"https:\/\/www.visitelche.com\/publicaciones\/\" url_new_window=\"on\" button_text=\"Descarga mapas de Elche\" button_alignment=\"center\" _builder_version=\"4.17.4\" _module_preset=\"default\" custom_button=\"on\" button_text_color=\"#383567\" button_icon=\"\ue05f||divi||400\" global_colors_info=\"{}\"][\/et_pb_button][\/et_pb_column][\/et_pb_row][\/et_pb_section][et_pb_section fb_built=\"1\" specialty=\"on\" _builder_version=\"4.17.4\" _module_preset=\"default\" background_color=\"#383567\" custom_margin=\"||-172px|||\" custom_padding=\"||87px|||\" global_module=\"3580\" saved_tabs=\"all\" global_colors_info=\"{}\"][et_pb_column type=\"1_2\" _builder_version=\"4.16\" custom_padding=\"|||\" global_colors_info=\"{}\" custom_padding__hover=\"|||\"][et_pb_divider show_divider=\"off\" _builder_version=\"4.17.4\" _module_preset=\"default\" min_height=\"118px\" global_colors_info=\"{}\"][\/et_pb_divider][et_pb_social_media_follow use_icon_font_size=\"on\" icon_font_size=\"29px\" _builder_version=\"4.17.4\" _module_preset=\"default\" text_orientation=\"right\" width=\"59.9%\" custom_margin=\"-51px||-81px|-216px|false|false\" custom_padding=\"|||0px||\" global_colors_info=\"{}\"][et_pb_social_media_follow_network social_network=\"facebook\" url=\"https:\/\/www.facebook.com\/GlobalUMH\" _builder_version=\"4.17.4\" _module_preset=\"default\" background_color=\"#3b5998\" global_colors_info=\"{}\" follow_button=\"off\" url_new_window=\"on\"]facebook[\/et_pb_social_media_follow_network][et_pb_social_media_follow_network social_network=\"twitter\" url=\"https:\/\/twitter.com\/GlobalUMH\" _builder_version=\"4.17.4\" _module_preset=\"default\" background_color=\"#00aced\" global_colors_info=\"{}\" follow_button=\"off\" url_new_window=\"on\"]twitter[\/et_pb_social_media_follow_network][et_pb_social_media_follow_network social_network=\"instagram\" url=\"https:\/\/www.instagram.com\/global_umh\/\" _builder_version=\"4.17.4\" _module_preset=\"default\" background_color=\"#ea2c59\" global_colors_info=\"{}\" follow_button=\"off\" url_new_window=\"on\"]instagram[\/et_pb_social_media_follow_network][\/et_pb_social_media_follow][\/et_pb_column][et_pb_column type=\"1_2\" specialty_columns=\"2\" _builder_version=\"4.16\" custom_padding=\"|||\" global_colors_info=\"{}\" custom_padding__hover=\"|||\"][et_pb_row_inner _builder_version=\"4.17.4\" _module_preset=\"default\" custom_margin=\"-43px||||false|false\" custom_padding=\"||0px|||\" global_colors_info=\"{}\"][et_pb_column_inner saved_specialty_column_type=\"1_2\" _builder_version=\"4.17.4\" _module_preset=\"default\" global_colors_info=\"{}\"][et_pb_text admin_label=\"Title\" _builder_version=\"4.16\" _module_preset=\"default\" text_font=\"||||||||\" header_font=\"||||||||\" header_2_font=\"Montserrat|700|||||||\" header_2_font_size=\"40px\" header_2_line_height=\"1.3em\" background_layout=\"dark\" module_alignment=\"center\" min_height=\"43px\" custom_margin=\"20px|88px||||\" custom_padding=\"|0px||||\" locked=\"off\" global_colors_info=\"{}\"]<\/p><h2><span style=\"color: #ffffff;\">Contacto e Inscripci\u00f3n<\/span><\/h2><p>[\/et_pb_text][et_pb_text _builder_version=\"4.17.4\" _module_preset=\"default\" text_font=\"||||||||\" text_text_color=\"rgba(255,255,255,0.7)\" text_font_size=\"18px\" text_line_height=\"1.8em\" header_font=\"||||||||\" background_layout=\"dark\" width=\"100%\" min_height=\"54.8px\" custom_margin=\"-24px||||false|false\" global_colors_info=\"{}\"]<\/p><p>Ante cualquier duda e imprevisto, no dude en ponerse en contacto con nosotros.<\/p><p>[\/et_pb_text][\/et_pb_column_inner][\/et_pb_row_inner][et_pb_row_inner column_structure=\"1_3,1_3,1_3\" _builder_version=\"4.17.4\" _module_preset=\"default\" global_colors_info=\"{}\"][et_pb_column_inner type=\"1_3\" saved_specialty_column_type=\"1_2\" _builder_version=\"4.17.4\" _module_preset=\"default\" global_colors_info=\"{}\"][et_pb_button button_url=\"mailto:%20protocolo@umh.es\" button_text=\"Contacte\" button_alignment=\"right\" _builder_version=\"4.17.4\" _module_preset=\"default\" custom_button=\"on\" button_text_size=\"20px\" button_text_color=\"#FFFFFF\" button_bg_color=\"#aa4635\" button_border_width=\"2px\" global_colors_info=\"{}\"][\/et_pb_button][\/et_pb_column_inner][et_pb_column_inner type=\"1_3\" _builder_version=\"4.17.4\" _module_preset=\"default\" global_colors_info=\"{}\"][et_pb_button button_url=\"https:\/\/tordesillasdoctoral.umh.es\/inscripcion\/\" button_text=\"Inscr\u00edbase\" _builder_version=\"4.17.4\" _module_preset=\"default\" custom_button=\"on\" button_text_color=\"#ffffff\" button_bg_color=\"#c48d3d\" global_colors_info=\"{}\"][\/et_pb_button][\/et_pb_column_inner][et_pb_column_inner type=\"1_3\" saved_specialty_column_type=\"1_2\" _builder_version=\"4.17.4\" _module_preset=\"default\" global_colors_info=\"{}\"][\/et_pb_column_inner][\/et_pb_row_inner][\/et_pb_column][\/et_pb_section]<\/p>","_et_gb_content_width":"","_links_to":"","_links_to_target":""},"_links":{"self":[{"href":"https:\/\/tordesillasdoctoral.umh.es\/pt-pt\/wp-json\/wp\/v2\/pages\/4621"}],"collection":[{"href":"https:\/\/tordesillasdoctoral.umh.es\/pt-pt\/wp-json\/wp\/v2\/pages"}],"about":[{"href":"https:\/\/tordesillasdoctoral.umh.es\/pt-pt\/wp-json\/wp\/v2\/types\/page"}],"author":[{"embeddable":true,"href":"https:\/\/tordesillasdoctoral.umh.es\/pt-pt\/wp-json\/wp\/v2\/users\/6508"}],"replies":[{"embeddable":true,"href":"https:\/\/tordesillasdoctoral.umh.es\/pt-pt\/wp-json\/wp\/v2\/comments?post=4621"}],"version-history":[{"count":0,"href":"https:\/\/tordesillasdoctoral.umh.es\/pt-pt\/wp-json\/wp\/v2\/pages\/4621\/revisions"}],"wp:attachment":[{"href":"https:\/\/tordesillasdoctoral.umh.es\/pt-pt\/wp-json\/wp\/v2\/media?parent=4621"}],"curies":[{"name":"wp","href":"https:\/\/api.w.org\/{rel}","templated":true}]}}